{"id":6162,"date":"2022-10-17T13:40:44","date_gmt":"2022-10-17T11:40:44","guid":{"rendered":"https:\/\/dev.tierschutz.com\/?post_type=exhibit&#038;p=6162"},"modified":"2023-10-10T07:25:21","modified_gmt":"2023-10-10T05:25:21","slug":"olma-st-gall","status":"publish","type":"exhibit","link":"https:\/\/tierschutz.com\/fr\/exhibit\/olma-st-gall\/","title":{"rendered":"OLMA St. Gall"},"content":{"rendered":"\n<div class=\"wp-block-cover alignfull is-light\"><span aria-hidden=\"true\" class=\"wp-block-cover__background has-black-background-color has-background-dim-20 has-background-dim\"><\/span><img loading=\"lazy\" decoding=\"async\" width=\"450\" height=\"626\" class=\"wp-block-cover__image-background wp-image-2786\" alt=\"Ein Olma Plakat das Pink Orange ist vom Oktober 2022\" src=\"https:\/\/tierschutz.com\/app\/uploads\/2023\/06\/STS-Olma-St.-Gallen.jpg\" data-object-fit=\"cover\" srcset=\"https:\/\/tierschutz.com\/app\/uploads\/2023\/06\/STS-Olma-St.-Gallen.jpg 450w, https:\/\/tierschutz.com\/app\/uploads\/2023\/06\/STS-Olma-St.-Gallen-216x300.jpg 216w\" sizes=\"auto, (max-width: 450px) 100vw, 450px\" \/><div class=\"wp-block-cover__inner-container is-layout-flow wp-block-cover-is-layout-flow\">\n<h2 class=\"wp-block-heading has-text-align-center has-background-color has-text-color\"><strong>OLMA St. Gall<\/strong><\/h2>\n<\/div><\/div>\n\n\n\n<div class=\"wp-block-group alignfull has-background-background-color has-background is-layout-constrained wp-block-group-is-layout-constrained\">\n<h1 class=\"wp-block-heading has-text-align-left\"><strong>OLMA St. Gall<\/strong><\/h1>\n\n\n\n<hr class=\"wp-block-separator has-text-color has-primary-color has-alpha-channel-opacity has-primary-background-color has-background\"\/>\n\n\n\n<div class=\"wp-block-group is-content-justification-left is-layout-constrained wp-container-core-group-is-layout-0237ec3c wp-block-group-is-layout-constrained\">\n<p><mark style=\"background-color:rgba(0, 0, 0, 0)\" class=\"has-inline-color has-secondary-color\"><strong>Du 13 au 23 octobre 2022, visit\u00e9 le 17 octobre 2022<\/strong><\/mark><\/p>\n\n\n\n<p>L\u2019OLMA est la foire grand public la plus importante et la plus fr\u00e9quent\u00e9e de Suisse orientale. Des centaines de milliers de visiteurs affluent de toutes les r\u00e9gions du pays pour visiter en automne cette foire \u00e0 caract\u00e8re agricole et traditionnel. Pour la protection des animaux, cela signifie que de nombreux visiteurs peuvent prendre exemple des modes de d\u00e9tention de qualit\u00e9 et respectueux des animaux et ramener chez eux des id\u00e9es concernant une d\u00e9tention adapt\u00e9e aux besoins de l\u2019esp\u00e8ce en question. Mais \u00e0 l\u2019inverse, cela veut aussi dire que les exemples de d\u00e9tention insuffisante et\/ou contraignante pourraient \u00e9galement se retrouver dans les d\u00e9tentions que le public r\u00e9serve \u00e0 ses animaux, ce qui doit absolument \u00eatre \u00e9vit\u00e9 du point de vue de la protection des animaux. L\u2019organisation de l\u2019Olma se montre \u00e0 bien des \u00e9gards ouverte aux critiques formul\u00e9es par la protection des animaux et \u00e0 la mise en oeuvre d\u2019am\u00e9liorations pour le bien-\u00eatre des animaux. Ainsi, cette ann\u00e9e encore, des am\u00e9liorations ont \u00e9t\u00e9 apport\u00e9es \u00e0 des conditions de d\u00e9tention, et certaines \u2013 tr\u00e8s exemplaires \u2013 ont \u00e9t\u00e9 pr\u00e9sent\u00e9es, comme par exemple la d\u00e9tention en groupe des moutons en plein air et celle des vaches m\u00e8res Angus avec leurs veaux et leurs petits. Les enclos pour les lapins et les ch\u00e8vres dans la halle des petits animaux \u00e9taient \u00e9galement am\u00e9nag\u00e9s de mani\u00e8re exemplaire et offraient aux animaux suffisamment de moyens de se retirer, de protection visuelle et d\u2019occupation. A \u00e9t\u00e9 jug\u00e9 tr\u00e8s positif aussi le fait que des animaux pouvaient manger ou s\u2019occuper sans \u00eatre touch\u00e9s par les visiteurs, ou disposaient de beaucoup d\u2019espace et que leurs enclos \u00e9taient structur\u00e9s et am\u00e9nag\u00e9s de mani\u00e8re vari\u00e9e.<\/p>\n\n\n\n<p>Mais il y a aussi des points critiques qui ne se sont gu\u00e8re traduits \u2013 ou seulement de mani\u00e8re d\u00e9risoire \u2013 par des am\u00e9liorations r\u00e9elles par rapport \u00e0 nos derni\u00e8res visites. Par exemple, le fait de sortir les porcelets pour amuser le public ou le transport et la mise en stabulation de vaches en \u00e9tat de gestation avanc\u00e9e pour qu\u2019elles donnent ensuite naissance \u00e0 un veau OLMA. Ou encore les attaches trop courtes des vaches laiti\u00e8res et la d\u00e9tention expos\u00e9e du taureau fortement s\u00e9curis\u00e9, qui n\u2019a gu\u00e8re de possibilit\u00e9s de mouvement et d\u2019\u00e9vitement en raison de l\u2019attache beaucoup trop courte. De m\u00eame, la d\u00e9tention des cochons de course donne encore lieu \u00e0 des critiques: il y a toujours trop d\u2019animaux assembl\u00e9s dans trop peu d\u2019espace. En g\u00e9n\u00e9ral, il n\u2019y a pas ou peu de possibilit\u00e9s fonctionnelles de se retirer et de se prot\u00e9ger des regards. Mais cette ann\u00e9e, les cochons de course ont tout de m\u00eame eu suffisamment d\u2019occupation gr\u00e2ce \u00e0 la paille g\u00e9n\u00e9reusement r\u00e9pandue sur le sol.<\/p>\n\n\n\n<p>Nous souhaitons que la prochaine OLMA offre encore davantage de bien-\u00eatre animal \u2013 surtout en ce qui concerne les points critiques exprim\u00e9s, plus d\u2019espace pour se retirer et se prot\u00e9ger des regards, beaucoup d\u2019occupation pour les animaux expos\u00e9s. Et nous esp\u00e9rons que l\u2019ann\u00e9e prochaine, l\u2019Olma mettra pleinement l\u2019accent sur le bien-\u00eatre des animaux sans se soucier des pertes (par exemple en r\u00e9duisant l\u2019amusement du public), qu\u2019elle repensera \u00e9galement la densit\u00e9 d\u2019occupation par enclos et qu\u2019elle se concentrera \u00e0 cet \u00e9gard sur la devise \u00abmoins, c\u2019est mieux\u00bb. Mais cette devise ne doit pas s\u2019appliquer \u00e0 l\u2019\u00e9quipement ni \u00e0 la structure des enclos \u2013 en l\u2019occurrence, c\u2019est le contraire qui doit \u00eatre la r\u00e8gle: aussi nombreux que possible et install\u00e9s de mani\u00e8re \u00e0 r\u00e9pondre aux besoins sp\u00e9cifiques des animaux.<\/p>\n<\/div>\n\n\n\n<div class=\"wp-block-group is-layout-flex wp-block-group-is-layout-flex\"><div class=\"wp-block-file-wrapper is-pdf\" data-filetype=\"PDF\" data-size=\"68 Ko\">\n<div class=\"wp-block-file\"><a id=\"wp-block-file--media-226fc227-0509-4823-8a63-bd91327ee532\" href=\"https:\/\/tierschutz.com\/app\/uploads\/2023\/06\/olma_fr.pdf\">olma_<\/a><a href=\"https:\/\/tierschutz.com\/app\/uploads\/2023\/06\/olma_fr.pdf\" class=\"wp-block-file__button wp-element-button\" download aria-describedby=\"wp-block-file--media-226fc227-0509-4823-8a63-bd91327ee532\">T\u00e9l\u00e9charger<\/a><\/div>\n<\/div><\/div>\n<\/div>\n","protected":false},"excerpt":{"rendered":"<p>L\u2019OLMA est la foire grand public la plus importante et la plus fr\u00e9quent\u00e9e de Suisse orientale. Des centaines de milliers de visiteurs affluent de toutes les r\u00e9gions du pays pour visiter en automne cette foire \u00e0 caract\u00e8re agricole et traditionnel. <\/p>\n","protected":false},"featured_media":2787,"template":"","meta":{"_acf_changed":false,"inline_featured_image":false,"_vp_format_video_url":"","_vp_image_focal_point":[],"footnotes":""},"exhibit-category":[134],"exhibit-tag":[],"class_list":["post-6162","exhibit","type-exhibit","status-publish","has-post-thumbnail","hentry","exhibit-category-expositions-animales"],"acf":[],"yoast_head":"<!-- This site is optimized with the Yoast SEO Premium plugin v27.4 (Yoast SEO v27.4) - https:\/\/yoast.com\/product\/yoast-seo-premium-wordpress\/ -->\n<title>Expositions animales OLMA St. Gall - Schweizer Tierschutz STS<\/title>\n<meta name=\"description\" content=\"Der Schweizer Tierschutz STS setzt sich f\u00fcr transparente Berichte und Reports ein. Erfahren Sie hier mehr.\" \/>\n<meta name=\"robots\" content=\"index, follow, max-snippet:-1, max-image-preview:large, max-video-preview:-1\" \/>\n<link rel=\"canonical\" href=\"https:\/\/tierschutz.com\/fr\/exhibit\/olma-st-gall\/\" \/>\n<meta property=\"og:locale\" content=\"fr_FR\" \/>\n<meta property=\"og:type\" content=\"article\" \/>\n<meta property=\"og:title\" content=\"OLMA St. Gall\" \/>\n<meta property=\"og:description\" content=\"Der Schweizer Tierschutz STS setzt sich f\u00fcr transparente Berichte und Reports ein. Erfahren Sie hier mehr.\" \/>\n<meta property=\"og:url\" content=\"https:\/\/tierschutz.com\/fr\/exhibit\/olma-st-gall\/\" \/>\n<meta property=\"og:site_name\" content=\"Protection Suisse des Animaux PSA\" \/>\n<meta property=\"article:publisher\" content=\"https:\/\/www.facebook.com\/schweizertierschutz\/\" \/>\n<meta property=\"article:modified_time\" content=\"2023-10-10T05:25:21+00:00\" \/>\n<meta property=\"og:image\" content=\"https:\/\/mail.schweizer-tierschutz-sts.ch\/app\/uploads\/2023\/06\/STS-Olma-St.-Gallen.jpg\" \/>\n\t<meta property=\"og:image:width\" content=\"450\" \/>\n\t<meta property=\"og:image:height\" content=\"626\" \/>\n\t<meta property=\"og:image:type\" content=\"image\/jpeg\" \/>\n<meta name=\"twitter:card\" content=\"summary_large_image\" \/>\n<meta name=\"twitter:label1\" content=\"Dur\u00e9e de lecture estim\u00e9e\" \/>\n\t<meta name=\"twitter:data1\" content=\"4 minutes\" \/>\n<script type=\"application\/ld+json\" class=\"yoast-schema-graph\">{\"@context\":\"https:\\\/\\\/schema.org\",\"@graph\":[{\"@type\":\"WebPage\",\"@id\":\"https:\\\/\\\/tierschutz.com\\\/fr\\\/exhibit\\\/olma-st-gall\\\/\",\"url\":\"https:\\\/\\\/tierschutz.com\\\/fr\\\/exhibit\\\/olma-st-gall\\\/\",\"name\":\"Expositions animales OLMA St. Gall - Schweizer Tierschutz STS\",\"isPartOf\":{\"@id\":\"https:\\\/\\\/tierschutz.com\\\/fr\\\/#website\"},\"primaryImageOfPage\":{\"@id\":\"https:\\\/\\\/tierschutz.com\\\/fr\\\/exhibit\\\/olma-st-gall\\\/#primaryimage\"},\"image\":{\"@id\":\"https:\\\/\\\/tierschutz.com\\\/fr\\\/exhibit\\\/olma-st-gall\\\/#primaryimage\"},\"thumbnailUrl\":\"https:\\\/\\\/tierschutz.com\\\/app\\\/uploads\\\/2023\\\/06\\\/STS-Olma-St.-Gallen.jpg\",\"datePublished\":\"2022-10-17T11:40:44+00:00\",\"dateModified\":\"2023-10-10T05:25:21+00:00\",\"description\":\"Der Schweizer Tierschutz STS setzt sich f\u00fcr transparente Berichte und Reports ein. Erfahren Sie hier mehr.\",\"breadcrumb\":{\"@id\":\"https:\\\/\\\/tierschutz.com\\\/fr\\\/exhibit\\\/olma-st-gall\\\/#breadcrumb\"},\"inLanguage\":\"fr-FR\",\"potentialAction\":[{\"@type\":\"ReadAction\",\"target\":[\"https:\\\/\\\/tierschutz.com\\\/fr\\\/exhibit\\\/olma-st-gall\\\/\"]}]},{\"@type\":\"ImageObject\",\"inLanguage\":\"fr-FR\",\"@id\":\"https:\\\/\\\/tierschutz.com\\\/fr\\\/exhibit\\\/olma-st-gall\\\/#primaryimage\",\"url\":\"https:\\\/\\\/tierschutz.com\\\/app\\\/uploads\\\/2023\\\/06\\\/STS-Olma-St.-Gallen.jpg\",\"contentUrl\":\"https:\\\/\\\/tierschutz.com\\\/app\\\/uploads\\\/2023\\\/06\\\/STS-Olma-St.-Gallen.jpg\",\"width\":450,\"height\":626,\"caption\":\"Ein Olma Plakat das Pink Orange ist vom Oktober 2022\"},{\"@type\":\"BreadcrumbList\",\"@id\":\"https:\\\/\\\/tierschutz.com\\\/fr\\\/exhibit\\\/olma-st-gall\\\/#breadcrumb\",\"itemListElement\":[{\"@type\":\"ListItem\",\"position\":1,\"name\":\"Page d\u2019accueil\",\"item\":\"https:\\\/\\\/mail.swiss-animal-protection.ch\\\/fr\\\/\"},{\"@type\":\"ListItem\",\"position\":2,\"name\":\"Berichte\",\"item\":\"https:\\\/\\\/tierschutz.com\\\/fr\\\/exhibit\\\/\"},{\"@type\":\"ListItem\",\"position\":3,\"name\":\"OLMA St. Gall\"}]},{\"@type\":\"WebSite\",\"@id\":\"https:\\\/\\\/tierschutz.com\\\/fr\\\/#website\",\"url\":\"https:\\\/\\\/tierschutz.com\\\/fr\\\/\",\"name\":\"tierschutz.com\",\"description\":\"Wir setzen uns f\u00fcr das Wohl der Tiere ein.\",\"publisher\":{\"@id\":\"https:\\\/\\\/tierschutz.com\\\/fr\\\/#organization\"},\"alternateName\":\"Schweizer Tierschutz STS\",\"potentialAction\":[{\"@type\":\"SearchAction\",\"target\":{\"@type\":\"EntryPoint\",\"urlTemplate\":\"https:\\\/\\\/tierschutz.com\\\/fr\\\/?s={search_term_string}\"},\"query-input\":{\"@type\":\"PropertyValueSpecification\",\"valueRequired\":true,\"valueName\":\"search_term_string\"}}],\"inLanguage\":\"fr-FR\"},{\"@type\":\"Organization\",\"@id\":\"https:\\\/\\\/tierschutz.com\\\/fr\\\/#organization\",\"name\":\"Schweizer Tierschutz STS\",\"alternateName\":\"STS\",\"url\":\"https:\\\/\\\/tierschutz.com\\\/fr\\\/\",\"logo\":{\"@type\":\"ImageObject\",\"inLanguage\":\"fr-FR\",\"@id\":\"https:\\\/\\\/tierschutz.com\\\/fr\\\/#\\\/schema\\\/logo\\\/image\\\/\",\"url\":\"https:\\\/\\\/tierschutz.com\\\/app\\\/uploads\\\/2024\\\/04\\\/logo-schweizer-tierschutz-sts-1.svg\",\"contentUrl\":\"https:\\\/\\\/tierschutz.com\\\/app\\\/uploads\\\/2024\\\/04\\\/logo-schweizer-tierschutz-sts-1.svg\",\"caption\":\"Schweizer Tierschutz STS\"},\"image\":{\"@id\":\"https:\\\/\\\/tierschutz.com\\\/fr\\\/#\\\/schema\\\/logo\\\/image\\\/\"},\"sameAs\":[\"https:\\\/\\\/www.facebook.com\\\/schweizertierschutz\\\/\",\"https:\\\/\\\/www.instagram.com\\\/schweizertierschutzsts\\\/\",\"https:\\\/\\\/www.youtube.com\\\/@STS_Tierschutz\",\"https:\\\/\\\/www.linkedin.com\\\/company\\\/schweizertierschutzsts\\\/\"],\"description\":\"Der Schweizer Tierschutz STS ist der Dachverband von 71 Tierschutzorganisationen in allen Sprachregionen der Schweiz und in Liechtenstein. Seine Mitarbeitenden leisten wissenschaftlich fundierte Grundlagenarbeit, setzen sich mit Projekten und Aktionen f\u00fcr den Schutz und das Wohlbefinden von Heim-, Wild-, Nutz- und Versuchstieren ein und sensibilisieren die \u00d6ffentlichkeit f\u00fcr Tierschutzthemen.\",\"email\":\"sts@tierschutz.com\",\"telephone\":\"061 365 99 99\",\"legalName\":\"Schweizer Tierschutz STS\"}]}<\/script>\n<!-- \/ Yoast SEO Premium plugin. -->","yoast_head_json":{"title":"Expositions animales OLMA St. Gall - Schweizer Tierschutz STS","description":"Der Schweizer Tierschutz STS setzt sich f\u00fcr transparente Berichte und Reports ein. Erfahren Sie hier mehr.","robots":{"index":"index","follow":"follow","max-snippet":"max-snippet:-1","max-image-preview":"max-image-preview:large","max-video-preview":"max-video-preview:-1"},"canonical":"https:\/\/tierschutz.com\/fr\/exhibit\/olma-st-gall\/","og_locale":"fr_FR","og_type":"article","og_title":"OLMA St. Gall","og_description":"Der Schweizer Tierschutz STS setzt sich f\u00fcr transparente Berichte und Reports ein. Erfahren Sie hier mehr.","og_url":"https:\/\/tierschutz.com\/fr\/exhibit\/olma-st-gall\/","og_site_name":"Protection Suisse des Animaux PSA","article_publisher":"https:\/\/www.facebook.com\/schweizertierschutz\/","article_modified_time":"2023-10-10T05:25:21+00:00","og_image":[{"width":450,"height":626,"url":"https:\/\/mail.schweizer-tierschutz-sts.ch\/app\/uploads\/2023\/06\/STS-Olma-St.-Gallen.jpg","type":"image\/jpeg"}],"twitter_card":"summary_large_image","twitter_misc":{"Dur\u00e9e de lecture estim\u00e9e":"4 minutes"},"schema":{"@context":"https:\/\/schema.org","@graph":[{"@type":"WebPage","@id":"https:\/\/tierschutz.com\/fr\/exhibit\/olma-st-gall\/","url":"https:\/\/tierschutz.com\/fr\/exhibit\/olma-st-gall\/","name":"Expositions animales OLMA St. Gall - Schweizer Tierschutz STS","isPartOf":{"@id":"https:\/\/tierschutz.com\/fr\/#website"},"primaryImageOfPage":{"@id":"https:\/\/tierschutz.com\/fr\/exhibit\/olma-st-gall\/#primaryimage"},"image":{"@id":"https:\/\/tierschutz.com\/fr\/exhibit\/olma-st-gall\/#primaryimage"},"thumbnailUrl":"https:\/\/tierschutz.com\/app\/uploads\/2023\/06\/STS-Olma-St.-Gallen.jpg","datePublished":"2022-10-17T11:40:44+00:00","dateModified":"2023-10-10T05:25:21+00:00","description":"Der Schweizer Tierschutz STS setzt sich f\u00fcr transparente Berichte und Reports ein. Erfahren Sie hier mehr.","breadcrumb":{"@id":"https:\/\/tierschutz.com\/fr\/exhibit\/olma-st-gall\/#breadcrumb"},"inLanguage":"fr-FR","potentialAction":[{"@type":"ReadAction","target":["https:\/\/tierschutz.com\/fr\/exhibit\/olma-st-gall\/"]}]},{"@type":"ImageObject","inLanguage":"fr-FR","@id":"https:\/\/tierschutz.com\/fr\/exhibit\/olma-st-gall\/#primaryimage","url":"https:\/\/tierschutz.com\/app\/uploads\/2023\/06\/STS-Olma-St.-Gallen.jpg","contentUrl":"https:\/\/tierschutz.com\/app\/uploads\/2023\/06\/STS-Olma-St.-Gallen.jpg","width":450,"height":626,"caption":"Ein Olma Plakat das Pink Orange ist vom Oktober 2022"},{"@type":"BreadcrumbList","@id":"https:\/\/tierschutz.com\/fr\/exhibit\/olma-st-gall\/#breadcrumb","itemListElement":[{"@type":"ListItem","position":1,"name":"Page d\u2019accueil","item":"https:\/\/mail.swiss-animal-protection.ch\/fr\/"},{"@type":"ListItem","position":2,"name":"Berichte","item":"https:\/\/tierschutz.com\/fr\/exhibit\/"},{"@type":"ListItem","position":3,"name":"OLMA St. Gall"}]},{"@type":"WebSite","@id":"https:\/\/tierschutz.com\/fr\/#website","url":"https:\/\/tierschutz.com\/fr\/","name":"tierschutz.com","description":"Wir setzen uns f\u00fcr das Wohl der Tiere ein.","publisher":{"@id":"https:\/\/tierschutz.com\/fr\/#organization"},"alternateName":"Schweizer Tierschutz STS","potentialAction":[{"@type":"SearchAction","target":{"@type":"EntryPoint","urlTemplate":"https:\/\/tierschutz.com\/fr\/?s={search_term_string}"},"query-input":{"@type":"PropertyValueSpecification","valueRequired":true,"valueName":"search_term_string"}}],"inLanguage":"fr-FR"},{"@type":"Organization","@id":"https:\/\/tierschutz.com\/fr\/#organization","name":"Schweizer Tierschutz STS","alternateName":"STS","url":"https:\/\/tierschutz.com\/fr\/","logo":{"@type":"ImageObject","inLanguage":"fr-FR","@id":"https:\/\/tierschutz.com\/fr\/#\/schema\/logo\/image\/","url":"https:\/\/tierschutz.com\/app\/uploads\/2024\/04\/logo-schweizer-tierschutz-sts-1.svg","contentUrl":"https:\/\/tierschutz.com\/app\/uploads\/2024\/04\/logo-schweizer-tierschutz-sts-1.svg","caption":"Schweizer Tierschutz STS"},"image":{"@id":"https:\/\/tierschutz.com\/fr\/#\/schema\/logo\/image\/"},"sameAs":["https:\/\/www.facebook.com\/schweizertierschutz\/","https:\/\/www.instagram.com\/schweizertierschutzsts\/","https:\/\/www.youtube.com\/@STS_Tierschutz","https:\/\/www.linkedin.com\/company\/schweizertierschutzsts\/"],"description":"Der Schweizer Tierschutz STS ist der Dachverband von 71 Tierschutzorganisationen in allen Sprachregionen der Schweiz und in Liechtenstein. Seine Mitarbeitenden leisten wissenschaftlich fundierte Grundlagenarbeit, setzen sich mit Projekten und Aktionen f\u00fcr den Schutz und das Wohlbefinden von Heim-, Wild-, Nutz- und Versuchstieren ein und sensibilisieren die \u00d6ffentlichkeit f\u00fcr Tierschutzthemen.","email":"sts@tierschutz.com","telephone":"061 365 99 99","legalName":"Schweizer Tierschutz STS"}]}},"_links":{"self":[{"href":"https:\/\/tierschutz.com\/fr\/wp-json\/wp\/v2\/exhibit\/6162","targetHints":{"allow":["GET"]}}],"collection":[{"href":"https:\/\/tierschutz.com\/fr\/wp-json\/wp\/v2\/exhibit"}],"about":[{"href":"https:\/\/tierschutz.com\/fr\/wp-json\/wp\/v2\/types\/exhibit"}],"version-history":[{"count":2,"href":"https:\/\/tierschutz.com\/fr\/wp-json\/wp\/v2\/exhibit\/6162\/revisions"}],"predecessor-version":[{"id":11154,"href":"https:\/\/tierschutz.com\/fr\/wp-json\/wp\/v2\/exhibit\/6162\/revisions\/11154"}],"wp:featuredmedia":[{"embeddable":true,"href":"https:\/\/tierschutz.com\/fr\/wp-json\/wp\/v2\/media\/2787"}],"wp:attachment":[{"href":"https:\/\/tierschutz.com\/fr\/wp-json\/wp\/v2\/media?parent=6162"}],"wp:term":[{"taxonomy":"exhibit-category","embeddable":true,"href":"https:\/\/tierschutz.com\/fr\/wp-json\/wp\/v2\/exhibit-category?post=6162"},{"taxonomy":"exhibit-tag","embeddable":true,"href":"https:\/\/tierschutz.com\/fr\/wp-json\/wp\/v2\/exhibit-tag?post=6162"}],"curies":[{"name":"wp","href":"https:\/\/api.w.org\/{rel}","templated":true}]}}