{"id":6167,"date":"2022-03-05T13:45:00","date_gmt":"2022-03-05T12:45:00","guid":{"rendered":"https:\/\/dev.tierschutz.com\/?post_type=exhibit&#038;p=6167"},"modified":"2023-10-04T13:00:24","modified_gmt":"2023-10-04T11:00:24","slug":"exposition-de-reptiles-yverdon-les-bains","status":"publish","type":"exhibit","link":"https:\/\/tierschutz.com\/fr\/exhibit\/exposition-de-reptiles-yverdon-les-bains\/","title":{"rendered":"Exposition de reptiles, Yverdon-les-Bains"},"content":{"rendered":"\n<div class=\"wp-block-cover alignfull\"><span aria-hidden=\"true\" class=\"wp-block-cover__background has-black-background-color has-background-dim-20 has-background-dim\"><\/span><img loading=\"lazy\" decoding=\"async\" width=\"977\" height=\"565\" class=\"wp-block-cover__image-background wp-image-2789\" alt=\"Eine gelbe Schlange auf einem Holzstamm\" src=\"https:\/\/tierschutz.com\/app\/uploads\/2023\/06\/STS-Exposition-de-reptiles-Yverdon-les-Bains.jpg\" style=\"object-position:60% 68%\" data-object-fit=\"cover\" data-object-position=\"60% 68%\" srcset=\"https:\/\/tierschutz.com\/app\/uploads\/2023\/06\/STS-Exposition-de-reptiles-Yverdon-les-Bains.jpg 977w, https:\/\/tierschutz.com\/app\/uploads\/2023\/06\/STS-Exposition-de-reptiles-Yverdon-les-Bains-300x173.jpg 300w, https:\/\/tierschutz.com\/app\/uploads\/2023\/06\/STS-Exposition-de-reptiles-Yverdon-les-Bains-768x444.jpg 768w\" sizes=\"auto, (max-width: 977px) 100vw, 977px\" \/><div class=\"wp-block-cover__inner-container is-layout-flow wp-block-cover-is-layout-flow\">\n<h2 class=\"wp-block-heading has-text-align-center has-background-color has-text-color\"><strong>Exposition de reptiles, Yverdon-les-Bains<\/strong><\/h2>\n<\/div><\/div>\n\n\n\n<div class=\"wp-block-group alignfull has-background-background-color has-background is-layout-constrained wp-block-group-is-layout-constrained\">\n<h1 class=\"wp-block-heading has-text-align-left has-foreground-color has-text-color\"><strong><mark style=\"background-color:rgba(0, 0, 0, 0)\" class=\"has-inline-color has-foreground-color\">Exposition de reptiles, Yverdon-les-Bains<\/mark><\/strong><\/h1>\n\n\n\n<hr class=\"wp-block-separator has-text-color has-primary-color has-alpha-channel-opacity has-primary-background-color has-background\"\/>\n\n\n\n<div class=\"wp-block-group is-content-justification-left is-layout-constrained wp-container-core-group-is-layout-0237ec3c wp-block-group-is-layout-constrained\">\n<p><mark style=\"background-color:rgba(0, 0, 0, 0)\" class=\"has-inline-color has-secondary-color\"><strong>21 f\u00e9vrier au 5 mars 2022, visit\u00e9e le 3 mars 2022<\/strong><\/mark><\/p>\n\n\n\n<h3 class=\"wp-block-heading\"><strong>Conclusion<\/strong><\/h3>\n\n\n\n<ul class=\"wp-block-list\">\n<li>Les conditions de d\u00e9tention de l\u2019Exposition de reptiles ont fait une impression plut\u00f4t positive. La majorit\u00e9 des enclos m\u00e9ritaient des compliments pour leurs am\u00e9nagements naturels et vari\u00e9s.<\/li>\n\n\n\n<li>En mati\u00e8re d\u2019\u00e9clairage, de pr\u00e9sentation d\u2019animaux avec des mutations de couleurs ou de pr\u00e9sentation dans des terrariums visibles de tous les c\u00f4t\u00e9s, il y a encore des marges d\u2019am\u00e9lioration. \u00c0 ce stade, la PSA r\u00e9it\u00e8re volontiers son offre de soutien technique aux organismes habilit\u00e9s \u00e0 d\u00e9livrer des autorisations lors de l\u2019examen des autorisations.<\/li>\n<\/ul>\n\n\n\n<h3 class=\"wp-block-heading\"><strong>Exigences de la PSA<\/strong><\/h3>\n\n\n\n<ul class=\"wp-block-list\">\n<li>Toutes les installations doivent imp\u00e9rativement au moins \u00eatre conformes aux directives de l\u2019OPAn.<\/li>\n\n\n\n<li>L\u2019am\u00e9nagement des installations doit largement r\u00e9pondre aux besoins des animaux. L\u2019exposant a ici un r\u00f4le d\u2019exemplarit\u00e9 important et ne doit montrer que des terrariums dont l\u2019am\u00e9nagement est exemplaire.<\/li>\n\n\n\n<li>L\u2019\u00e9clairage doit \u00eatre adapt\u00e9 aux besoins des diff\u00e9rentes esp\u00e8ces (notamment l\u2019intensit\u00e9 de l\u2019\u00e9clairage, la lumi\u00e8re UV, les zones de confort).<\/li>\n<\/ul>\n<\/div>\n\n\n\n<div class=\"wp-block-group is-layout-flex wp-block-group-is-layout-flex\"><div class=\"wp-block-file-wrapper is-pdf\" data-filetype=\"PDF\" data-size=\"586 Ko\">\n<div class=\"wp-block-file\"><a id=\"wp-block-file--media-226fc227-0509-4823-8a63-bd91327ee532\" href=\"https:\/\/tierschutz.com\/app\/uploads\/2023\/06\/Reptilienausstellung_Yverdon_fr.pdf\">Reptilienausstellung_Yverdon_fr<\/a><a href=\"https:\/\/tierschutz.com\/app\/uploads\/2023\/06\/Reptilienausstellung_Yverdon_fr.pdf\" class=\"wp-block-file__button wp-element-button\" download aria-describedby=\"wp-block-file--media-226fc227-0509-4823-8a63-bd91327ee532\">T\u00e9l\u00e9charger<\/a><\/div>\n<\/div><\/div>\n<\/div>\n","protected":false},"excerpt":{"rendered":"<p>Exposition de reptiles, Yverdon-les-Bains 21 f\u00e9vrier au 5 mars 2022, visit\u00e9e le 3 mars 2022 Conclusion Exigences de la PSA<\/p>\n","protected":false},"featured_media":2790,"template":"","meta":{"_acf_changed":false,"inline_featured_image":false,"_vp_format_video_url":"","_vp_image_focal_point":[],"footnotes":""},"exhibit-category":[134],"exhibit-tag":[],"class_list":["post-6167","exhibit","type-exhibit","status-publish","has-post-thumbnail","hentry","exhibit-category-expositions-animales"],"acf":[],"yoast_head":"<!-- This site is optimized with the Yoast SEO Premium plugin v27.4 (Yoast SEO v27.4) - https:\/\/yoast.com\/product\/yoast-seo-premium-wordpress\/ -->\n<title>Expositions animales Exposition de reptiles, Yverdon-les-Bains - Schweizer Tierschutz STS<\/title>\n<meta name=\"description\" content=\"Der Schweizer Tierschutz STS setzt sich f\u00fcr transparente Berichte und Reports ein. Erfahren Sie hier mehr.\" \/>\n<meta name=\"robots\" content=\"index, follow, max-snippet:-1, max-image-preview:large, max-video-preview:-1\" \/>\n<link rel=\"canonical\" href=\"https:\/\/tierschutz.com\/fr\/exhibit\/exposition-de-reptiles-yverdon-les-bains\/\" \/>\n<meta property=\"og:locale\" content=\"fr_FR\" \/>\n<meta property=\"og:type\" content=\"article\" \/>\n<meta property=\"og:title\" content=\"Exposition de reptiles, Yverdon-les-Bains\" \/>\n<meta property=\"og:description\" content=\"Der Schweizer Tierschutz STS setzt sich f\u00fcr transparente Berichte und Reports ein. Erfahren Sie hier mehr.\" \/>\n<meta property=\"og:url\" content=\"https:\/\/tierschutz.com\/fr\/exhibit\/exposition-de-reptiles-yverdon-les-bains\/\" \/>\n<meta property=\"og:site_name\" content=\"Protection Suisse des Animaux PSA\" \/>\n<meta property=\"article:publisher\" content=\"https:\/\/www.facebook.com\/schweizertierschutz\/\" \/>\n<meta property=\"article:modified_time\" content=\"2023-10-04T11:00:24+00:00\" \/>\n<meta property=\"og:image\" content=\"https:\/\/tierschutz.com\/app\/uploads\/2023\/06\/STS-Exposition-de-reptiles-Yverdon-les-Bains.jpg\" \/>\n\t<meta property=\"og:image:width\" content=\"977\" \/>\n\t<meta property=\"og:image:height\" content=\"565\" \/>\n\t<meta property=\"og:image:type\" content=\"image\/jpeg\" \/>\n<meta name=\"twitter:card\" content=\"summary_large_image\" \/>\n<meta name=\"twitter:label1\" content=\"Dur\u00e9e de lecture estim\u00e9e\" \/>\n\t<meta name=\"twitter:data1\" content=\"2 minutes\" \/>\n<script type=\"application\/ld+json\" class=\"yoast-schema-graph\">{\"@context\":\"https:\\\/\\\/schema.org\",\"@graph\":[{\"@type\":\"WebPage\",\"@id\":\"https:\\\/\\\/tierschutz.com\\\/fr\\\/exhibit\\\/exposition-de-reptiles-yverdon-les-bains\\\/\",\"url\":\"https:\\\/\\\/tierschutz.com\\\/fr\\\/exhibit\\\/exposition-de-reptiles-yverdon-les-bains\\\/\",\"name\":\"Expositions animales Exposition de reptiles, Yverdon-les-Bains - Schweizer Tierschutz STS\",\"isPartOf\":{\"@id\":\"https:\\\/\\\/mail.protection-animaux-psa.ch\\\/fr\\\/#website\"},\"primaryImageOfPage\":{\"@id\":\"https:\\\/\\\/tierschutz.com\\\/fr\\\/exhibit\\\/exposition-de-reptiles-yverdon-les-bains\\\/#primaryimage\"},\"image\":{\"@id\":\"https:\\\/\\\/tierschutz.com\\\/fr\\\/exhibit\\\/exposition-de-reptiles-yverdon-les-bains\\\/#primaryimage\"},\"thumbnailUrl\":\"https:\\\/\\\/tierschutz.com\\\/app\\\/uploads\\\/2023\\\/06\\\/STS-Exposition-de-reptiles-Yverdon-les-Bains.jpg\",\"datePublished\":\"2022-03-05T12:45:00+00:00\",\"dateModified\":\"2023-10-04T11:00:24+00:00\",\"description\":\"Der Schweizer Tierschutz STS setzt sich f\u00fcr transparente Berichte und Reports ein. Erfahren Sie hier mehr.\",\"breadcrumb\":{\"@id\":\"https:\\\/\\\/tierschutz.com\\\/fr\\\/exhibit\\\/exposition-de-reptiles-yverdon-les-bains\\\/#breadcrumb\"},\"inLanguage\":\"fr-FR\",\"potentialAction\":[{\"@type\":\"ReadAction\",\"target\":[\"https:\\\/\\\/tierschutz.com\\\/fr\\\/exhibit\\\/exposition-de-reptiles-yverdon-les-bains\\\/\"]}]},{\"@type\":\"ImageObject\",\"inLanguage\":\"fr-FR\",\"@id\":\"https:\\\/\\\/tierschutz.com\\\/fr\\\/exhibit\\\/exposition-de-reptiles-yverdon-les-bains\\\/#primaryimage\",\"url\":\"https:\\\/\\\/tierschutz.com\\\/app\\\/uploads\\\/2023\\\/06\\\/STS-Exposition-de-reptiles-Yverdon-les-Bains.jpg\",\"contentUrl\":\"https:\\\/\\\/tierschutz.com\\\/app\\\/uploads\\\/2023\\\/06\\\/STS-Exposition-de-reptiles-Yverdon-les-Bains.jpg\",\"width\":977,\"height\":565,\"caption\":\"Eine gelbe Schlange auf einem Holzstamm\"},{\"@type\":\"BreadcrumbList\",\"@id\":\"https:\\\/\\\/tierschutz.com\\\/fr\\\/exhibit\\\/exposition-de-reptiles-yverdon-les-bains\\\/#breadcrumb\",\"itemListElement\":[{\"@type\":\"ListItem\",\"position\":1,\"name\":\"Page d\u2019accueil\",\"item\":\"https:\\\/\\\/mail.protection-animaux-psa.ch\\\/fr\\\/\"},{\"@type\":\"ListItem\",\"position\":2,\"name\":\"Berichte\",\"item\":\"https:\\\/\\\/tierschutz.com\\\/fr\\\/exhibit\\\/\"},{\"@type\":\"ListItem\",\"position\":3,\"name\":\"Exposition de reptiles, Yverdon-les-Bains\"}]},{\"@type\":\"WebSite\",\"@id\":\"https:\\\/\\\/mail.protection-animaux-psa.ch\\\/fr\\\/#website\",\"url\":\"https:\\\/\\\/mail.protection-animaux-psa.ch\\\/fr\\\/\",\"name\":\"tierschutz.com\",\"description\":\"Wir setzen uns f\u00fcr das Wohl der Tiere ein.\",\"publisher\":{\"@id\":\"https:\\\/\\\/mail.protection-animaux-psa.ch\\\/fr\\\/#organization\"},\"alternateName\":\"Schweizer Tierschutz STS\",\"potentialAction\":[{\"@type\":\"SearchAction\",\"target\":{\"@type\":\"EntryPoint\",\"urlTemplate\":\"https:\\\/\\\/mail.protection-animaux-psa.ch\\\/fr\\\/?s={search_term_string}\"},\"query-input\":{\"@type\":\"PropertyValueSpecification\",\"valueRequired\":true,\"valueName\":\"search_term_string\"}}],\"inLanguage\":\"fr-FR\"},{\"@type\":\"Organization\",\"@id\":\"https:\\\/\\\/mail.protection-animaux-psa.ch\\\/fr\\\/#organization\",\"name\":\"Schweizer Tierschutz STS\",\"alternateName\":\"STS\",\"url\":\"https:\\\/\\\/mail.protection-animaux-psa.ch\\\/fr\\\/\",\"logo\":{\"@type\":\"ImageObject\",\"inLanguage\":\"fr-FR\",\"@id\":\"https:\\\/\\\/mail.protection-animaux-psa.ch\\\/fr\\\/#\\\/schema\\\/logo\\\/image\\\/\",\"url\":\"https:\\\/\\\/tierschutz.com\\\/app\\\/uploads\\\/2024\\\/04\\\/logo-schweizer-tierschutz-sts-1.svg\",\"contentUrl\":\"https:\\\/\\\/tierschutz.com\\\/app\\\/uploads\\\/2024\\\/04\\\/logo-schweizer-tierschutz-sts-1.svg\",\"caption\":\"Schweizer Tierschutz STS\"},\"image\":{\"@id\":\"https:\\\/\\\/mail.protection-animaux-psa.ch\\\/fr\\\/#\\\/schema\\\/logo\\\/image\\\/\"},\"sameAs\":[\"https:\\\/\\\/www.facebook.com\\\/schweizertierschutz\\\/\",\"https:\\\/\\\/www.instagram.com\\\/schweizertierschutzsts\\\/\",\"https:\\\/\\\/www.youtube.com\\\/@STS_Tierschutz\",\"https:\\\/\\\/www.linkedin.com\\\/company\\\/schweizertierschutzsts\\\/\"],\"description\":\"Der Schweizer Tierschutz STS ist der Dachverband von 71 Tierschutzorganisationen in allen Sprachregionen der Schweiz und in Liechtenstein. Seine Mitarbeitenden leisten wissenschaftlich fundierte Grundlagenarbeit, setzen sich mit Projekten und Aktionen f\u00fcr den Schutz und das Wohlbefinden von Heim-, Wild-, Nutz- und Versuchstieren ein und sensibilisieren die \u00d6ffentlichkeit f\u00fcr Tierschutzthemen.\",\"email\":\"sts@tierschutz.com\",\"telephone\":\"061 365 99 99\",\"legalName\":\"Schweizer Tierschutz STS\"}]}<\/script>\n<!-- \/ Yoast SEO Premium plugin. -->","yoast_head_json":{"title":"Expositions animales Exposition de reptiles, Yverdon-les-Bains - Schweizer Tierschutz STS","description":"Der Schweizer Tierschutz STS setzt sich f\u00fcr transparente Berichte und Reports ein. Erfahren Sie hier mehr.","robots":{"index":"index","follow":"follow","max-snippet":"max-snippet:-1","max-image-preview":"max-image-preview:large","max-video-preview":"max-video-preview:-1"},"canonical":"https:\/\/tierschutz.com\/fr\/exhibit\/exposition-de-reptiles-yverdon-les-bains\/","og_locale":"fr_FR","og_type":"article","og_title":"Exposition de reptiles, Yverdon-les-Bains","og_description":"Der Schweizer Tierschutz STS setzt sich f\u00fcr transparente Berichte und Reports ein. Erfahren Sie hier mehr.","og_url":"https:\/\/tierschutz.com\/fr\/exhibit\/exposition-de-reptiles-yverdon-les-bains\/","og_site_name":"Protection Suisse des Animaux PSA","article_publisher":"https:\/\/www.facebook.com\/schweizertierschutz\/","article_modified_time":"2023-10-04T11:00:24+00:00","og_image":[{"width":977,"height":565,"url":"https:\/\/tierschutz.com\/app\/uploads\/2023\/06\/STS-Exposition-de-reptiles-Yverdon-les-Bains.jpg","type":"image\/jpeg"}],"twitter_card":"summary_large_image","twitter_misc":{"Dur\u00e9e de lecture estim\u00e9e":"2 minutes"},"schema":{"@context":"https:\/\/schema.org","@graph":[{"@type":"WebPage","@id":"https:\/\/tierschutz.com\/fr\/exhibit\/exposition-de-reptiles-yverdon-les-bains\/","url":"https:\/\/tierschutz.com\/fr\/exhibit\/exposition-de-reptiles-yverdon-les-bains\/","name":"Expositions animales Exposition de reptiles, Yverdon-les-Bains - Schweizer Tierschutz STS","isPartOf":{"@id":"https:\/\/mail.protection-animaux-psa.ch\/fr\/#website"},"primaryImageOfPage":{"@id":"https:\/\/tierschutz.com\/fr\/exhibit\/exposition-de-reptiles-yverdon-les-bains\/#primaryimage"},"image":{"@id":"https:\/\/tierschutz.com\/fr\/exhibit\/exposition-de-reptiles-yverdon-les-bains\/#primaryimage"},"thumbnailUrl":"https:\/\/tierschutz.com\/app\/uploads\/2023\/06\/STS-Exposition-de-reptiles-Yverdon-les-Bains.jpg","datePublished":"2022-03-05T12:45:00+00:00","dateModified":"2023-10-04T11:00:24+00:00","description":"Der Schweizer Tierschutz STS setzt sich f\u00fcr transparente Berichte und Reports ein. Erfahren Sie hier mehr.","breadcrumb":{"@id":"https:\/\/tierschutz.com\/fr\/exhibit\/exposition-de-reptiles-yverdon-les-bains\/#breadcrumb"},"inLanguage":"fr-FR","potentialAction":[{"@type":"ReadAction","target":["https:\/\/tierschutz.com\/fr\/exhibit\/exposition-de-reptiles-yverdon-les-bains\/"]}]},{"@type":"ImageObject","inLanguage":"fr-FR","@id":"https:\/\/tierschutz.com\/fr\/exhibit\/exposition-de-reptiles-yverdon-les-bains\/#primaryimage","url":"https:\/\/tierschutz.com\/app\/uploads\/2023\/06\/STS-Exposition-de-reptiles-Yverdon-les-Bains.jpg","contentUrl":"https:\/\/tierschutz.com\/app\/uploads\/2023\/06\/STS-Exposition-de-reptiles-Yverdon-les-Bains.jpg","width":977,"height":565,"caption":"Eine gelbe Schlange auf einem Holzstamm"},{"@type":"BreadcrumbList","@id":"https:\/\/tierschutz.com\/fr\/exhibit\/exposition-de-reptiles-yverdon-les-bains\/#breadcrumb","itemListElement":[{"@type":"ListItem","position":1,"name":"Page d\u2019accueil","item":"https:\/\/mail.protection-animaux-psa.ch\/fr\/"},{"@type":"ListItem","position":2,"name":"Berichte","item":"https:\/\/tierschutz.com\/fr\/exhibit\/"},{"@type":"ListItem","position":3,"name":"Exposition de reptiles, Yverdon-les-Bains"}]},{"@type":"WebSite","@id":"https:\/\/mail.protection-animaux-psa.ch\/fr\/#website","url":"https:\/\/mail.protection-animaux-psa.ch\/fr\/","name":"tierschutz.com","description":"Wir setzen uns f\u00fcr das Wohl der Tiere ein.","publisher":{"@id":"https:\/\/mail.protection-animaux-psa.ch\/fr\/#organization"},"alternateName":"Schweizer Tierschutz STS","potentialAction":[{"@type":"SearchAction","target":{"@type":"EntryPoint","urlTemplate":"https:\/\/mail.protection-animaux-psa.ch\/fr\/?s={search_term_string}"},"query-input":{"@type":"PropertyValueSpecification","valueRequired":true,"valueName":"search_term_string"}}],"inLanguage":"fr-FR"},{"@type":"Organization","@id":"https:\/\/mail.protection-animaux-psa.ch\/fr\/#organization","name":"Schweizer Tierschutz STS","alternateName":"STS","url":"https:\/\/mail.protection-animaux-psa.ch\/fr\/","logo":{"@type":"ImageObject","inLanguage":"fr-FR","@id":"https:\/\/mail.protection-animaux-psa.ch\/fr\/#\/schema\/logo\/image\/","url":"https:\/\/tierschutz.com\/app\/uploads\/2024\/04\/logo-schweizer-tierschutz-sts-1.svg","contentUrl":"https:\/\/tierschutz.com\/app\/uploads\/2024\/04\/logo-schweizer-tierschutz-sts-1.svg","caption":"Schweizer Tierschutz STS"},"image":{"@id":"https:\/\/mail.protection-animaux-psa.ch\/fr\/#\/schema\/logo\/image\/"},"sameAs":["https:\/\/www.facebook.com\/schweizertierschutz\/","https:\/\/www.instagram.com\/schweizertierschutzsts\/","https:\/\/www.youtube.com\/@STS_Tierschutz","https:\/\/www.linkedin.com\/company\/schweizertierschutzsts\/"],"description":"Der Schweizer Tierschutz STS ist der Dachverband von 71 Tierschutzorganisationen in allen Sprachregionen der Schweiz und in Liechtenstein. Seine Mitarbeitenden leisten wissenschaftlich fundierte Grundlagenarbeit, setzen sich mit Projekten und Aktionen f\u00fcr den Schutz und das Wohlbefinden von Heim-, Wild-, Nutz- und Versuchstieren ein und sensibilisieren die \u00d6ffentlichkeit f\u00fcr Tierschutzthemen.","email":"sts@tierschutz.com","telephone":"061 365 99 99","legalName":"Schweizer Tierschutz STS"}]}},"_links":{"self":[{"href":"https:\/\/tierschutz.com\/fr\/wp-json\/wp\/v2\/exhibit\/6167","targetHints":{"allow":["GET"]}}],"collection":[{"href":"https:\/\/tierschutz.com\/fr\/wp-json\/wp\/v2\/exhibit"}],"about":[{"href":"https:\/\/tierschutz.com\/fr\/wp-json\/wp\/v2\/types\/exhibit"}],"version-history":[{"count":1,"href":"https:\/\/tierschutz.com\/fr\/wp-json\/wp\/v2\/exhibit\/6167\/revisions"}],"predecessor-version":[{"id":6171,"href":"https:\/\/tierschutz.com\/fr\/wp-json\/wp\/v2\/exhibit\/6167\/revisions\/6171"}],"wp:featuredmedia":[{"embeddable":true,"href":"https:\/\/tierschutz.com\/fr\/wp-json\/wp\/v2\/media\/2790"}],"wp:attachment":[{"href":"https:\/\/tierschutz.com\/fr\/wp-json\/wp\/v2\/media?parent=6167"}],"wp:term":[{"taxonomy":"exhibit-category","embeddable":true,"href":"https:\/\/tierschutz.com\/fr\/wp-json\/wp\/v2\/exhibit-category?post=6167"},{"taxonomy":"exhibit-tag","embeddable":true,"href":"https:\/\/tierschutz.com\/fr\/wp-json\/wp\/v2\/exhibit-tag?post=6167"}],"curies":[{"name":"wp","href":"https:\/\/api.w.org\/{rel}","templated":true}]}}