{"id":20498,"date":"2023-05-04T15:13:26","date_gmt":"2023-05-04T13:13:26","guid":{"rendered":"https:\/\/tierschutz.com\/?page_id=20498"},"modified":"2025-08-14T10:22:51","modified_gmt":"2025-08-14T08:22:51","slug":"animal-mort-que-faire","status":"publish","type":"page","link":"https:\/\/tierschutz.com\/fr\/protection-des-animaux\/urgence-animale\/animal-mort-que-faire\/","title":{"rendered":"Animal mort &#8211; que faire ?"},"content":{"rendered":"\n<div class=\"wp-block-cover alignfull is-light\"><img loading=\"lazy\" decoding=\"async\" width=\"1416\" height=\"910\" class=\"wp-block-cover__image-background wp-image-8327\" alt=\"Eine br\u00e4unliche Katze die sich hinter einer Holzt\u00fcre versteckt\" src=\"https:\/\/tierschutz.com\/app\/uploads\/2023\/07\/tierschutz-tier-gestorben.jpg\" data-object-fit=\"cover\" srcset=\"https:\/\/tierschutz.com\/app\/uploads\/2023\/07\/tierschutz-tier-gestorben.jpg 1416w, https:\/\/tierschutz.com\/app\/uploads\/2023\/07\/tierschutz-tier-gestorben-300x193.jpg 300w, https:\/\/tierschutz.com\/app\/uploads\/2023\/07\/tierschutz-tier-gestorben-1024x658.jpg 1024w, https:\/\/tierschutz.com\/app\/uploads\/2023\/07\/tierschutz-tier-gestorben-768x494.jpg 768w\" sizes=\"auto, (max-width: 1416px) 100vw, 1416px\" \/><span aria-hidden=\"true\" class=\"wp-block-cover__background has-background-dim-20 has-background-dim\"><\/span><div class=\"wp-block-cover__inner-container is-layout-flow wp-block-cover-is-layout-flow\">\n<h2 class=\"wp-block-heading has-text-align-center has-background-color has-text-color\" id=\"h-animal-mort\"><strong>Animal mort<\/strong><\/h2>\n<\/div><\/div>\n\n\n\n<div class=\"wp-block-group alignfull anchor-bar has-lightgray-background-color has-background is-layout-constrained wp-block-group-is-layout-constrained\">\n<div class=\"wp-block-group is-content-justification-space-between is-layout-flex wp-container-core-group-is-layout-9366075c wp-block-group-is-layout-flex\">\n<p class=\"has-large-font-size\"><strong><a href=\"#gestorben\">Animal mort<\/a><\/strong><a data-type=\"internal\" data-id=\"#gestorben\" href=\"#gestorben\"><\/a><\/p>\n\n\n\n<p class=\"has-large-font-size\"><a data-type=\"internal\" data-id=\"#Tierkrematorium\" href=\"#Tierkrematorium\"><strong>Cr\u00e9matorium pour animaux<\/strong><\/a><\/p>\n\n\n\n<p class=\"has-large-font-size\"><strong><a data-type=\"internal\" data-id=\"#Tierfriedh\u00f6fe\" href=\"#Tierfriedh\u00f6fe\">Cimeti\u00e8res pour animaux<\/a><\/strong><\/p>\n<\/div>\n<\/div>\n\n\n\n<div class=\"wp-block-group alignfull has-background-background-color has-background is-layout-constrained wp-block-group-is-layout-constrained\" id=\"gestorben\"><div class=\"yoast-breadcrumbs\"><span><span><a href=\"https:\/\/mail.swiss-animal-protection.ch\/fr\/\">Page d\u2019accueil<\/a><\/span> \u00bb <span><a href=\"https:\/\/mail.schweizer-tierschutz-sts.ch\/fr\/protection-des-animaux\/\">Protection des animaux\u00a0<\/a><\/span> \u00bb <span><a href=\"https:\/\/tierschutz.com\/fr\/protection-des-animaux\/urgence-animale\/\">Urgence animale<\/a><\/span> \u00bb <span class=\"breadcrumb_last\" aria-current=\"page\">Animal mort &#8211; que faire ?<\/span><\/span><\/div>\n\n\n<h1 class=\"wp-block-heading has-text-align-center\" id=\"h-animal-mort-que-faire\"><strong>Animal mort \u2013 que faire ?<\/strong><\/h1>\n\n\n\n<hr class=\"wp-block-separator has-text-color has-primary-color has-alpha-channel-opacity has-primary-background-color has-background\"\/>\n\n\n\n<p class=\"has-text-align-center\">La perte d&#8217;un animal de compagnie bien-aim\u00e9 est un moment triste et difficile dans la vie de tous les propri\u00e9taires d&#8217;animaux. Lorsqu&#8217;un animal de compagnie est mort, il est important d&#8217;\u00eatre bien inform\u00e9 sur la marche \u00e0 suivre pour enterrer dignement l&#8217;animal aim\u00e9 et mieux surmonter son propre deuil.<\/p>\n<\/div>\n\n\n\n<div class=\"wp-block-media-text is-stacked-on-mobile is-image-fill-element is-style-shadow\"><figure class=\"wp-block-media-text__media\"><img loading=\"lazy\" decoding=\"async\" width=\"1024\" height=\"683\" src=\"https:\/\/tierschutz.com\/app\/uploads\/2023\/06\/sts-tod-eines-tieres-1024x683.jpg\" alt=\"weisser und schwarzer Hund von hinten\" class=\"wp-image-2940 size-full\" style=\"object-position:50% 50%\" srcset=\"https:\/\/tierschutz.com\/app\/uploads\/2023\/06\/sts-tod-eines-tieres-1024x683.jpg 1024w, https:\/\/tierschutz.com\/app\/uploads\/2023\/06\/sts-tod-eines-tieres-300x200.jpg 300w, https:\/\/tierschutz.com\/app\/uploads\/2023\/06\/sts-tod-eines-tieres-768x512.jpg 768w, https:\/\/tierschutz.com\/app\/uploads\/2023\/06\/sts-tod-eines-tieres-1536x1024.jpg 1536w, https:\/\/tierschutz.com\/app\/uploads\/2023\/06\/sts-tod-eines-tieres.jpg 1920w\" sizes=\"auto, (max-width: 1024px) 100vw, 1024px\" \/><\/figure><div class=\"wp-block-media-text__content\">\n<h3 class=\"wp-block-heading\" id=\"h-qu-advient-il-des-cadavres-d-animaux\"><strong><strong>Qu&#8217;advient-il des cadavres d&#8217;animaux ?<\/strong><\/strong><\/h3>\n\n\n\n<p>Lorsqu&#8217;un animal de compagnie bien-aim\u00e9 est mort, les propri\u00e9taires d&#8217;animaux sont confront\u00e9s \u00e0 la question de savoir ce qu&#8217;ils doivent faire du corps mort de leur animal. Il existe diff\u00e9rentes possibilit\u00e9s pour l&#8217;enterrement de l&#8217;animal ou l&#8217;\u00e9limination du cadavre.<\/p>\n\n\n\n<p>D&#8217;une part, dans la plupart des communes de Suisse, les carcasses peuvent \u00eatre d\u00e9pos\u00e9es gratuitement au centre de collecte des cadavres. Il y est transform\u00e9 en farines animales et en graisses d&#8217;extraction avec les d\u00e9chets animaux des abattoirs professionnels. Les farines et graisses animales ainsi obtenues sont utilis\u00e9es dans l&#8217;industrie.<\/p>\n\n\n\n<p>Une autre possibilit\u00e9 est d&#8217;enterrer l&#8217;animal dans son propre jardin.<br><br><strong><mark style=\"background-color:rgba(0, 0, 0, 0)\" class=\"has-inline-color has-secondary-color\">Attention<\/mark>: <\/strong>il y a des r\u00e8gles strictes \u00e0 respecter \u00e0 ce sujet. Le petit animal entier (10 kg maximum) doit \u00eatre enterr\u00e9 \u00e0 au moins 1,20 m\u00e8tre de profondeur &#8211; \u00e0 une profondeur inf\u00e9rieure, le corps de l&#8217;animal risque d&#8217;\u00eatre d\u00e9terr\u00e9 et mang\u00e9 par des animaux sauvages comme les renards. De plus, la tombe ne doit pas se trouver \u00e0 proximit\u00e9 de sources ou de r\u00e9servoirs d&#8217;eau potable. Des exigences particuli\u00e8res s&#8217;appliquent aux terrains priv\u00e9s situ\u00e9s dans des zones de protection des eaux souterraines.<br><br>Parmi les autres possibilit\u00e9s, il y a le cr\u00e9matorium pour animaux ou l&#8217;enterrement des animaux dans un cimeti\u00e8re pour animaux en for\u00eat.<\/p>\n<\/div><\/div>\n\n\n\n<div class=\"wp-block-group alignfull has-background-background-color has-background is-layout-constrained wp-block-group-is-layout-constrained\">\n<div class=\"wp-block-group is-layout-flex wp-block-group-is-layout-flex\">\n<div class=\"wp-block-group is-style-shadow-box has-background-background-color has-background is-layout-constrained wp-block-group-is-layout-constrained\">\n<h3 class=\"wp-block-heading\" id=\"h-crematorium-pour-animaux-cimetiere-pour-animaux-ou-enterrement-d-animaux-en-foret\"><strong><strong><strong><strong><strong>Cr\u00e9matorium pour animaux, cimeti\u00e8re pour animaux ou enterrement d&#8217;animaux en for\u00eat ?<\/strong><\/strong><\/strong><\/strong><\/strong><\/h3>\n\n\n\n<p>Le choix entre un cr\u00e9matorium pour animaux et un enterrement d&#8217;animaux dans un cimeti\u00e8re ou une for\u00eat leur est personnel.<\/p>\n\n\n\n<p>Un cr\u00e9matorium pour animaux offre la possibilit\u00e9 de faire incin\u00e9rer l&#8217;animal et de ramener les cendres \u00e0 la maison dans une urne. Les cendres peuvent \u00eatre conserv\u00e9es dans un lieu sp\u00e9cial ou \u00eatre inhum\u00e9es. Dans la plupart des cas, le cr\u00e9matorium pour animaux propose un service payant de collecte de l&#8217;animal mort.<\/p>\n\n\n\n<p>Dans un cimeti\u00e8re pour animaux, l&#8217;animal peut \u00eatre enterr\u00e9 dans un espace pr\u00e9vu \u00e0 cet effet. Il existe des enterrements en pleine terre ou en urne, ainsi que des tombes individuelles ou collectives. Ce type d&#8217;enterrement peut \u00e9galement \u00eatre une mani\u00e8re r\u00e9confortante et digne pour certains propri\u00e9taires d&#8217;animaux de donner une derni\u00e8re demeure \u00e0 leur animal d\u00e9c\u00e9d\u00e9. En outre, vous pouvez visiter r\u00e9guli\u00e8rement la tombe et y d\u00e9poser des fleurs ou des souvenirs.<\/p>\n<\/div>\n\n\n\n<div class=\"wp-block-group is-style-shadow-box has-background-background-color has-background is-layout-constrained wp-block-group-is-layout-constrained\">\n<h3 class=\"wp-block-heading\" id=\"h-voici-ce-qui-aide-a-faire-le-deuil-de-l-animal-que-l-on-aime\"><strong><strong><strong><strong><strong><strong><strong><strong><strong>Voici ce qui aide \u00e0 faire le deuil de l&#8217;animal que l&#8217;on aime<\/strong><\/strong><\/strong><\/strong><\/strong><\/strong><\/strong><\/strong><\/strong><\/h3>\n\n\n\n<p>Lorsqu&#8217;un animal que l&#8217;on aime est mort, il peut \u00eatre difficile de faire face \u00e0 cette perte. Il existe diff\u00e9rentes mani\u00e8res de faciliter le processus de deuil. D&#8217;une part, il est important de s&#8217;autoriser \u00e0 laisser passer le flot d&#8217;\u00e9motions et d&#8217;accepter que le deuil va et vient par vagues. Les rituels peuvent aider \u00e0 garder les souvenirs en vie &#8211; visitez par exemple les anciens chemins de promenade ou la tombe de l&#8217;animal pour vous souvenir des bons moments.<\/p>\n\n\n\n<p>Ne g\u00e9rez pas votre deuil seul : parlez-en \u00e0 vos connaissances ou \u00e9changez en ligne avec des personnes qui traversent des \u00e9preuves similaires. Il existe \u00e9galement des th\u00e9rapeutes sp\u00e9cialis\u00e9s qui peuvent vous aider \u00e0 surmonter votre deuil. Ne comblez pas le vide ainsi cr\u00e9\u00e9 de mani\u00e8re irr\u00e9fl\u00e9chie et trop rapide avec un nouvel animal de compagnie, mais prenez votre temps pour prendre cette d\u00e9cision importante. Enfin, vous pouvez aussi faire une bonne action en vous engageant pour les animaux sans foyer.<\/p>\n<\/div>\n<\/div>\n<\/div>\n\n\n\n<div id=\"Tierkrematorium\" class=\"wp-block-group has-background-background-color has-background is-layout-constrained wp-block-group-is-layout-constrained\">\n<div style=\"height:45px\" aria-hidden=\"true\" class=\"wp-block-spacer\"><\/div>\n\n\n\n<h2 class=\"wp-block-heading has-text-align-center\" id=\"h-trouver-un-crematorium-pour-animaux-a-proximite\"><strong>Trouver un cr\u00e9matorium pour animaux \u00e0 proximit\u00e9<\/strong><\/h2>\n\n\n\n<hr class=\"wp-block-separator has-text-color has-primary-color has-alpha-channel-opacity has-primary-background-color has-background\"\/>\n\n\n\n<div class=\"wp-block-group has-3-cols is-layout-flex wp-container-core-group-is-layout-d0921e6e wp-block-group-is-layout-flex\">\n<div class=\"wp-block-group is-style-shadow-box has-background-background-color has-background is-layout-constrained wp-block-group-is-layout-constrained\">\n<h3 class=\"wp-block-heading\" id=\"h-cremadog\"><strong>Cremadog<\/strong><\/h3>\n\n\n\n<p>Chemin de la Prise<br>2205 Montmollin<\/p>\n\n\n\n<p>T\u00e9l\u00e9phone <a href=\"tel:032 731 20 30\">032 731 20 30<\/a><\/p>\n\n\n\n<p><a href=\"mailto:cremadog@cremadog.ch\"><mark style=\"background-color:rgba(0, 0, 0, 0)\" class=\"has-inline-color has-secondary-color\">cremadog@cremadog.ch<\/mark><\/a><mark style=\"background-color:rgba(0, 0, 0, 0)\" class=\"has-inline-color has-secondary-color\"><br><a href=\"http:\/\/www.cremadog.ch\" target=\"_blank\" rel=\"noreferrer noopener\">www.cremadog.ch<\/a><\/mark><\/p>\n<\/div>\n\n\n\n<div class=\"wp-block-group is-style-shadow-box has-background-background-color has-background is-layout-constrained wp-block-group-is-layout-constrained\">\n<h3 class=\"wp-block-heading\" id=\"h-crematoire-animalier-de-lausanne\"><strong>Cr\u00e9matoire Animalier de Lausanne<\/strong><\/h3>\n\n\n\n<p>Route de de Vidy 8<br>1007 Lausanne<br><br>T\u00e9l\u00e9phone <a href=\"tel:021 625 12 12\">021 625 12 12<\/a><\/p>\n\n\n\n<p><a href=\"mailto:crematoire@svpa.ch\"><mark style=\"background-color:rgba(0, 0, 0, 0)\" class=\"has-inline-color has-secondary-color\">crematoire@svpa.ch<\/mark><\/a><mark style=\"background-color:rgba(0, 0, 0, 0)\" class=\"has-inline-color has-secondary-color\"><br><a href=\"http:\/\/www.crematoire-animalier-lausanne.ch\" target=\"_blank\" rel=\"noreferrer noopener\">www.crematoire-animalier-lausanne.ch<\/a><\/mark><\/p>\n<\/div>\n\n\n\n<div class=\"wp-block-group is-style-shadow-box has-background-background-color has-background is-layout-constrained wp-block-group-is-layout-constrained\">\n<h3 class=\"wp-block-heading\" id=\"h-kleintier-krematorium-duggingen\"><strong>Kleintier-Krematorium Duggingen<\/strong><\/h3>\n\n\n\n<p>Grellingerstrasse 72<br>4202 Duggingen<\/p>\n\n\n\n<p>T\u00e9l\u00e9phone <a href=\"tel:061 741 20 21\">061 741 20 21<\/a><\/p>\n\n\n\n<p><a href=\"mailto:kremadug@bluewin.ch\"><mark style=\"background-color:rgba(0, 0, 0, 0)\" class=\"has-inline-color has-secondary-color\">kremadug@bluewin.ch<\/mark><\/a><mark style=\"background-color:rgba(0, 0, 0, 0)\" class=\"has-inline-color has-secondary-color\"><br><a href=\"http:\/\/www.kleintier-krematorium.ch\" target=\"_blank\" rel=\"noreferrer noopener\">www.kleintier-krematorium.ch<\/a><\/mark><\/p>\n<\/div>\n\n\n\n<div class=\"wp-block-group is-style-shadow-box has-background-background-color has-background is-layout-constrained wp-block-group-is-layout-constrained\">\n<h3 class=\"wp-block-heading\" id=\"h-tierkrematorium-kirchberg\"><strong>Tierkrematorium Kirchberg<\/strong><\/h3>\n\n\n\n<p>Industrie Neuhof 60<br>3422 Kirchberg<br><br>T\u00e9l\u00e9phone <a href=\"tel:034 446 05 00\">034 446 05 00<\/a><\/p>\n\n\n\n<p><a href=\"mailto:office@tierkrematorium-kirchberg.ch\">office@tierkrematorium-kirchberg.ch<\/a><br><a href=\"https:\/\/www.tierkrematorium-kirchberg.ch\" target=\"_blank\" rel=\"noreferrer noopener\">www.tierkrematorium-kirchberg.ch<\/a><\/p>\n<\/div>\n\n\n\n<div class=\"wp-block-group is-style-shadow-box has-background-background-color has-background is-layout-constrained wp-block-group-is-layout-constrained\">\n<h3 class=\"wp-block-heading\" id=\"h-tierkrematorium-rosengarten\"><strong>Tierkrematorium Rosengarten<\/strong><\/h3>\n\n\n\n<p>F\u00e4nn-West 10<br>6403 K\u00fcssnacht am Rigi<\/p>\n\n\n\n<p>T\u00e9l\u00e9phone <a href=\"tel:+41418500085\">041 850 00 85<\/a><\/p>\n\n\n\n<p><a href=\"mailto:info@mein-rosengarten.ch\">info@mein-rosengarten.ch<\/a><br><a href=\"http:\/\/www.rosengarten-tierkrematorium.ch\" target=\"_blank\" rel=\"noreferrer noopener\">www.rosengarten-tierkrematorium.ch<\/a><\/p>\n<\/div>\n\n\n\n<div class=\"wp-block-group is-style-shadow-box has-background-background-color has-background is-layout-constrained wp-block-group-is-layout-constrained\">\n<h3 class=\"wp-block-heading\" id=\"h-tierkrematorium-seon\"><strong>Tierkrematorium Seon<\/strong><\/h3>\n\n\n\n<p>Birren 25<br>5703 Seon<br><br>T\u00e9l\u00e9phone <a href=\"tel:062 775 05 52\">062 775 05 52<\/a><br><br><a href=\"mailto:info@tierkrematorium.ch\">info@tierkrematorium.ch<\/a><br><a href=\"http:\/\/www.tierkrematorium.ch\" target=\"_blank\" rel=\"noreferrer noopener\">www.tierkrematorium.ch<\/a><\/p>\n<\/div>\n\n\n\n<div class=\"wp-block-group is-style-shadow-box has-background-background-color has-background is-layout-constrained wp-block-group-is-layout-constrained\">\n<h3 class=\"wp-block-heading\" id=\"h-tierkrematorium-dubendorf\"><strong>Tierkrematorium D\u00fcbendorf<\/strong><\/h3>\n\n\n\n<p>Stettbachstrasse 4<br>8600 D\u00fcbendorf<\/p>\n\n\n\n<p>T\u00e9l\u00e9phone 044 810 55 55<\/p>\n\n\n\n<p><a href=\"info@tierkrematorium.ch\">info@tierkrematorium.ch<br><\/a><a href=\"http:\/\/www.tierkrematorium.ch\" target=\"_blank\" rel=\"noreferrer noopener\">www.tierkrematorium.ch<\/a><\/p>\n<\/div>\n\n\n\n<div class=\"wp-block-group is-style-shadow-box has-background-background-color has-background is-layout-constrained wp-block-group-is-layout-constrained\">\n<h3 class=\"wp-block-heading\" id=\"h-tierkrematorium-basel\"><strong>Tierkrematorium Basel<\/strong><\/h3>\n\n\n\n<p>W\u00f6lferstrasse 19a<br>4414 F\u00fcllinsdorf<\/p>\n\n\n\n<p>T\u00e9l\u00e9phone 061 815 11 30<\/p>\n\n\n\n<p><a href=\"mailto:info@tierkrematorium.ch\"><\/a><a href=\"info@tierkrematorium.ch\">info@tierkrematorium.ch<br><\/a><a href=\"http:\/\/www.tierkrematorium.ch\" target=\"_blank\" rel=\"noreferrer noopener\">www.tierkrematorium.ch<\/a><\/p>\n<\/div>\n\n\n\n<div class=\"wp-block-group is-style-shadow-box has-background-background-color has-background is-layout-constrained wp-block-group-is-layout-constrained\">\n<h3 class=\"wp-block-heading\" id=\"h-haustierkrematorium-fried-baum\"><strong>Haustierkrematorium Fried-Baum<\/strong><\/h3>\n\n\n\n<p>Fabrikwis 19<br>9543 St. Margarethen TG<\/p>\n\n\n\n<p>T\u00e9l\u00e9phone <a href=\"tel:071 960 14 70\">071 960 14 70<\/a><\/p>\n\n\n\n<p><a href=\"mailto:info@fried-baum.ch\"><mark style=\"background-color:rgba(0, 0, 0, 0)\" class=\"has-inline-color has-secondary-color\">info@fried-baum.ch<\/mark><\/a><mark style=\"background-color:rgba(0, 0, 0, 0)\" class=\"has-inline-color has-secondary-color\"><br><a href=\"http:\/\/www.haustierkrematorium.ch\" target=\"_blank\" rel=\"noreferrer noopener\">www.haustierkrematorium.ch<\/a><\/mark><\/p>\n<\/div>\n\n\n\n<div class=\"wp-block-group is-style-shadow-box has-background-background-color has-background is-layout-constrained wp-block-group-is-layout-constrained\">\n<h3 class=\"wp-block-heading\" id=\"h-tierkrematorium-schafisheim\"><strong>Tierkrematorium Schafisheim<\/strong><\/h3>\n\n\n\n<p>Alte Seonerstrasse 26<br>5503 Schafisheim<\/p>\n\n\n\n<p>T\u00e9l\u00e9phone <a href=\"tel:079 647 77 59\">079 647 77 59<\/a><\/p>\n\n\n\n<p><a href=\"mailto:info@tierkrematorium-schweiz.ch\"><mark style=\"background-color:rgba(0, 0, 0, 0)\" class=\"has-inline-color has-secondary-color\">info@tierkrematorium-schweiz.ch<\/mark><\/a><mark style=\"background-color:rgba(0, 0, 0, 0)\" class=\"has-inline-color has-secondary-color\"><br><a href=\"http:\/\/www.tierkrematorium-schweiz.ch\" target=\"_blank\" rel=\"noreferrer noopener\">www.tierkrematorium-schweiz.ch<\/a><\/mark><\/p>\n<\/div>\n\n\n\n<div class=\"wp-block-group is-style-shadow-box has-background-background-color has-background is-layout-constrained wp-block-group-is-layout-constrained\">\n<h3 class=\"wp-block-heading\" id=\"h-zita-s-himmelspforte\"><strong>Zita\u2019s Himmelspforte<\/strong><\/h3>\n\n\n\n<p>Bahnhofstrasse 2<br>5103 Wildegg<br><br>T\u00e9l\u00e9phone <a href=\"tel:079 884 51 77\">079 884 51 77<\/a><\/p>\n\n\n\n<p><a href=\"mailto:rosy.gadient@sunrise.ch\"><mark style=\"background-color:rgba(0, 0, 0, 0)\" class=\"has-inline-color has-secondary-color\">rosy.gadient@sunrise.ch<\/mark><\/a><\/p>\n<\/div>\n\n\n\n<div class=\"wp-block-group is-style-shadow-box has-background-background-color has-background is-layout-constrained wp-block-group-is-layout-constrained\">\n<h3 class=\"wp-block-heading\" id=\"h-dicentra-tierkrematorium\"><strong>Dicentra<\/strong> <strong>Tierkrematorium<\/strong><\/h3>\n\n\n\n<p>Neuhofstrasse 8<br>8630 R\u00fcti<br><br>T\u00e9l\u00e9phone 055 251 56 56<\/p>\n\n\n\n<p><a href=\"mailto:info@dicentra.ch\" target=\"_blank\" rel=\"noreferrer noopener\">info@dicentra.ch<\/a><br><a href=\"http:\/\/www.dicentra.ch\" target=\"_blank\" rel=\"noreferrer noopener\">www.dicentra.ch<\/a><\/p>\n<\/div>\n<\/div>\n<\/div>\n\n\n\n<div id=\"Tierfriedh\u00f6fe\" class=\"wp-block-group has-background-background-color has-background is-layout-constrained wp-block-group-is-layout-constrained\">\n<div style=\"height:45px\" aria-hidden=\"true\" class=\"wp-block-spacer\"><\/div>\n\n\n\n<h2 class=\"wp-block-heading has-text-align-center\" id=\"h-cimetieres-pour-animaux-en-suisse\"><strong>Cimeti\u00e8res pour animaux en Suisse<\/strong><\/h2>\n\n\n\n<hr class=\"wp-block-separator has-text-color has-primary-color has-alpha-channel-opacity has-primary-background-color has-background\"\/>\n\n\n\n<div class=\"wp-block-group has-3-cols is-layout-flex wp-container-core-group-is-layout-d0921e6e wp-block-group-is-layout-flex\">\n<div class=\"wp-block-group is-style-shadow-box has-background-background-color has-background is-layout-constrained wp-block-group-is-layout-constrained\">\n<h3 class=\"wp-block-heading\" id=\"h-jardin-du-souvenir-centre-et-refuge-svpa-sainte-catherine\"><strong>Jardin du souvenir<br>Centre et refuge SVPA, Sainte Catherine,<\/strong><\/h3>\n\n\n\n<p><br>Route de Berne 318<br>1000 Lausanne 25<br><br>T\u00e9l\u00e9phone <a href=\"tel:021 784 80 00\">021 784 80 00<\/a><\/p>\n\n\n\n<p><a href=\"mailto:secretariat@svpa.ch\"><mark style=\"background-color:rgba(0, 0, 0, 0)\" class=\"has-inline-color has-secondary-color\">secretariat@svpa.ch<\/mark><\/a><mark style=\"background-color:rgba(0, 0, 0, 0)\" class=\"has-inline-color has-secondary-color\"><br><a href=\"http:\/\/www.svpa.ch\" target=\"_blank\" rel=\"noreferrer noopener\">www.svpa.ch<\/a><\/mark><\/p>\n<\/div>\n\n\n\n<div class=\"wp-block-group is-style-shadow-box has-background-background-color has-background is-layout-constrained wp-block-group-is-layout-constrained\">\n<h3 class=\"wp-block-heading\" id=\"h-le-jardin-du-repos\"><strong>Le Jardin du Repos<\/strong><\/h3>\n\n\n\n<p>Cimeti\u00e8re animalier<br>Pompes fun\u00e8bres animali\u00e8res<br>2037 Montmollin NE<\/p>\n\n\n\n<p><br>Telefon <a href=\"tel:+41774098777\">077 409 87 77<\/a><\/p>\n\n\n\n<p><a href=\"mailto:info@lejardindurepos.ch\">info@lejardindurepos.ch<\/a><br><a href=\"https:\/\/www.lejardindurepos.ch\" target=\"_blank\" rel=\"noreferrer noopener\">www.lejardindurepos.ch <\/a><\/p>\n<\/div>\n\n\n\n<div class=\"wp-block-group is-style-shadow-box has-background-background-color has-background is-layout-constrained wp-block-group-is-layout-constrained\">\n<h3 class=\"wp-block-heading\" id=\"h-tierfriedhof-am-wisenberg\"><strong>Tierfriedhof am Wisenberg<\/strong><\/h3>\n\n\n\n<p>Bitzenweg<br>4448 L\u00e4ufelfingen<\/p>\n\n\n\n<p>T\u00e9l\u00e9phone <a href=\"tel:061 841 13 13\">061 841 13 13<\/a><\/p>\n\n\n\n<p><a href=\"mailto:info@tier-friedhof.ch\"><mark style=\"background-color:rgba(0, 0, 0, 0)\" class=\"has-inline-color has-secondary-color\">info@tier-friedhof.ch<\/mark><\/a><mark style=\"background-color:rgba(0, 0, 0, 0)\" class=\"has-inline-color has-secondary-color\"><br><\/mark><a href=\"http:\/\/www.tier-friedhof.ch\" target=\"_blank\" rel=\"noreferrer noopener\">www.tier-friedhof.ch<\/a><\/p>\n<\/div>\n\n\n\n<div class=\"wp-block-group is-style-shadow-box has-background-background-color has-background is-layout-constrained wp-block-group-is-layout-constrained\">\n<h3 class=\"wp-block-heading\" id=\"h-tierfriedhof-emmenbrucke\"><strong>Tierfriedhof Emmenbr\u00fccke<\/strong><\/h3>\n\n\n\n<p>Unter Wellisingen<br>6020 Emmenbr\u00fccke,<br><br>T\u00e9l\u00e9phone <a href=\"tel:041 28 63 06\">041 28 63 06<\/a><\/p>\n\n\n\n<p><a href=\"mailto:raphael.buehlmann@bluemail.ch\"><mark style=\"background-color:rgba(0, 0, 0, 0)\" class=\"has-inline-color has-secondary-color\">raphael.buehlmann@bluemail.ch<\/mark><\/a><mark style=\"background-color:rgba(0, 0, 0, 0)\" class=\"has-inline-color has-secondary-color\"><br><a href=\"http:\/\/www.tierfriedhof.ch\" target=\"_blank\" rel=\"noreferrer noopener\">www.tierfriedhof.ch<\/a><\/mark><\/p>\n<\/div>\n\n\n\n<div class=\"wp-block-group is-style-shadow-box has-background-background-color has-background is-layout-constrained wp-block-group-is-layout-constrained\">\n<h3 class=\"wp-block-heading\" id=\"h-tierfriedwald\"><strong>Tierfriedwald<\/strong><\/h3>\n\n\n\n<p>Beat Herzog<br>Buchen<br>8577 Sch\u00f6nholzerswilen,<\/p>\n\n\n\n<p>T\u00e9l\u00e9phone <a href=\"tel:078 677 79 02\">078 677 79 02<\/a><\/p>\n\n\n\n<p><a href=\"mailto:info@tierfriedwald.ch\"><mark style=\"background-color:rgba(0, 0, 0, 0)\" class=\"has-inline-color has-secondary-color\">info@tierfriedwald.ch<\/mark><\/a><mark style=\"background-color:rgba(0, 0, 0, 0)\" class=\"has-inline-color has-secondary-color\"><br><a href=\"http:\/\/www.tierfriedwald.ch\" target=\"_blank\" rel=\"noreferrer noopener\">www.tierfriedwald.ch<\/a><\/mark><\/p>\n<\/div>\n\n\n\n<div class=\"wp-block-group is-style-shadow-box has-background-background-color has-background is-layout-constrained wp-block-group-is-layout-constrained\">\n<h3 class=\"wp-block-heading\" id=\"h-waldfriedhof-kobelwald\"><strong>Waldfriedhof Kobelwald<\/strong><\/h3>\n\n\n\n<p>Verena Knuchel<br>Bahnhofstrasse 114<br>9240 Uzwil<br><br>T\u00e9l\u00e9phone <a href=\"tel:071 955 22 55\" data-type=\"tel\" data-id=\"tel:071 955 22 55\">071 955 22 55<\/a><br><br><a href=\"mailto:verena.knuchel@buhlergroup.com\"><mark style=\"background-color:rgba(0, 0, 0, 0)\" class=\"has-inline-color has-secondary-color\">verena.knuchel@buhlergroup.com<\/mark><\/a><mark style=\"background-color:rgba(0, 0, 0, 0)\" class=\"has-inline-color has-secondary-color\"><br><a href=\"https:\/\/www.waldfriedhof-kobelwald.ch\/\" target=\"_blank\" rel=\"noreferrer noopener\">www.waldfriedhof-kobelwald.ch<\/a><\/mark><\/p>\n<\/div>\n<\/div>\n<\/div>\n\n\n\n<div class=\"wp-block-group is-layout-constrained wp-block-group-is-layout-constrained\">\n<div style=\"height:100px\" aria-hidden=\"true\" class=\"wp-block-spacer\"><\/div>\n\n\n\n<div class=\"wp-block-columns is-layout-flex wp-container-core-columns-is-layout-28f84493 wp-block-columns-is-layout-flex\">\n<div class=\"wp-block-column is-layout-flow wp-block-column-is-layout-flow\">\n<div class=\"wp-block-media-text alignwide is-stacked-on-mobile is-style-stacked-shadow\"><figure class=\"wp-block-media-text__media\"><img loading=\"lazy\" decoding=\"async\" width=\"1024\" height=\"640\" src=\"https:\/\/tierschutz.com\/app\/uploads\/2023\/06\/sts-erbschaftsspende-1024x640.jpg\" alt=\"\" class=\"wp-image-3684 size-full\" srcset=\"https:\/\/tierschutz.com\/app\/uploads\/2023\/06\/sts-erbschaftsspende-1024x640.jpg 1024w, https:\/\/tierschutz.com\/app\/uploads\/2023\/06\/sts-erbschaftsspende-300x188.jpg 300w, https:\/\/tierschutz.com\/app\/uploads\/2023\/06\/sts-erbschaftsspende-768x480.jpg 768w, https:\/\/tierschutz.com\/app\/uploads\/2023\/06\/sts-erbschaftsspende-1536x960.jpg 1536w, https:\/\/tierschutz.com\/app\/uploads\/2023\/06\/sts-erbschaftsspende-2048x1280.jpg 2048w\" sizes=\"auto, (max-width: 1024px) 100vw, 1024px\" \/><\/figure><div class=\"wp-block-media-text__content\">\n<h3 class=\"wp-block-heading\" id=\"h-donation-d-heritage\"><strong>Donation d&#8217;h\u00e9ritage<\/strong><\/h3>\n\n\n\n<p>Vous souhaitez exprimer votre amour pour les animaux au-del\u00e0 de votre vie ? Dans ce cas, un don testamentaire est le choix qui vous convient.<\/p>\n\n\n\n<div class=\"wp-block-buttons is-layout-flex wp-block-buttons-is-layout-flex\">\n<div class=\"wp-block-button\"><a class=\"wp-block-button__link wp-element-button\" href=\"https:\/\/tierschutz.com\/fr\/protection-des-animaux\/dons\/legs\/\">En savoir plus sur le don d&#8217;h\u00e9ritage<\/a><\/div>\n<\/div>\n<\/div><\/div>\n<\/div>\n\n\n\n<div class=\"wp-block-column is-layout-flow wp-block-column-is-layout-flow\">\n<div class=\"wp-block-media-text alignwide is-stacked-on-mobile is-style-stacked-shadow\"><figure class=\"wp-block-media-text__media\"><img loading=\"lazy\" decoding=\"async\" width=\"1024\" height=\"683\" src=\"https:\/\/tierschutz.com\/app\/uploads\/2023\/06\/sts-trauerspende-vorgehen-1024x683.jpg\" alt=\"Trauriger Mops der an den boden schaut\" class=\"wp-image-3710 size-full\" srcset=\"https:\/\/tierschutz.com\/app\/uploads\/2023\/06\/sts-trauerspende-vorgehen-1024x683.jpg 1024w, https:\/\/tierschutz.com\/app\/uploads\/2023\/06\/sts-trauerspende-vorgehen-300x200.jpg 300w, https:\/\/tierschutz.com\/app\/uploads\/2023\/06\/sts-trauerspende-vorgehen-768x512.jpg 768w, https:\/\/tierschutz.com\/app\/uploads\/2023\/06\/sts-trauerspende-vorgehen-1536x1024.jpg 1536w, https:\/\/tierschutz.com\/app\/uploads\/2023\/06\/sts-trauerspende-vorgehen-2048x1365.jpg 2048w\" sizes=\"auto, (max-width: 1024px) 100vw, 1024px\" \/><\/figure><div class=\"wp-block-media-text__content\">\n<h3 class=\"wp-block-heading\" id=\"h-don-de-deuil\"><strong><strong>Don de deuil<\/strong><\/strong><\/h3>\n\n\n\n<p>Votre animal de compagnie \u00e9tait votre plus fid\u00e8le compagnon et vous souhaitez \u00e0 pr\u00e9sent rendre hommage \u00e0 ce lien particulier ? Une donation fun\u00e9raire est une mani\u00e8re appropri\u00e9e de rendre hommage \u00e0 votre amour. Pour en savoir plus, cliquez ici.<\/p>\n\n\n\n<div class=\"wp-block-buttons is-layout-flex wp-block-buttons-is-layout-flex\">\n<div class=\"wp-block-button\"><a class=\"wp-block-button__link wp-element-button\" href=\"https:\/\/tierschutz.com\/fr\/protection-des-animaux\/dons\/don-lors-de-funerailles\/\">En savoir plus sur le don de deuil<\/a><\/div>\n<\/div>\n<\/div><\/div>\n<\/div>\n<\/div>\n\n\n\n<div style=\"height:100px\" aria-hidden=\"true\" class=\"wp-block-spacer\"><\/div>\n<\/div>\n","protected":false},"excerpt":{"rendered":"<p>Animal mort Cr\u00e9matorium pour animaux Cimeti\u00e8res pour animaux Animal mort \u2013 que faire ? La perte d&#8217;un animal de compagnie [&hellip;]<\/p>\n","protected":false},"author":5,"featured_media":0,"parent":4498,"menu_order":334,"comment_status":"closed","ping_status":"closed","template":"","meta":{"_acf_changed":false,"inline_featured_image":false,"_vp_format_video_url":"","_vp_image_focal_point":[],"footnotes":""},"class_list":["post-20498","page","type-page","status-publish","hentry"],"acf":[],"yoast_head":"<!-- This site is optimized with the Yoast SEO Premium plugin v27.4 (Yoast SEO v27.4) - https:\/\/yoast.com\/product\/yoast-seo-premium-wordpress\/ -->\n<title>Animal mort - que faire ? - Protection Suisse des Animaux PSA<\/title>\n<meta name=\"robots\" content=\"index, follow, max-snippet:-1, max-image-preview:large, max-video-preview:-1\" \/>\n<link rel=\"canonical\" href=\"https:\/\/tierschutz.com\/fr\/protection-des-animaux\/urgence-animale\/animal-mort-que-faire\/\" \/>\n<meta property=\"og:locale\" content=\"fr_FR\" \/>\n<meta property=\"og:type\" content=\"article\" \/>\n<meta property=\"og:title\" content=\"Animal mort - que faire ?\" \/>\n<meta property=\"og:description\" content=\"Animal mort Cr\u00e9matorium pour animaux Cimeti\u00e8res pour animaux Animal mort \u2013 que faire ? La perte d&#8217;un animal de compagnie [&hellip;]\" \/>\n<meta property=\"og:url\" content=\"https:\/\/tierschutz.com\/fr\/protection-des-animaux\/urgence-animale\/animal-mort-que-faire\/\" \/>\n<meta property=\"og:site_name\" content=\"Protection Suisse des Animaux PSA\" \/>\n<meta property=\"article:publisher\" content=\"https:\/\/www.facebook.com\/schweizertierschutz\/\" \/>\n<meta property=\"article:modified_time\" content=\"2025-08-14T08:22:51+00:00\" \/>\n<meta property=\"og:image\" content=\"https:\/\/tierschutz.com\/app\/uploads\/2023\/07\/tierschutz-tier-gestorben.jpg\" \/>\n<meta name=\"twitter:card\" content=\"summary_large_image\" \/>\n<meta name=\"twitter:label1\" content=\"Dur\u00e9e de lecture estim\u00e9e\" \/>\n\t<meta name=\"twitter:data1\" content=\"7 minutes\" \/>\n<script type=\"application\/ld+json\" class=\"yoast-schema-graph\">{\"@context\":\"https:\\\/\\\/schema.org\",\"@graph\":[{\"@type\":\"WebPage\",\"@id\":\"https:\\\/\\\/tierschutz.com\\\/fr\\\/protection-des-animaux\\\/urgence-animale\\\/animal-mort-que-faire\\\/\",\"url\":\"https:\\\/\\\/tierschutz.com\\\/fr\\\/protection-des-animaux\\\/urgence-animale\\\/animal-mort-que-faire\\\/\",\"name\":\"Animal mort - que faire ? - Protection Suisse des Animaux PSA\",\"isPartOf\":{\"@id\":\"https:\\\/\\\/tierschutz.com\\\/fr\\\/#website\"},\"primaryImageOfPage\":{\"@id\":\"https:\\\/\\\/tierschutz.com\\\/fr\\\/protection-des-animaux\\\/urgence-animale\\\/animal-mort-que-faire\\\/#primaryimage\"},\"image\":{\"@id\":\"https:\\\/\\\/tierschutz.com\\\/fr\\\/protection-des-animaux\\\/urgence-animale\\\/animal-mort-que-faire\\\/#primaryimage\"},\"thumbnailUrl\":\"https:\\\/\\\/tierschutz.com\\\/app\\\/uploads\\\/2023\\\/07\\\/tierschutz-tier-gestorben.jpg\",\"datePublished\":\"2023-05-04T13:13:26+00:00\",\"dateModified\":\"2025-08-14T08:22:51+00:00\",\"breadcrumb\":{\"@id\":\"https:\\\/\\\/tierschutz.com\\\/fr\\\/protection-des-animaux\\\/urgence-animale\\\/animal-mort-que-faire\\\/#breadcrumb\"},\"inLanguage\":\"fr-FR\",\"potentialAction\":[{\"@type\":\"ReadAction\",\"target\":[\"https:\\\/\\\/tierschutz.com\\\/fr\\\/protection-des-animaux\\\/urgence-animale\\\/animal-mort-que-faire\\\/\"]}]},{\"@type\":\"ImageObject\",\"inLanguage\":\"fr-FR\",\"@id\":\"https:\\\/\\\/tierschutz.com\\\/fr\\\/protection-des-animaux\\\/urgence-animale\\\/animal-mort-que-faire\\\/#primaryimage\",\"url\":\"https:\\\/\\\/tierschutz.com\\\/app\\\/uploads\\\/2023\\\/07\\\/tierschutz-tier-gestorben.jpg\",\"contentUrl\":\"https:\\\/\\\/tierschutz.com\\\/app\\\/uploads\\\/2023\\\/07\\\/tierschutz-tier-gestorben.jpg\"},{\"@type\":\"BreadcrumbList\",\"@id\":\"https:\\\/\\\/tierschutz.com\\\/fr\\\/protection-des-animaux\\\/urgence-animale\\\/animal-mort-que-faire\\\/#breadcrumb\",\"itemListElement\":[{\"@type\":\"ListItem\",\"position\":1,\"name\":\"Page d\u2019accueil\",\"item\":\"https:\\\/\\\/mail.swiss-animal-protection.ch\\\/fr\\\/\"},{\"@type\":\"ListItem\",\"position\":2,\"name\":\"Protection des animaux\u00a0\",\"item\":\"https:\\\/\\\/mail.schweizer-tierschutz-sts.ch\\\/fr\\\/protection-des-animaux\\\/\"},{\"@type\":\"ListItem\",\"position\":3,\"name\":\"Urgence animale\",\"item\":\"https:\\\/\\\/tierschutz.com\\\/fr\\\/protection-des-animaux\\\/urgence-animale\\\/\"},{\"@type\":\"ListItem\",\"position\":4,\"name\":\"Animal mort &#8211; que faire ?\"}]},{\"@type\":\"WebSite\",\"@id\":\"https:\\\/\\\/tierschutz.com\\\/fr\\\/#website\",\"url\":\"https:\\\/\\\/tierschutz.com\\\/fr\\\/\",\"name\":\"tierschutz.com\",\"description\":\"Wir setzen uns f\u00fcr das Wohl der Tiere ein.\",\"publisher\":{\"@id\":\"https:\\\/\\\/tierschutz.com\\\/fr\\\/#organization\"},\"alternateName\":\"Schweizer Tierschutz STS\",\"potentialAction\":[{\"@type\":\"SearchAction\",\"target\":{\"@type\":\"EntryPoint\",\"urlTemplate\":\"https:\\\/\\\/tierschutz.com\\\/fr\\\/?s={search_term_string}\"},\"query-input\":{\"@type\":\"PropertyValueSpecification\",\"valueRequired\":true,\"valueName\":\"search_term_string\"}}],\"inLanguage\":\"fr-FR\"},{\"@type\":\"Organization\",\"@id\":\"https:\\\/\\\/tierschutz.com\\\/fr\\\/#organization\",\"name\":\"Schweizer Tierschutz STS\",\"alternateName\":\"STS\",\"url\":\"https:\\\/\\\/tierschutz.com\\\/fr\\\/\",\"logo\":{\"@type\":\"ImageObject\",\"inLanguage\":\"fr-FR\",\"@id\":\"https:\\\/\\\/tierschutz.com\\\/fr\\\/#\\\/schema\\\/logo\\\/image\\\/\",\"url\":\"https:\\\/\\\/tierschutz.com\\\/app\\\/uploads\\\/2024\\\/04\\\/logo-schweizer-tierschutz-sts-1.svg\",\"contentUrl\":\"https:\\\/\\\/tierschutz.com\\\/app\\\/uploads\\\/2024\\\/04\\\/logo-schweizer-tierschutz-sts-1.svg\",\"caption\":\"Schweizer Tierschutz STS\"},\"image\":{\"@id\":\"https:\\\/\\\/tierschutz.com\\\/fr\\\/#\\\/schema\\\/logo\\\/image\\\/\"},\"sameAs\":[\"https:\\\/\\\/www.facebook.com\\\/schweizertierschutz\\\/\",\"https:\\\/\\\/www.instagram.com\\\/schweizertierschutzsts\\\/\",\"https:\\\/\\\/www.youtube.com\\\/@STS_Tierschutz\",\"https:\\\/\\\/www.linkedin.com\\\/company\\\/schweizertierschutzsts\\\/\"],\"description\":\"Der Schweizer Tierschutz STS ist der Dachverband von 71 Tierschutzorganisationen in allen Sprachregionen der Schweiz und in Liechtenstein. Seine Mitarbeitenden leisten wissenschaftlich fundierte Grundlagenarbeit, setzen sich mit Projekten und Aktionen f\u00fcr den Schutz und das Wohlbefinden von Heim-, Wild-, Nutz- und Versuchstieren ein und sensibilisieren die \u00d6ffentlichkeit f\u00fcr Tierschutzthemen.\",\"email\":\"sts@tierschutz.com\",\"telephone\":\"061 365 99 99\",\"legalName\":\"Schweizer Tierschutz STS\"}]}<\/script>\n<!-- \/ Yoast SEO Premium plugin. -->","yoast_head_json":{"title":"Animal mort - que faire ? - Protection Suisse des Animaux PSA","robots":{"index":"index","follow":"follow","max-snippet":"max-snippet:-1","max-image-preview":"max-image-preview:large","max-video-preview":"max-video-preview:-1"},"canonical":"https:\/\/tierschutz.com\/fr\/protection-des-animaux\/urgence-animale\/animal-mort-que-faire\/","og_locale":"fr_FR","og_type":"article","og_title":"Animal mort - que faire ?","og_description":"Animal mort Cr\u00e9matorium pour animaux Cimeti\u00e8res pour animaux Animal mort \u2013 que faire ? La perte d&#8217;un animal de compagnie [&hellip;]","og_url":"https:\/\/tierschutz.com\/fr\/protection-des-animaux\/urgence-animale\/animal-mort-que-faire\/","og_site_name":"Protection Suisse des Animaux PSA","article_publisher":"https:\/\/www.facebook.com\/schweizertierschutz\/","article_modified_time":"2025-08-14T08:22:51+00:00","og_image":[{"url":"https:\/\/tierschutz.com\/app\/uploads\/2023\/07\/tierschutz-tier-gestorben.jpg","type":"","width":"","height":""}],"twitter_card":"summary_large_image","twitter_misc":{"Dur\u00e9e de lecture estim\u00e9e":"7 minutes"},"schema":{"@context":"https:\/\/schema.org","@graph":[{"@type":"WebPage","@id":"https:\/\/tierschutz.com\/fr\/protection-des-animaux\/urgence-animale\/animal-mort-que-faire\/","url":"https:\/\/tierschutz.com\/fr\/protection-des-animaux\/urgence-animale\/animal-mort-que-faire\/","name":"Animal mort - que faire ? - Protection Suisse des Animaux PSA","isPartOf":{"@id":"https:\/\/tierschutz.com\/fr\/#website"},"primaryImageOfPage":{"@id":"https:\/\/tierschutz.com\/fr\/protection-des-animaux\/urgence-animale\/animal-mort-que-faire\/#primaryimage"},"image":{"@id":"https:\/\/tierschutz.com\/fr\/protection-des-animaux\/urgence-animale\/animal-mort-que-faire\/#primaryimage"},"thumbnailUrl":"https:\/\/tierschutz.com\/app\/uploads\/2023\/07\/tierschutz-tier-gestorben.jpg","datePublished":"2023-05-04T13:13:26+00:00","dateModified":"2025-08-14T08:22:51+00:00","breadcrumb":{"@id":"https:\/\/tierschutz.com\/fr\/protection-des-animaux\/urgence-animale\/animal-mort-que-faire\/#breadcrumb"},"inLanguage":"fr-FR","potentialAction":[{"@type":"ReadAction","target":["https:\/\/tierschutz.com\/fr\/protection-des-animaux\/urgence-animale\/animal-mort-que-faire\/"]}]},{"@type":"ImageObject","inLanguage":"fr-FR","@id":"https:\/\/tierschutz.com\/fr\/protection-des-animaux\/urgence-animale\/animal-mort-que-faire\/#primaryimage","url":"https:\/\/tierschutz.com\/app\/uploads\/2023\/07\/tierschutz-tier-gestorben.jpg","contentUrl":"https:\/\/tierschutz.com\/app\/uploads\/2023\/07\/tierschutz-tier-gestorben.jpg"},{"@type":"BreadcrumbList","@id":"https:\/\/tierschutz.com\/fr\/protection-des-animaux\/urgence-animale\/animal-mort-que-faire\/#breadcrumb","itemListElement":[{"@type":"ListItem","position":1,"name":"Page d\u2019accueil","item":"https:\/\/mail.swiss-animal-protection.ch\/fr\/"},{"@type":"ListItem","position":2,"name":"Protection des animaux\u00a0","item":"https:\/\/mail.schweizer-tierschutz-sts.ch\/fr\/protection-des-animaux\/"},{"@type":"ListItem","position":3,"name":"Urgence animale","item":"https:\/\/tierschutz.com\/fr\/protection-des-animaux\/urgence-animale\/"},{"@type":"ListItem","position":4,"name":"Animal mort &#8211; que faire ?"}]},{"@type":"WebSite","@id":"https:\/\/tierschutz.com\/fr\/#website","url":"https:\/\/tierschutz.com\/fr\/","name":"tierschutz.com","description":"Wir setzen uns f\u00fcr das Wohl der Tiere ein.","publisher":{"@id":"https:\/\/tierschutz.com\/fr\/#organization"},"alternateName":"Schweizer Tierschutz STS","potentialAction":[{"@type":"SearchAction","target":{"@type":"EntryPoint","urlTemplate":"https:\/\/tierschutz.com\/fr\/?s={search_term_string}"},"query-input":{"@type":"PropertyValueSpecification","valueRequired":true,"valueName":"search_term_string"}}],"inLanguage":"fr-FR"},{"@type":"Organization","@id":"https:\/\/tierschutz.com\/fr\/#organization","name":"Schweizer Tierschutz STS","alternateName":"STS","url":"https:\/\/tierschutz.com\/fr\/","logo":{"@type":"ImageObject","inLanguage":"fr-FR","@id":"https:\/\/tierschutz.com\/fr\/#\/schema\/logo\/image\/","url":"https:\/\/tierschutz.com\/app\/uploads\/2024\/04\/logo-schweizer-tierschutz-sts-1.svg","contentUrl":"https:\/\/tierschutz.com\/app\/uploads\/2024\/04\/logo-schweizer-tierschutz-sts-1.svg","caption":"Schweizer Tierschutz STS"},"image":{"@id":"https:\/\/tierschutz.com\/fr\/#\/schema\/logo\/image\/"},"sameAs":["https:\/\/www.facebook.com\/schweizertierschutz\/","https:\/\/www.instagram.com\/schweizertierschutzsts\/","https:\/\/www.youtube.com\/@STS_Tierschutz","https:\/\/www.linkedin.com\/company\/schweizertierschutzsts\/"],"description":"Der Schweizer Tierschutz STS ist der Dachverband von 71 Tierschutzorganisationen in allen Sprachregionen der Schweiz und in Liechtenstein. Seine Mitarbeitenden leisten wissenschaftlich fundierte Grundlagenarbeit, setzen sich mit Projekten und Aktionen f\u00fcr den Schutz und das Wohlbefinden von Heim-, Wild-, Nutz- und Versuchstieren ein und sensibilisieren die \u00d6ffentlichkeit f\u00fcr Tierschutzthemen.","email":"sts@tierschutz.com","telephone":"061 365 99 99","legalName":"Schweizer Tierschutz STS"}]}},"_links":{"self":[{"href":"https:\/\/tierschutz.com\/fr\/wp-json\/wp\/v2\/pages\/20498","targetHints":{"allow":["GET"]}}],"collection":[{"href":"https:\/\/tierschutz.com\/fr\/wp-json\/wp\/v2\/pages"}],"about":[{"href":"https:\/\/tierschutz.com\/fr\/wp-json\/wp\/v2\/types\/page"}],"author":[{"embeddable":true,"href":"https:\/\/tierschutz.com\/fr\/wp-json\/wp\/v2\/users\/5"}],"replies":[{"embeddable":true,"href":"https:\/\/tierschutz.com\/fr\/wp-json\/wp\/v2\/comments?post=20498"}],"version-history":[{"count":7,"href":"https:\/\/tierschutz.com\/fr\/wp-json\/wp\/v2\/pages\/20498\/revisions"}],"predecessor-version":[{"id":33331,"href":"https:\/\/tierschutz.com\/fr\/wp-json\/wp\/v2\/pages\/20498\/revisions\/33331"}],"up":[{"embeddable":true,"href":"https:\/\/tierschutz.com\/fr\/wp-json\/wp\/v2\/pages\/4498"}],"wp:attachment":[{"href":"https:\/\/tierschutz.com\/fr\/wp-json\/wp\/v2\/media?parent=20498"}],"curies":[{"name":"wp","href":"https:\/\/api.w.org\/{rel}","templated":true}]}}