{"id":29311,"date":"2024-12-16T12:48:42","date_gmt":"2024-12-16T11:48:42","guid":{"rendered":"https:\/\/tierschutz.com\/reformen\/"},"modified":"2025-04-09T10:36:33","modified_gmt":"2025-04-09T08:36:33","slug":"reformes","status":"publish","type":"page","link":"https:\/\/tierschutz.com\/fr\/reformes\/","title":{"rendered":"R\u00e9formes"},"content":{"rendered":"\n<div class=\"wp-block-cover alignfull is-light\"><span aria-hidden=\"true\" class=\"wp-block-cover__background has-background-dim-20 has-background-dim\" style=\"background-color:#928583\"><\/span><img loading=\"lazy\" decoding=\"async\" width=\"2560\" height=\"1707\" class=\"wp-block-cover__image-background wp-image-473\" alt=\"Ein gl\u00fccklicher junger Mann sitzt mit seinem H\u00fcndchen auf dem Sofa zu Hause.\" src=\"https:\/\/tierschutz.com\/app\/uploads\/2023\/05\/schweizer-tierschutz-heimtierhaltung-scaled.jpg\" data-object-fit=\"cover\" srcset=\"https:\/\/tierschutz.com\/app\/uploads\/2023\/05\/schweizer-tierschutz-heimtierhaltung-scaled.jpg 2560w, https:\/\/tierschutz.com\/app\/uploads\/2023\/05\/schweizer-tierschutz-heimtierhaltung-300x200.jpg 300w, https:\/\/tierschutz.com\/app\/uploads\/2023\/05\/schweizer-tierschutz-heimtierhaltung-1024x683.jpg 1024w, https:\/\/tierschutz.com\/app\/uploads\/2023\/05\/schweizer-tierschutz-heimtierhaltung-768x512.jpg 768w, https:\/\/tierschutz.com\/app\/uploads\/2023\/05\/schweizer-tierschutz-heimtierhaltung-1536x1024.jpg 1536w, https:\/\/tierschutz.com\/app\/uploads\/2023\/05\/schweizer-tierschutz-heimtierhaltung-2048x1365.jpg 2048w\" sizes=\"auto, (max-width: 2560px) 100vw, 2560px\" \/><div class=\"wp-block-cover__inner-container is-layout-flow wp-block-cover-is-layout-flow\">\n<h2 class=\"wp-block-heading has-text-align-center has-background-color has-text-color\" id=\"h-les-reformes-en-bref\"><strong>Les r\u00e9formes en bref<\/strong><\/h2>\n<\/div><\/div>\n\n\n\n<div class=\"wp-block-group alignfull anchor-bar has-lightgray-background-color has-background is-layout-constrained wp-block-group-is-layout-constrained\">\n<div class=\"wp-block-group is-content-justification-center is-layout-flex wp-container-core-group-is-layout-b02886af wp-block-group-is-layout-flex\">\n<p><strong><a href=\"#h-janvier-2024\">Retour au d\u00e9but<\/a><\/strong><\/p>\n<\/div>\n<\/div>\n\n\n\n<div class=\"wp-block-group alignfull has-background-background-color has-background is-layout-constrained wp-block-group-is-layout-constrained\" id=\"standard\"><div class=\"yoast-breadcrumbs\"><span><span><a href=\"https:\/\/mail.swiss-animal-protection.ch\/fr\/\">Page d\u2019accueil<\/a><\/span> \u00bb <span class=\"breadcrumb_last\" aria-current=\"page\">R\u00e9formes<\/span><\/span><\/div>\n\n\n<h1 class=\"wp-block-heading has-text-align-center\" id=\"h-comment-la-psa-met-les-reformes-en-oeuvre\"><strong>Comment la PSA met les r\u00e9formes en \u0153uvre<\/strong><\/h1>\n\n\n\n<hr class=\"wp-block-separator has-text-color has-primary-color has-alpha-channel-opacity has-primary-background-color has-background\"\/>\n\n\n\n<p class=\"has-text-align-center has-large-font-size\">D\u00e9couvrez ici les mesures que la PSA a mises en \u0153uvre au fil du temps pour pr\u00e9parer l\u2019avenir et renforcer sa position de principale organisation de protection des animaux en Suisse. La liste sera r\u00e9guli\u00e8rement mise \u00e0 jour.<\/p>\n<\/div>\n\n\n\n<div class=\"wp-block-cp-timeline-content-timeline Cool-Content-Timeline\" id=\"zeit\"><div class=\"cool-timeline-block-05b4f4f4-efe8-498b-9683-6fbd26789d72\"><style>.cool-timeline-block-05b4f4f4-efe8-498b-9683-6fbd26789d72 .cool-vertical-timeline-body{--ctlb-head-font-size: 28px;--ctlb-head-font-weight: 700;--ctlb-heading-color: #ff7b00;--ctlb-sub-head-font-size: 20px;--ctlb-sub-head-font-weight: 400;--ctlb-sub-heading-color: #010101;--ctlb-line-color: #5f4bb6;--ctlb-icon-bg: #5f4bb6;--ctlb-story-border-color: #ffffff;--ctlb-container-top-padding: 8%;--ctlb-container-right-padding: 8%;--ctlb-container-bottom-padding: 8%;--ctlb-container-left-padding: 8%;--ctlb-container-top-border: 0px;--ctlb-container-right-border: 0px;--ctlb-container-bottom-border: 0px;--ctlb-container-left-border: 0px;--ctlb-container-top-radius: 0px;--ctlb-container-right-radius: 0px;--ctlb-container-bottom-radius: 0px;--ctlb-container-left-radius: 0px;--ctlb-year-font-size: 28px;--ctlb-year-font-weight: 700;--ctlb-year-box-color: #5f4bb6;}<\/style><div class=\"cool-vertical-timeline-body ctlb-wrapper both-sided left\" data-animation=\"zoom-in-left\"><div class=\"cool-timeline-block-list\">\n<div class=\"wp-block-cp-timeline-content-timeline-child\"><div class=\"ctlb-year-section\" id=\"ctlb-year-nav-5cb5e2f1-0a5f-45ec-a2c9-fd6fb9f06c61\"><div class=\"ctlb-year-label\"><span class=\"ctlb-year-text\">2025<\/span><\/div><\/div><div class=\"timeline-content icon-false \"><div class=\"timeline-block-timeline ctl-row  position-right ctl_timeFalse\"><div class=\"ctl-6 timeline-block-time\"><\/div><div class=\"timeline-block-icon\"><svg stroke=\"currentColor\" fill=\"currentColor\" stroke-width=\"0\" viewBox=\"0 0 512 512\" height=\"1em\" width=\"1em\" xmlns=\"http:\/\/www.w3.org\/2000\/svg\"><path d=\"M256 8C119 8 8 119 8 256s111 248 248 248 248-111 248-248S393 8 256 8z\"><\/path><\/svg><\/div><div class=\"ctl-6 timeline-block-detail\"><div class=\"story-details\"><div class=\"story-content\">\n<h3 class=\"wp-block-heading ctlb-block-title\" id=\"h-mars-2025\">Mars 2025<\/h3>\n\n\n\n<p class=\"ctlb-block-desc\">Peter V. Kunz (60 ans) est le nouveau <u><a href=\"https:\/\/tierschutz.com\/fr\/peter-v-kunz-est-le-nouveau-president-de-la-psa\/\">pr\u00e9sident<\/a><\/u>&nbsp;de la PSA. Il a \u00e9t\u00e9 \u00e9lu le 15 mars 2025 \u00e0 B\u00e2le lors d&#8217;une assembl\u00e9e extraordinaire des d\u00e9l\u00e9gu\u00e9s avec 136 voix sur 166 d\u00e9l\u00e9gu\u00e9s votants. Les nouveaux statuts ont \u00e9galement \u00e9t\u00e9 approuv\u00e9s par les d\u00e9l\u00e9gu\u00e9s \u00e0 91%, comme base pour la poursuite de la modernisation de la PSA.<\/p>\n\n\n\n<p><\/p>\n\n\n\n<figure class=\"wp-block-image size-large\"><img loading=\"lazy\" decoding=\"async\" width=\"1024\" height=\"683\" src=\"https:\/\/tierschutz.com\/app\/uploads\/2025\/03\/PVK-1024x683.jpg\" alt=\"\" class=\"wp-image-30136\" style=\"aspect-ratio:16\/9;object-fit:cover\" srcset=\"https:\/\/tierschutz.com\/app\/uploads\/2025\/03\/PVK-1024x683.jpg 1024w, https:\/\/tierschutz.com\/app\/uploads\/2025\/03\/PVK-300x200.jpg 300w, https:\/\/tierschutz.com\/app\/uploads\/2025\/03\/PVK-768x512.jpg 768w, https:\/\/tierschutz.com\/app\/uploads\/2025\/03\/PVK-1536x1024.jpg 1536w, https:\/\/tierschutz.com\/app\/uploads\/2025\/03\/PVK-2048x1365.jpg 2048w\" sizes=\"auto, (max-width: 1024px) 100vw, 1024px\" \/><\/figure>\n<\/div><\/div><\/div><\/div><\/div><\/div>\n\n\n\n<div class=\"wp-block-cp-timeline-content-timeline-child\"><div class=\"timeline-content icon-false \"><div class=\"timeline-block-timeline ctl-row  position-left ctl_timeFalse\"><div class=\"ctl-6 timeline-block-time\"><\/div><div class=\"timeline-block-icon\"><svg stroke=\"currentColor\" fill=\"currentColor\" stroke-width=\"0\" viewBox=\"0 0 512 512\" height=\"1em\" width=\"1em\" xmlns=\"http:\/\/www.w3.org\/2000\/svg\"><path d=\"M256 8C119 8 8 119 8 256s111 248 248 248 248-111 248-248S393 8 256 8z\"><\/path><\/svg><\/div><div class=\"ctl-6 timeline-block-detail\"><div class=\"story-details\"><div class=\"story-content\">\n<h3 class=\"wp-block-heading ctlb-block-title\" id=\"h-janvier-2025\">Janvier 2025<\/h3>\n\n\n\n<p class=\"ctlb-block-desc\"><a href=\"https:\/\/tierschutz.com\/fr\/neues-prasidium-peter-v-kunz-stellt-sich-zur-wahl\/\">Peter V. Kunz,<\/a> membre du Comit\u00e9 directeur de la Protection Suisse des Animaux PSA, pr\u00e9sente sa candidature au poste de pr\u00e9sident de la plus grande organisation nationale de protection des animaux. Le Comit\u00e9 directeur et la commission de s\u00e9lection qu\u2019il a mise en place proposent aux d\u00e9l\u00e9gu\u00e9s de soutenir sa candidature.<\/p>\n\n\n\n<p><\/p>\n\n\n\n<p class=\"ctlb-block-desc\">L\u2019\u00e9lection aura lieu le 15 mars 2025 lors d\u2019une Assembl\u00e9e extraordinaire des d\u00e9l\u00e9gu\u00e9s \u00e0 B\u00e2le.<\/p>\n<\/div><\/div><\/div><\/div><\/div><\/div>\n\n\n\n<div class=\"wp-block-cp-timeline-content-timeline-child\"><div class=\"ctlb-year-section\" id=\"ctlb-year-nav-4abc412f-2bdb-480d-b715-33c06ae8dd31\"><div class=\"ctlb-year-label\"><span class=\"ctlb-year-text\">2024<\/span><\/div><\/div><div class=\"timeline-content icon-dot \"><div class=\"timeline-block-timeline ctl-row  position-right ctl_timeFalse\"><div class=\"ctl-6 timeline-block-time\"><\/div><div class=\"timeline-block-icon\"><svg stroke=\"currentColor\" fill=\"currentColor\" stroke-width=\"0\" viewBox=\"0 0 512 512\" height=\"1em\" width=\"1em\" xmlns=\"http:\/\/www.w3.org\/2000\/svg\"><path d=\"M256 8C119 8 8 119 8 256s111 248 248 248 248-111 248-248S393 8 256 8z\"><\/path><\/svg><\/div><div class=\"ctl-6 timeline-block-detail\"><div class=\"story-details\"><div class=\"story-content\">\n<h3 class=\"wp-block-heading ctlb-block-title\" id=\"h-decembre-2024\"><strong>D\u00e9cembre 2024<\/strong><\/h3>\n\n\n\n<p class=\"ctlb-block-desc\">La direction informe de nouveau les collaborateurs de la PSA du processus strat\u00e9gique envisag\u00e9 pour 2025. La nouvelle strat\u00e9gie de la PSA pose les bases du futur travail op\u00e9rationnel sp\u00e9cialis\u00e9 et de projets visant \u00e0 am\u00e9liorer la protection et le bien-\u00eatre des animaux.<\/p>\n\n\n\n<p><\/p>\n\n\n\n<p class=\"ctlb-block-desc\">Le processus de num\u00e9risation initi\u00e9 pr\u00e9c\u00e9demment se poursuivra en 2025 avec l\u2019introduction de MS 365 et d\u2019autres mesures, en vue de favoriser la collaboration et l\u2019efficacit\u00e9.<\/p>\n<\/div><\/div><\/div><\/div><\/div><\/div>\n\n\n\n<div class=\"wp-block-cp-timeline-content-timeline-child\"><div class=\"timeline-content icon-false \"><div class=\"timeline-block-timeline ctl-row  position-left ctl_timeFalse\"><div class=\"ctl-6 timeline-block-time\"><\/div><div class=\"timeline-block-icon\"><svg stroke=\"currentColor\" fill=\"currentColor\" stroke-width=\"0\" viewBox=\"0 0 512 512\" height=\"1em\" width=\"1em\" xmlns=\"http:\/\/www.w3.org\/2000\/svg\"><path d=\"M256 8C119 8 8 119 8 256s111 248 248 248 248-111 248-248S393 8 256 8z\"><\/path><\/svg><\/div><div class=\"ctl-6 timeline-block-detail\"><div class=\"story-details\"><div class=\"story-content\">\n<h3 class=\"wp-block-heading ctlb-block-title\" id=\"h-novembre-2024\"><strong>Novembre 2024<\/strong><\/h3>\n\n\n\n<p class=\"ctlb-block-desc\">Lors d\u2019une conf\u00e9rence des <a href=\"https:\/\/tierschutz.com\/fr\/la-psa\/association\/sections\/\">sections<\/a>, le <a href=\"https:\/\/tierschutz.com\/fr\/creation-dun-groupe-de-reforme-au-sein-de-la-protection-suisse-des-animaux-psa-un-pas-decisif-vers-lavenir\/\">groupe de r\u00e9forme<\/a> mis en place par le Comit\u00e9 directeur a pr\u00e9sent\u00e9 le projet de r\u00e9vision des statuts de la PSA. Le Comit\u00e9 directeur soumettra les nouveaux statuts au vote lors d\u2019une Assembl\u00e9e extraordinaire des d\u00e9l\u00e9gu\u00e9s en mars 2025.<\/p>\n\n\n\n<p><\/p>\n\n\n\n<p class=\"ctlb-block-desc\">L\u2019\u00e9lection d\u2019une nouvelle pr\u00e9sidente ou d\u2019un nouveau pr\u00e9sident aura lieu \u00e0 cette occasion.<\/p>\n<\/div><\/div><\/div><\/div><\/div><\/div>\n\n\n\n<div class=\"wp-block-cp-timeline-content-timeline-child\"><div class=\"timeline-content icon-false \"><div class=\"timeline-block-timeline ctl-row  position-right ctl_timeFalse\"><div class=\"ctl-6 timeline-block-time\"><\/div><div class=\"timeline-block-icon\"><svg stroke=\"currentColor\" fill=\"currentColor\" stroke-width=\"0\" viewBox=\"0 0 512 512\" height=\"1em\" width=\"1em\" xmlns=\"http:\/\/www.w3.org\/2000\/svg\"><path d=\"M256 8C119 8 8 119 8 256s111 248 248 248 248-111 248-248S393 8 256 8z\"><\/path><\/svg><\/div><div class=\"ctl-6 timeline-block-detail\"><div class=\"story-details\"><div class=\"story-content\">\n<h3 class=\"wp-block-heading ctlb-block-title\" id=\"h-novembre-2024-0\"><strong>Novembre 2024<\/strong><\/h3>\n\n\n\n<p><\/p>\n\n\n\n<p class=\"ctlb-block-desc\">La <a href=\"https:\/\/www.zewo.ch\" target=\"_blank\" rel=\"noreferrer noopener\">Zewo<\/a> retire la PSA de la liste des organisations qui \u00abs\u2019\u00e9cartent sensiblement des normes Zewo\u00bb. Cela signifie que la Zewo ne d\u00e9conseille plus de soutenir la PSA par des dons. La Zewo, qui certifie les organisations d\u2019utilit\u00e9 publique \u00e0 but non lucratif, consid\u00e8re que les premiers <a href=\"https:\/\/tierschutz.com\/fr\/la-psa\/ce-que-nous-faisons\/\">points importants de la r\u00e9forme<\/a> de la PSA ont \u00e9t\u00e9 mis en \u0153uvre avec succ\u00e8s.<\/p>\n<\/div><\/div><\/div><\/div><\/div><\/div>\n\n\n\n<div class=\"wp-block-cp-timeline-content-timeline-child\"><div class=\"timeline-content icon-false \"><div class=\"timeline-block-timeline ctl-row  position-left ctl_timeFalse\"><div class=\"ctl-6 timeline-block-time\"><\/div><div class=\"timeline-block-icon\"><svg stroke=\"currentColor\" fill=\"currentColor\" stroke-width=\"0\" viewBox=\"0 0 512 512\" height=\"1em\" width=\"1em\" xmlns=\"http:\/\/www.w3.org\/2000\/svg\"><path d=\"M256 8C119 8 8 119 8 256s111 248 248 248 248-111 248-248S393 8 256 8z\"><\/path><\/svg><\/div><div class=\"ctl-6 timeline-block-detail\"><div class=\"story-details\"><div class=\"story-content\">\n<h3 class=\"wp-block-heading ctlb-block-title\" id=\"h-octobre-2024\"><strong>Octobre 2024<\/strong><\/h3>\n\n\n\n<p class=\"ctlb-block-desc\">L\u2019avocat tessinois Piero Mazzoleni (72 ans) annonce qu\u2019il <a href=\"https:\/\/tierschutz.com\/fr\/le-president-par-interim-piero-mazzoleni-se-demettra-de-ses-fonctions-le-15-mars-2025-une-commission-de-selection-prepare-la-succession\/\">quittera ses fonctions <\/a>de pr\u00e9sident de la Protection Suisse des Animaux PSA en mars 2025.<\/p>\n\n\n\n<p><\/p>\n\n\n\n<p class=\"ctlb-block-desc\">Le Comit\u00e9 directeur d\u00e9cide de constituer une commission de s\u00e9lection pour remplacer Piero Mazzoleni.<\/p>\n<\/div><\/div><\/div><\/div><\/div><\/div>\n\n\n\n<div class=\"wp-block-cp-timeline-content-timeline-child\"><div class=\"timeline-content icon-false \"><div class=\"timeline-block-timeline ctl-row  position-right ctl_timeFalse\"><div class=\"ctl-6 timeline-block-time\"><\/div><div class=\"timeline-block-icon\"><svg stroke=\"currentColor\" fill=\"currentColor\" stroke-width=\"0\" viewBox=\"0 0 512 512\" height=\"1em\" width=\"1em\" xmlns=\"http:\/\/www.w3.org\/2000\/svg\"><path d=\"M256 8C119 8 8 119 8 256s111 248 248 248 248-111 248-248S393 8 256 8z\"><\/path><\/svg><\/div><div class=\"ctl-6 timeline-block-detail\"><div class=\"story-details\"><div class=\"story-content\">\n<h3 class=\"wp-block-heading ctlb-block-title\" id=\"h-septembre-2024\"><strong>Septembre 2024<\/strong><\/h3>\n\n\n\n<p class=\"ctlb-block-desc\">Nicole Disler (45 ans) <a href=\"https:\/\/tierschutz.com\/fr\/neue-leitung-fuer-das-kompetenzzentrum-nutztiere-und-den-kontrolldienst-des-schweizer-tierschutz-sts\/\">dirige<\/a> d\u00e9sormais le <a href=\"https:\/\/tierschutz.com\/fr\/detention-des-animaux\/animaux-de-rente\/centre-de-competence-animaux-de-rente-protection-suisse-des-animaux-psa-service-de-controle-psa\/\">Centre de comp\u00e9tence Animaux de rente et le Service de contr\u00f4le de la Protection Suisse des Animaux PSA. <\/a><\/p>\n\n\n\n<p><\/p>\n\n\n\n<p class=\"ctlb-block-desc\">Disler vient de l\u2019Office f\u00e9d\u00e9ral de la sant\u00e9 publique (OFSP) o\u00f9 elle a travaill\u00e9 comme cheffe de projet de la division Communication et campagnes sanitaires.<\/p>\n<\/div><\/div><\/div><\/div><\/div><\/div>\n\n\n\n<div class=\"wp-block-cp-timeline-content-timeline-child\"><div class=\"timeline-content icon-false \"><div class=\"timeline-block-timeline ctl-row  position-left ctl_timeFalse\"><div class=\"ctl-6 timeline-block-time\"><\/div><div class=\"timeline-block-icon\"><svg stroke=\"currentColor\" fill=\"currentColor\" stroke-width=\"0\" viewBox=\"0 0 512 512\" height=\"1em\" width=\"1em\" xmlns=\"http:\/\/www.w3.org\/2000\/svg\"><path d=\"M256 8C119 8 8 119 8 256s111 248 248 248 248-111 248-248S393 8 256 8z\"><\/path><\/svg><\/div><div class=\"ctl-6 timeline-block-detail\"><div class=\"story-details\"><div class=\"story-content\">\n<h3 class=\"wp-block-heading ctlb-block-title\" id=\"h-aout-2024\"><strong>Ao\u00fbt 2024<\/strong><\/h3>\n\n\n\n<p class=\"ctlb-block-desc\">Les t\u00e2ches de la direction et du Comit\u00e9 directeur en tant qu\u2019organe strat\u00e9gique sont d\u00e9finies dans un nouveau r\u00e8glement interne.<\/p>\n\n\n\n<p><\/p>\n\n\n\n<p class=\"ctlb-block-desc\">Ce r\u00e8glement interne contient \u00e9galement des directives visant \u00e0 \u00e9viter les conflits d\u2019int\u00e9r\u00eats au niveau du Comit\u00e9 et de la direction. Il faut d\u00e9clarer tous les \u00e9ventuels liens d\u2019int\u00e9r\u00eats.<\/p>\n<\/div><\/div><\/div><\/div><\/div><\/div>\n\n\n\n<div class=\"wp-block-cp-timeline-content-timeline-child\"><div class=\"timeline-content icon-false \"><div class=\"timeline-block-timeline ctl-row  position-right ctl_timeFalse\"><div class=\"ctl-6 timeline-block-time\"><\/div><div class=\"timeline-block-icon\"><svg stroke=\"currentColor\" fill=\"currentColor\" stroke-width=\"0\" viewBox=\"0 0 512 512\" height=\"1em\" width=\"1em\" xmlns=\"http:\/\/www.w3.org\/2000\/svg\"><path d=\"M256 8C119 8 8 119 8 256s111 248 248 248 248-111 248-248S393 8 256 8z\"><\/path><\/svg><\/div><div class=\"ctl-6 timeline-block-detail\"><div class=\"story-details\"><div class=\"story-content\">\n<h3 class=\"wp-block-heading ctlb-block-title\" id=\"h-juillet-2024\"><strong>Juillet 2024<\/strong><\/h3>\n\n\n\n<p class=\"ctlb-block-desc\">La PSA a publi\u00e9 sur son site web ses <a href=\"https:\/\/tierschutz.com\/fr\/la-psa\/ce-que-nous-faisons\/finances-fonds\/\">comptes annuels 2023<\/a> sous une nouvelle forme plus d\u00e9taill\u00e9e. \u00c0 partir de l\u2019exercice 2024, la PSA \u00e9tablira et publiera ses comptes annuels conform\u00e9ment \u00e0 la norme Swiss GAAP RPC 21 avec r\u00e9vision ordinaire, y compris le processus budg\u00e9taire et le syst\u00e8me de contr\u00f4le interne (SCI). La transition vers le nouveau syst\u00e8me Abacus de comptabilit\u00e9 financi\u00e8re et de ressources humaines commence.<\/p>\n<\/div><\/div><\/div><\/div><\/div><\/div>\n\n\n\n<div class=\"wp-block-cp-timeline-content-timeline-child\"><div class=\"timeline-content icon-false \"><div class=\"timeline-block-timeline ctl-row  position-left ctl_timeFalse\"><div class=\"ctl-6 timeline-block-time\"><\/div><div class=\"timeline-block-icon\"><svg stroke=\"currentColor\" fill=\"currentColor\" stroke-width=\"0\" viewBox=\"0 0 512 512\" height=\"1em\" width=\"1em\" xmlns=\"http:\/\/www.w3.org\/2000\/svg\"><path d=\"M256 8C119 8 8 119 8 256s111 248 248 248 248-111 248-248S393 8 256 8z\"><\/path><\/svg><\/div><div class=\"ctl-6 timeline-block-detail\"><div class=\"story-details\"><div class=\"story-content\">\n<h3 class=\"wp-block-heading ctlb-block-title\" id=\"h-mai-2024\"><strong>Mai 2024<\/strong><\/h3>\n\n\n\n<p class=\"ctlb-block-desc\">Marco Mettler (45 ans) prend la <a href=\"https:\/\/tierschutz.com\/fr\/marco-mettler-est-le-nouveau-directeur-de-la-psa\/\">direction<\/a> de la PSA. Mettler \u00e9tait derni\u00e8rement vice-directeur de Pro Juventute. L\u2019une de ses t\u00e2ches principales est de poursuivre et de r\u00e9ussir \u00e0 mettre en \u0153uvre au niveau op\u00e9rationnel le processus de modernisation de la PSA en collaboration avec la direction, le Comit\u00e9 directeur et les collaborateurs.<\/p>\n\n\n\n<p><\/p>\n\n\n\n<p class=\"ctlb-block-desc\">La nouvelle <a href=\"https:\/\/tierschutz.com\/fr\/la-psa\/association\/direction\/\">direction<\/a> se compose \u00e9galement de Julika Fitzi-Rathgen, Dr m\u00e9d. v\u00e9t. MLaw, Responsable Protection des animaux; Lorena Pedalino, Responsable Finances &amp; Services centraux; Katja Polzin, Responsable Fundraising &amp; Marketing; Nicole Disler, Responsable du Centre de comp\u00e9tence Animaux de rente et du Service de contr\u00f4le PSA. Simon Hubacher, Responsable Communication, est membre de l\u2019\u00e9quipe de direction \u00e9largie.<\/p>\n<\/div><\/div><\/div><\/div><\/div><\/div>\n\n\n\n<div class=\"wp-block-cp-timeline-content-timeline-child\"><div class=\"timeline-content icon-false \"><div class=\"timeline-block-timeline ctl-row  position-right ctl_timeFalse\"><div class=\"ctl-6 timeline-block-time\"><\/div><div class=\"timeline-block-icon\"><svg stroke=\"currentColor\" fill=\"currentColor\" stroke-width=\"0\" viewBox=\"0 0 512 512\" height=\"1em\" width=\"1em\" xmlns=\"http:\/\/www.w3.org\/2000\/svg\"><path d=\"M256 8C119 8 8 119 8 256s111 248 248 248 248-111 248-248S393 8 256 8z\"><\/path><\/svg><\/div><div class=\"ctl-6 timeline-block-detail\"><div class=\"story-details\"><div class=\"story-content\">\n<h3 class=\"wp-block-heading ctlb-block-title\" id=\"h-avril-2024\"><strong>Avril 2024<\/strong><\/h3>\n\n\n\n<p class=\"ctlb-block-desc\">Le <a href=\"https:\/\/tierschutz.com\/fr\/la-psa\/association\/comite-directeur\/\">Comit\u00e9 directeur<\/a> de la PSA a d\u00e9cid\u00e9 de cr\u00e9er un <a href=\"https:\/\/tierschutz.com\/fr\/creation-dun-groupe-de-reforme-au-sein-de-la-protection-suisse-des-animaux-psa-un-pas-decisif-vers-lavenir\/\">groupe de r\u00e9forme<\/a> pour guider l\u2019organisation \u00e0 travers les d\u00e9fis actuels et jeter les bases d\u2019un avenir positif.<\/p>\n\n\n\n<p><\/p>\n\n\n\n<p class=\"ctlb-block-desc\">Cette initiative souligne la volont\u00e9 de la PSA de renforcer ses structures et de poursuivre plus efficacement sa mission. Dr Jascha Schneider-Marfels, d\u00e9l\u00e9gu\u00e9 du Tierschutz beider Basel, est nomm\u00e9 pr\u00e9sident du groupe de r\u00e9forme.<\/p>\n<\/div><\/div><\/div><\/div><\/div><\/div>\n\n\n\n<div class=\"wp-block-cp-timeline-content-timeline-child\"><div class=\"timeline-content icon-false \"><div class=\"timeline-block-timeline ctl-row  position-left ctl_timeFalse\"><div class=\"ctl-6 timeline-block-time\"><\/div><div class=\"timeline-block-icon\"><svg stroke=\"currentColor\" fill=\"currentColor\" stroke-width=\"0\" viewBox=\"0 0 512 512\" height=\"1em\" width=\"1em\" xmlns=\"http:\/\/www.w3.org\/2000\/svg\"><path d=\"M256 8C119 8 8 119 8 256s111 248 248 248 248-111 248-248S393 8 256 8z\"><\/path><\/svg><\/div><div class=\"ctl-6 timeline-block-detail\"><div class=\"story-details\"><div class=\"story-content\">\n<h3 class=\"wp-block-heading ctlb-block-title\" id=\"h-janvier-2024\"><strong>Janvier 2024<\/strong><\/h3>\n\n\n\n<p class=\"ctlb-block-desc\">L\u2019Assembl\u00e9e des d\u00e9l\u00e9gu\u00e9s de la PSA adopte une demande de <a href=\"https:\/\/tierschutz.com\/fr\/la-psa-pose-des-jalons-pour-lavenir\/\">non-reconduction<\/a> de la pr\u00e9sidente de la PSA, Nicole Ruch. L\u2019ancien vice-pr\u00e9sident, Piero Mazzoleni, assumera la pr\u00e9sidence par int\u00e9rim. <\/p>\n\n\n\n<p><\/p>\n\n\n\n<p class=\"ctlb-block-desc\">De plus, l\u2019Assembl\u00e9e des d\u00e9l\u00e9gu\u00e9s n\u2019a pas r\u00e9\u00e9lu Martina Munz, membre du Comit\u00e9 directeur, et a r\u00e9voqu\u00e9 Michel Roux du Comit\u00e9 directeur.<\/p>\n<\/div><\/div><\/div><\/div><\/div><\/div>\n<\/div><\/div><\/div><\/div>\n\n\n\n<p><\/p>\n","protected":false},"excerpt":{"rendered":"<p>Comment la PSA met en \u0153uvre les r\u00e9formes &#8211; Lisez ici, dans la chronologie, les mesures que la PSA a mises en \u0153uvre afin d&#8217;\u00eatre pr\u00eate pour l&#8217;avenir et de continuer \u00e0 d\u00e9velopper sa position de premi\u00e8re organisation de protection des animaux en Suisse. La liste est compl\u00e9t\u00e9e en permanence.<\/p>\n","protected":false},"author":5,"featured_media":641,"parent":0,"menu_order":56,"comment_status":"closed","ping_status":"closed","template":"","meta":{"_acf_changed":false,"inline_featured_image":false,"_vp_format_video_url":"","_vp_image_focal_point":[],"footnotes":""},"class_list":["post-29311","page","type-page","status-publish","has-post-thumbnail","hentry"],"acf":[],"yoast_head":"<!-- This site is optimized with the Yoast SEO Premium plugin v27.4 (Yoast SEO v27.4) - https:\/\/yoast.com\/product\/yoast-seo-premium-wordpress\/ -->\n<title>R\u00e9formes - Protection Suisse des Animaux PSA<\/title>\n<meta name=\"description\" content=\"D\u00e9couvrez ici les mesures que la PSA a mises en \u0153uvre au fil du temps pour pr\u00e9parer l\u2019avenir et renforcer sa position de principale organisation de la PSA.\" \/>\n<meta name=\"robots\" content=\"index, follow, max-snippet:-1, max-image-preview:large, max-video-preview:-1\" \/>\n<link rel=\"canonical\" href=\"https:\/\/tierschutz.com\/fr\/reformes\/\" \/>\n<meta property=\"og:locale\" content=\"fr_FR\" \/>\n<meta property=\"og:type\" content=\"article\" \/>\n<meta property=\"og:title\" content=\"R\u00e9formes\" \/>\n<meta property=\"og:description\" content=\"D\u00e9couvrez ici les mesures que la PSA a mises en \u0153uvre au fil du temps pour pr\u00e9parer l\u2019avenir et renforcer sa position de principale organisation de la PSA.\" \/>\n<meta property=\"og:url\" content=\"https:\/\/tierschutz.com\/fr\/reformes\/\" \/>\n<meta property=\"og:site_name\" content=\"Protection Suisse des Animaux PSA\" \/>\n<meta property=\"article:publisher\" content=\"https:\/\/www.facebook.com\/schweizertierschutz\/\" \/>\n<meta property=\"article:modified_time\" content=\"2025-04-09T08:36:33+00:00\" \/>\n<meta property=\"og:image\" content=\"https:\/\/tierschutz.com\/app\/uploads\/2023\/05\/schweizer-tierschutz-heimtierhaltung-scaled.jpg\" \/>\n\t<meta property=\"og:image:width\" content=\"2560\" \/>\n\t<meta property=\"og:image:height\" content=\"1707\" \/>\n\t<meta property=\"og:image:type\" content=\"image\/jpeg\" \/>\n<meta name=\"twitter:card\" content=\"summary_large_image\" \/>\n<meta name=\"twitter:label1\" content=\"Dur\u00e9e de lecture estim\u00e9e\" \/>\n\t<meta name=\"twitter:data1\" content=\"6 minutes\" \/>\n<script type=\"application\/ld+json\" class=\"yoast-schema-graph\">{\"@context\":\"https:\\\/\\\/schema.org\",\"@graph\":[{\"@type\":\"WebPage\",\"@id\":\"https:\\\/\\\/tierschutz.com\\\/fr\\\/reformes\\\/\",\"url\":\"https:\\\/\\\/tierschutz.com\\\/fr\\\/reformes\\\/\",\"name\":\"R\u00e9formes - Protection Suisse des Animaux PSA\",\"isPartOf\":{\"@id\":\"https:\\\/\\\/tierschutz.com\\\/fr\\\/#website\"},\"primaryImageOfPage\":{\"@id\":\"https:\\\/\\\/tierschutz.com\\\/fr\\\/reformes\\\/#primaryimage\"},\"image\":{\"@id\":\"https:\\\/\\\/tierschutz.com\\\/fr\\\/reformes\\\/#primaryimage\"},\"thumbnailUrl\":\"https:\\\/\\\/tierschutz.com\\\/app\\\/uploads\\\/2023\\\/05\\\/schweizer-tierschutz-heimtierhaltung-scaled.jpg\",\"datePublished\":\"2024-12-16T11:48:42+00:00\",\"dateModified\":\"2025-04-09T08:36:33+00:00\",\"description\":\"D\u00e9couvrez ici les mesures que la PSA a mises en \u0153uvre au fil du temps pour pr\u00e9parer l\u2019avenir et renforcer sa position de principale organisation de la PSA.\",\"breadcrumb\":{\"@id\":\"https:\\\/\\\/tierschutz.com\\\/fr\\\/reformes\\\/#breadcrumb\"},\"inLanguage\":\"fr-FR\",\"potentialAction\":[{\"@type\":\"ReadAction\",\"target\":[\"https:\\\/\\\/tierschutz.com\\\/fr\\\/reformes\\\/\"]}]},{\"@type\":\"ImageObject\",\"inLanguage\":\"fr-FR\",\"@id\":\"https:\\\/\\\/tierschutz.com\\\/fr\\\/reformes\\\/#primaryimage\",\"url\":\"https:\\\/\\\/tierschutz.com\\\/app\\\/uploads\\\/2023\\\/05\\\/schweizer-tierschutz-heimtierhaltung-scaled.jpg\",\"contentUrl\":\"https:\\\/\\\/tierschutz.com\\\/app\\\/uploads\\\/2023\\\/05\\\/schweizer-tierschutz-heimtierhaltung-scaled.jpg\",\"width\":2560,\"height\":1707,\"caption\":\"Happy young man sitting with his puppy on a sofa at home.\"},{\"@type\":\"BreadcrumbList\",\"@id\":\"https:\\\/\\\/tierschutz.com\\\/fr\\\/reformes\\\/#breadcrumb\",\"itemListElement\":[{\"@type\":\"ListItem\",\"position\":1,\"name\":\"Page d\u2019accueil\",\"item\":\"https:\\\/\\\/mail.swiss-animal-protection.ch\\\/fr\\\/\"},{\"@type\":\"ListItem\",\"position\":2,\"name\":\"R\u00e9formes\"}]},{\"@type\":\"WebSite\",\"@id\":\"https:\\\/\\\/tierschutz.com\\\/fr\\\/#website\",\"url\":\"https:\\\/\\\/tierschutz.com\\\/fr\\\/\",\"name\":\"tierschutz.com\",\"description\":\"Wir setzen uns f\u00fcr das Wohl der Tiere ein.\",\"publisher\":{\"@id\":\"https:\\\/\\\/tierschutz.com\\\/fr\\\/#organization\"},\"alternateName\":\"Schweizer Tierschutz STS\",\"potentialAction\":[{\"@type\":\"SearchAction\",\"target\":{\"@type\":\"EntryPoint\",\"urlTemplate\":\"https:\\\/\\\/tierschutz.com\\\/fr\\\/?s={search_term_string}\"},\"query-input\":{\"@type\":\"PropertyValueSpecification\",\"valueRequired\":true,\"valueName\":\"search_term_string\"}}],\"inLanguage\":\"fr-FR\"},{\"@type\":\"Organization\",\"@id\":\"https:\\\/\\\/tierschutz.com\\\/fr\\\/#organization\",\"name\":\"Schweizer Tierschutz STS\",\"alternateName\":\"STS\",\"url\":\"https:\\\/\\\/tierschutz.com\\\/fr\\\/\",\"logo\":{\"@type\":\"ImageObject\",\"inLanguage\":\"fr-FR\",\"@id\":\"https:\\\/\\\/tierschutz.com\\\/fr\\\/#\\\/schema\\\/logo\\\/image\\\/\",\"url\":\"https:\\\/\\\/tierschutz.com\\\/app\\\/uploads\\\/2024\\\/04\\\/logo-schweizer-tierschutz-sts-1.svg\",\"contentUrl\":\"https:\\\/\\\/tierschutz.com\\\/app\\\/uploads\\\/2024\\\/04\\\/logo-schweizer-tierschutz-sts-1.svg\",\"caption\":\"Schweizer Tierschutz STS\"},\"image\":{\"@id\":\"https:\\\/\\\/tierschutz.com\\\/fr\\\/#\\\/schema\\\/logo\\\/image\\\/\"},\"sameAs\":[\"https:\\\/\\\/www.facebook.com\\\/schweizertierschutz\\\/\",\"https:\\\/\\\/www.instagram.com\\\/schweizertierschutzsts\\\/\",\"https:\\\/\\\/www.youtube.com\\\/@STS_Tierschutz\",\"https:\\\/\\\/www.linkedin.com\\\/company\\\/schweizertierschutzsts\\\/\"],\"description\":\"Der Schweizer Tierschutz STS ist der Dachverband von 71 Tierschutzorganisationen in allen Sprachregionen der Schweiz und in Liechtenstein. Seine Mitarbeitenden leisten wissenschaftlich fundierte Grundlagenarbeit, setzen sich mit Projekten und Aktionen f\u00fcr den Schutz und das Wohlbefinden von Heim-, Wild-, Nutz- und Versuchstieren ein und sensibilisieren die \u00d6ffentlichkeit f\u00fcr Tierschutzthemen.\",\"email\":\"sts@tierschutz.com\",\"telephone\":\"061 365 99 99\",\"legalName\":\"Schweizer Tierschutz STS\"}]}<\/script>\n<!-- \/ Yoast SEO Premium plugin. -->","yoast_head_json":{"title":"R\u00e9formes - Protection Suisse des Animaux PSA","description":"D\u00e9couvrez ici les mesures que la PSA a mises en \u0153uvre au fil du temps pour pr\u00e9parer l\u2019avenir et renforcer sa position de principale organisation de la PSA.","robots":{"index":"index","follow":"follow","max-snippet":"max-snippet:-1","max-image-preview":"max-image-preview:large","max-video-preview":"max-video-preview:-1"},"canonical":"https:\/\/tierschutz.com\/fr\/reformes\/","og_locale":"fr_FR","og_type":"article","og_title":"R\u00e9formes","og_description":"D\u00e9couvrez ici les mesures que la PSA a mises en \u0153uvre au fil du temps pour pr\u00e9parer l\u2019avenir et renforcer sa position de principale organisation de la PSA.","og_url":"https:\/\/tierschutz.com\/fr\/reformes\/","og_site_name":"Protection Suisse des Animaux PSA","article_publisher":"https:\/\/www.facebook.com\/schweizertierschutz\/","article_modified_time":"2025-04-09T08:36:33+00:00","og_image":[{"width":2560,"height":1707,"url":"https:\/\/tierschutz.com\/app\/uploads\/2023\/05\/schweizer-tierschutz-heimtierhaltung-scaled.jpg","type":"image\/jpeg"}],"twitter_card":"summary_large_image","twitter_misc":{"Dur\u00e9e de lecture estim\u00e9e":"6 minutes"},"schema":{"@context":"https:\/\/schema.org","@graph":[{"@type":"WebPage","@id":"https:\/\/tierschutz.com\/fr\/reformes\/","url":"https:\/\/tierschutz.com\/fr\/reformes\/","name":"R\u00e9formes - Protection Suisse des Animaux PSA","isPartOf":{"@id":"https:\/\/tierschutz.com\/fr\/#website"},"primaryImageOfPage":{"@id":"https:\/\/tierschutz.com\/fr\/reformes\/#primaryimage"},"image":{"@id":"https:\/\/tierschutz.com\/fr\/reformes\/#primaryimage"},"thumbnailUrl":"https:\/\/tierschutz.com\/app\/uploads\/2023\/05\/schweizer-tierschutz-heimtierhaltung-scaled.jpg","datePublished":"2024-12-16T11:48:42+00:00","dateModified":"2025-04-09T08:36:33+00:00","description":"D\u00e9couvrez ici les mesures que la PSA a mises en \u0153uvre au fil du temps pour pr\u00e9parer l\u2019avenir et renforcer sa position de principale organisation de la PSA.","breadcrumb":{"@id":"https:\/\/tierschutz.com\/fr\/reformes\/#breadcrumb"},"inLanguage":"fr-FR","potentialAction":[{"@type":"ReadAction","target":["https:\/\/tierschutz.com\/fr\/reformes\/"]}]},{"@type":"ImageObject","inLanguage":"fr-FR","@id":"https:\/\/tierschutz.com\/fr\/reformes\/#primaryimage","url":"https:\/\/tierschutz.com\/app\/uploads\/2023\/05\/schweizer-tierschutz-heimtierhaltung-scaled.jpg","contentUrl":"https:\/\/tierschutz.com\/app\/uploads\/2023\/05\/schweizer-tierschutz-heimtierhaltung-scaled.jpg","width":2560,"height":1707,"caption":"Happy young man sitting with his puppy on a sofa at home."},{"@type":"BreadcrumbList","@id":"https:\/\/tierschutz.com\/fr\/reformes\/#breadcrumb","itemListElement":[{"@type":"ListItem","position":1,"name":"Page d\u2019accueil","item":"https:\/\/mail.swiss-animal-protection.ch\/fr\/"},{"@type":"ListItem","position":2,"name":"R\u00e9formes"}]},{"@type":"WebSite","@id":"https:\/\/tierschutz.com\/fr\/#website","url":"https:\/\/tierschutz.com\/fr\/","name":"tierschutz.com","description":"Wir setzen uns f\u00fcr das Wohl der Tiere ein.","publisher":{"@id":"https:\/\/tierschutz.com\/fr\/#organization"},"alternateName":"Schweizer Tierschutz STS","potentialAction":[{"@type":"SearchAction","target":{"@type":"EntryPoint","urlTemplate":"https:\/\/tierschutz.com\/fr\/?s={search_term_string}"},"query-input":{"@type":"PropertyValueSpecification","valueRequired":true,"valueName":"search_term_string"}}],"inLanguage":"fr-FR"},{"@type":"Organization","@id":"https:\/\/tierschutz.com\/fr\/#organization","name":"Schweizer Tierschutz STS","alternateName":"STS","url":"https:\/\/tierschutz.com\/fr\/","logo":{"@type":"ImageObject","inLanguage":"fr-FR","@id":"https:\/\/tierschutz.com\/fr\/#\/schema\/logo\/image\/","url":"https:\/\/tierschutz.com\/app\/uploads\/2024\/04\/logo-schweizer-tierschutz-sts-1.svg","contentUrl":"https:\/\/tierschutz.com\/app\/uploads\/2024\/04\/logo-schweizer-tierschutz-sts-1.svg","caption":"Schweizer Tierschutz STS"},"image":{"@id":"https:\/\/tierschutz.com\/fr\/#\/schema\/logo\/image\/"},"sameAs":["https:\/\/www.facebook.com\/schweizertierschutz\/","https:\/\/www.instagram.com\/schweizertierschutzsts\/","https:\/\/www.youtube.com\/@STS_Tierschutz","https:\/\/www.linkedin.com\/company\/schweizertierschutzsts\/"],"description":"Der Schweizer Tierschutz STS ist der Dachverband von 71 Tierschutzorganisationen in allen Sprachregionen der Schweiz und in Liechtenstein. Seine Mitarbeitenden leisten wissenschaftlich fundierte Grundlagenarbeit, setzen sich mit Projekten und Aktionen f\u00fcr den Schutz und das Wohlbefinden von Heim-, Wild-, Nutz- und Versuchstieren ein und sensibilisieren die \u00d6ffentlichkeit f\u00fcr Tierschutzthemen.","email":"sts@tierschutz.com","telephone":"061 365 99 99","legalName":"Schweizer Tierschutz STS"}]}},"_links":{"self":[{"href":"https:\/\/tierschutz.com\/fr\/wp-json\/wp\/v2\/pages\/29311","targetHints":{"allow":["GET"]}}],"collection":[{"href":"https:\/\/tierschutz.com\/fr\/wp-json\/wp\/v2\/pages"}],"about":[{"href":"https:\/\/tierschutz.com\/fr\/wp-json\/wp\/v2\/types\/page"}],"author":[{"embeddable":true,"href":"https:\/\/tierschutz.com\/fr\/wp-json\/wp\/v2\/users\/5"}],"replies":[{"embeddable":true,"href":"https:\/\/tierschutz.com\/fr\/wp-json\/wp\/v2\/comments?post=29311"}],"version-history":[{"count":11,"href":"https:\/\/tierschutz.com\/fr\/wp-json\/wp\/v2\/pages\/29311\/revisions"}],"predecessor-version":[{"id":30692,"href":"https:\/\/tierschutz.com\/fr\/wp-json\/wp\/v2\/pages\/29311\/revisions\/30692"}],"wp:featuredmedia":[{"embeddable":true,"href":"https:\/\/tierschutz.com\/fr\/wp-json\/wp\/v2\/media\/641"}],"wp:attachment":[{"href":"https:\/\/tierschutz.com\/fr\/wp-json\/wp\/v2\/media?parent=29311"}],"curies":[{"name":"wp","href":"https:\/\/api.w.org\/{rel}","templated":true}]}}