{"id":33385,"date":"2025-08-13T14:02:23","date_gmt":"2025-08-13T12:02:23","guid":{"rendered":"https:\/\/tierschutz.com\/les-animaux-sauvages-ont-besoin-de-notre-aide\/"},"modified":"2025-08-20T11:39:55","modified_gmt":"2025-08-20T09:39:55","slug":"aider-animaux-sauvages","status":"publish","type":"page","link":"https:\/\/tierschutz.com\/fr\/aider-animaux-sauvages\/","title":{"rendered":"Les animaux sauvages ont besoin de notre aide"},"content":{"rendered":"\n<div class=\"wp-block-cover alignfull is-light\"><span aria-hidden=\"true\" class=\"wp-block-cover__background has-background-dim-20 has-background-dim\" style=\"background-color:#788582\"><\/span><div class=\"wp-block-cover__inner-container is-layout-flow wp-block-cover-is-layout-flow\">\n<h2 class=\"wp-block-heading has-text-align-center has-background-color has-text-color\" id=\"h-les-animaux-sauvages-ont-besoin-de-notre-aide\"><strong><strong>Les animaux sauvages ont besoin de notre aide<\/strong><\/strong><\/h2>\n<\/div><\/div>\n\n\n\n<div class=\"wp-block-group alignfull has-background-background-color has-background is-layout-constrained wp-block-group-is-layout-constrained\">\n<h2 class=\"wp-block-heading has-text-align-center\" id=\"h-les-animaux-sauvages-en-suisse\"><strong>Les animaux sauvages en Suisse<\/strong><\/h2>\n\n\n\n<hr class=\"wp-block-separator has-text-color has-primary-color has-alpha-channel-opacity has-primary-background-color has-background\"\/>\n\n\n\n<p class=\"has-text-align-center has-large-font-size\">En Suisse, les animaux sauvages vivent souvent pr\u00e8s de nous \u00e0 notre insu et m\u00eame parmi nous. Les activit\u00e9s humaines ont toutefois souvent des cons\u00e9quences dramatiques pour les animaux sauvages.<\/p>\n\n\n\n<p class=\"has-text-align-left\">Les routes, cl\u00f4tures et voies ferr\u00e9es leur sont r\u00e9guli\u00e8rement fatales. Les lignes \u00e9lectriques, les sources de lumi\u00e8re artificielle, le bruit et l\u2019agriculture intensive limitent de plus en plus les possibilit\u00e9s de se r\u00e9fugier. C\u2019est pourquoi nous nous engageons obstin\u00e9ment pour la protection des animaux sauvages, afin d\u2019\u00e9viter leur souffrance et de sauver des vies.<\/p>\n<\/div>\n\n\n\n<div class=\"wp-block-media-text alignwide is-stacked-on-mobile is-vertically-aligned-center\"><figure class=\"wp-block-media-text__media\"><img loading=\"lazy\" decoding=\"async\" width=\"1024\" height=\"683\" src=\"https:\/\/tierschutz.com\/app\/uploads\/2025\/08\/grundrauschen-wild2-1024x683.jpg\" alt=\"\" class=\"wp-image-33307 size-full\" srcset=\"https:\/\/tierschutz.com\/app\/uploads\/2025\/08\/grundrauschen-wild2-1024x683.jpg 1024w, https:\/\/tierschutz.com\/app\/uploads\/2025\/08\/grundrauschen-wild2-300x200.jpg 300w, https:\/\/tierschutz.com\/app\/uploads\/2025\/08\/grundrauschen-wild2-768x512.jpg 768w, https:\/\/tierschutz.com\/app\/uploads\/2025\/08\/grundrauschen-wild2-1536x1024.jpg 1536w, https:\/\/tierschutz.com\/app\/uploads\/2025\/08\/grundrauschen-wild2-2048x1365.jpg 2048w\" sizes=\"auto, (max-width: 1024px) 100vw, 1024px\" \/><\/figure><div class=\"wp-block-media-text__content\">\n<div class=\"wp-block-group is-style-shadow-box has-background-background-color has-background is-layout-constrained wp-block-group-is-layout-constrained\">\n<h3 class=\"wp-block-heading\" id=\"h-comment-nous-nous-engageons-pour-la-protection-des-animaux-sauvages\"><strong><strong>Comment nous nous engageons pour la protection des animaux sauvages<\/strong><\/strong><\/h3>\n\n\n\n<p>Chaque jour, nous aidons les animaux sauvages en d\u00e9tresse&nbsp;: \u00c0 travers la Suisse, nous soutenons chaque jour plus de&nbsp;30&nbsp;centres de soins pour animaux et oiseaux sauvages de nos sections. Ils couvrent toutes les r\u00e9gions et s\u2019occupent de mani\u00e8re professionnelle d\u2019animaux sauvages bless\u00e9s, malades ou orphelins pour les rel\u00e2cher une fois gu\u00e9ris dans la nature.<\/p>\n\n\n\n<p>Notre service sp\u00e9cialis\u00e9 dans les animaux sauvages conseille particuliers, m\u00e9dias et institutions sur les questions li\u00e9es aux animaux sauvages et \u00e0 la cohabitation avec eux. Nous organisons des conf\u00e9rences pour favoriser les \u00e9changes et le partage de connaissances entre sp\u00e9cialistes.<\/p>\n\n\n\n<p>Notre travail de pr\u00e9vention sensibilise la population aux th\u00e8mes de protection animale et encourage ainsi une approche respectueuse des animaux.<\/p>\n\n\n\n<p>\u00c0 travers notre engagement politique, nous luttons pour le renforcement syst\u00e9matique de la l\u00e9gislation sur la protection animale et son application, ainsi que contre toute forme de cruaut\u00e9 animale. Nous apportons notre savoir-faire dans les processus l\u00e9gislatifs et soutenons des initiatives pour am\u00e9liorer durablement la vie des animaux.<\/p>\n<\/div>\n<\/div><\/div>\n\n\n\n<div class=\"wp-block-group alignfull has-background-background-color has-background is-layout-constrained wp-block-group-is-layout-constrained\">\n<div class=\"wp-block-group is-layout-flex wp-container-core-group-is-layout-d0921e6e wp-block-group-is-layout-flex\">\n<div class=\"wp-block-group is-style-shadow-box width100 has-background-background-color has-background is-layout-constrained wp-block-group-is-layout-constrained\">\n<h3 class=\"wp-block-heading has-text-align-center\" id=\"h-votre-don-pour-les-animaux-sauvages\"><strong>Votre don pour les animaux sauvages<\/strong><\/h3>\n\n\n\n<hr class=\"wp-block-separator has-text-color has-primary-color has-alpha-channel-opacity has-primary-background-color has-background\"\/>\n\n\n\n<p>Gr\u00e2ce \u00e0 votre soutien, les animaux sauvages peuvent \u00eatre nourris, soign\u00e9s et rel\u00e2ch\u00e9s en bonne sant\u00e9. Nous vous remercions pour votre pr\u00e9cieuse contribution qui nous permet de nous engager demain encore pour leur protection et pour des lois efficaces.<\/p>\n<\/div>\n<\/div>\n\n\n\n<div style=\"height:3em\" aria-hidden=\"true\" class=\"wp-block-spacer\"><\/div>\n\n\n\n<div style=\"max-width:1000px;margin:0 auto\"><iframe loading=\"lazy\" src=\"https:\/\/tierschutz.payrexx.com\/fr\/pay?cid=4cd7d864&#038;hide_description=1&#038;appview=1\" allow=\"payment *\" width=\"100%\" height=\"1150\" style=\"border:0;\" id=\"payrexx-embed\"><\/iframe><\/div>\n<\/div>\n","protected":false},"excerpt":{"rendered":"<p>En Suisse, les animaux sauvages vivent souvent pr\u00e8s de nous \u00e0 notre insu et m\u00eame parmi nous. Les activit\u00e9s humaines ont toutefois souvent des cons\u00e9quences dramatiques pour les animaux sauvages.<\/p>\n","protected":false},"author":5,"featured_media":0,"parent":0,"menu_order":28,"comment_status":"closed","ping_status":"closed","template":"","meta":{"_acf_changed":false,"inline_featured_image":false,"_vp_format_video_url":"","_vp_image_focal_point":[],"footnotes":""},"class_list":["post-33385","page","type-page","status-publish","hentry"],"acf":[],"yoast_head":"<!-- This site is optimized with the Yoast SEO Premium plugin v27.4 (Yoast SEO v27.4) - https:\/\/yoast.com\/product\/yoast-seo-premium-wordpress\/ -->\n<title>Les animaux sauvages ont besoin de notre aide - Protection Suisse des Animaux PSA<\/title>\n<meta name=\"description\" content=\"En Suisse, les animaux sauvages vivent souvent pr\u00e8s de nous \u00e0 notre insu. Les activit\u00e9s humaines ont toutefois souvent des cons\u00e9quences dramatiques pour les animaux sauvages.\" \/>\n<meta name=\"robots\" content=\"index, follow, max-snippet:-1, max-image-preview:large, max-video-preview:-1\" \/>\n<link rel=\"canonical\" href=\"https:\/\/tierschutz.com\/fr\/aider-animaux-sauvages\/\" \/>\n<meta property=\"og:locale\" content=\"fr_FR\" \/>\n<meta property=\"og:type\" content=\"article\" \/>\n<meta property=\"og:title\" content=\"Les animaux sauvages ont besoin de notre aide\" \/>\n<meta property=\"og:description\" content=\"En Suisse, les animaux sauvages vivent souvent pr\u00e8s de nous \u00e0 notre insu. Les activit\u00e9s humaines ont toutefois souvent des cons\u00e9quences dramatiques pour les animaux sauvages.\" \/>\n<meta property=\"og:url\" content=\"https:\/\/tierschutz.com\/fr\/aider-animaux-sauvages\/\" \/>\n<meta property=\"og:site_name\" content=\"Protection Suisse des Animaux PSA\" \/>\n<meta property=\"article:publisher\" content=\"https:\/\/www.facebook.com\/schweizertierschutz\/\" \/>\n<meta property=\"article:modified_time\" content=\"2025-08-20T09:39:55+00:00\" \/>\n<meta property=\"og:image\" content=\"https:\/\/tierschutz.com\/app\/uploads\/2025\/08\/grundrauschen-wild2-1024x683.jpg\" \/>\n<meta name=\"twitter:card\" content=\"summary_large_image\" \/>\n<meta name=\"twitter:label1\" content=\"Dur\u00e9e de lecture estim\u00e9e\" \/>\n\t<meta name=\"twitter:data1\" content=\"3 minutes\" \/>\n<script type=\"application\/ld+json\" class=\"yoast-schema-graph\">{\"@context\":\"https:\\\/\\\/schema.org\",\"@graph\":[{\"@type\":\"WebPage\",\"@id\":\"https:\\\/\\\/tierschutz.com\\\/fr\\\/aider-animaux-sauvages\\\/\",\"url\":\"https:\\\/\\\/tierschutz.com\\\/fr\\\/aider-animaux-sauvages\\\/\",\"name\":\"Les animaux sauvages ont besoin de notre aide - Protection Suisse des Animaux PSA\",\"isPartOf\":{\"@id\":\"https:\\\/\\\/tierschutz.com\\\/fr\\\/#website\"},\"primaryImageOfPage\":{\"@id\":\"https:\\\/\\\/tierschutz.com\\\/fr\\\/aider-animaux-sauvages\\\/#primaryimage\"},\"image\":{\"@id\":\"https:\\\/\\\/tierschutz.com\\\/fr\\\/aider-animaux-sauvages\\\/#primaryimage\"},\"thumbnailUrl\":\"https:\\\/\\\/tierschutz.com\\\/app\\\/uploads\\\/2025\\\/08\\\/grundrauschen-wild2-1024x683.jpg\",\"datePublished\":\"2025-08-13T12:02:23+00:00\",\"dateModified\":\"2025-08-20T09:39:55+00:00\",\"description\":\"En Suisse, les animaux sauvages vivent souvent pr\u00e8s de nous \u00e0 notre insu. Les activit\u00e9s humaines ont toutefois souvent des cons\u00e9quences dramatiques pour les animaux sauvages.\",\"breadcrumb\":{\"@id\":\"https:\\\/\\\/tierschutz.com\\\/fr\\\/aider-animaux-sauvages\\\/#breadcrumb\"},\"inLanguage\":\"fr-FR\",\"potentialAction\":[{\"@type\":\"ReadAction\",\"target\":[\"https:\\\/\\\/tierschutz.com\\\/fr\\\/aider-animaux-sauvages\\\/\"]}]},{\"@type\":\"ImageObject\",\"inLanguage\":\"fr-FR\",\"@id\":\"https:\\\/\\\/tierschutz.com\\\/fr\\\/aider-animaux-sauvages\\\/#primaryimage\",\"url\":\"https:\\\/\\\/tierschutz.com\\\/app\\\/uploads\\\/2025\\\/08\\\/grundrauschen-wild2-1024x683.jpg\",\"contentUrl\":\"https:\\\/\\\/tierschutz.com\\\/app\\\/uploads\\\/2025\\\/08\\\/grundrauschen-wild2-1024x683.jpg\"},{\"@type\":\"BreadcrumbList\",\"@id\":\"https:\\\/\\\/tierschutz.com\\\/fr\\\/aider-animaux-sauvages\\\/#breadcrumb\",\"itemListElement\":[{\"@type\":\"ListItem\",\"position\":1,\"name\":\"Page d\u2019accueil\",\"item\":\"https:\\\/\\\/mail.swiss-animal-protection.ch\\\/fr\\\/\"},{\"@type\":\"ListItem\",\"position\":2,\"name\":\"Les animaux sauvages ont besoin de notre aide\"}]},{\"@type\":\"WebSite\",\"@id\":\"https:\\\/\\\/tierschutz.com\\\/fr\\\/#website\",\"url\":\"https:\\\/\\\/tierschutz.com\\\/fr\\\/\",\"name\":\"tierschutz.com\",\"description\":\"Wir setzen uns f\u00fcr das Wohl der Tiere ein.\",\"publisher\":{\"@id\":\"https:\\\/\\\/tierschutz.com\\\/fr\\\/#organization\"},\"alternateName\":\"Schweizer Tierschutz STS\",\"potentialAction\":[{\"@type\":\"SearchAction\",\"target\":{\"@type\":\"EntryPoint\",\"urlTemplate\":\"https:\\\/\\\/tierschutz.com\\\/fr\\\/?s={search_term_string}\"},\"query-input\":{\"@type\":\"PropertyValueSpecification\",\"valueRequired\":true,\"valueName\":\"search_term_string\"}}],\"inLanguage\":\"fr-FR\"},{\"@type\":\"Organization\",\"@id\":\"https:\\\/\\\/tierschutz.com\\\/fr\\\/#organization\",\"name\":\"Schweizer Tierschutz STS\",\"alternateName\":\"STS\",\"url\":\"https:\\\/\\\/tierschutz.com\\\/fr\\\/\",\"logo\":{\"@type\":\"ImageObject\",\"inLanguage\":\"fr-FR\",\"@id\":\"https:\\\/\\\/tierschutz.com\\\/fr\\\/#\\\/schema\\\/logo\\\/image\\\/\",\"url\":\"https:\\\/\\\/tierschutz.com\\\/app\\\/uploads\\\/2024\\\/04\\\/logo-schweizer-tierschutz-sts-1.svg\",\"contentUrl\":\"https:\\\/\\\/tierschutz.com\\\/app\\\/uploads\\\/2024\\\/04\\\/logo-schweizer-tierschutz-sts-1.svg\",\"caption\":\"Schweizer Tierschutz STS\"},\"image\":{\"@id\":\"https:\\\/\\\/tierschutz.com\\\/fr\\\/#\\\/schema\\\/logo\\\/image\\\/\"},\"sameAs\":[\"https:\\\/\\\/www.facebook.com\\\/schweizertierschutz\\\/\",\"https:\\\/\\\/www.instagram.com\\\/schweizertierschutzsts\\\/\",\"https:\\\/\\\/www.youtube.com\\\/@STS_Tierschutz\",\"https:\\\/\\\/www.linkedin.com\\\/company\\\/schweizertierschutzsts\\\/\"],\"description\":\"Der Schweizer Tierschutz STS ist der Dachverband von 71 Tierschutzorganisationen in allen Sprachregionen der Schweiz und in Liechtenstein. Seine Mitarbeitenden leisten wissenschaftlich fundierte Grundlagenarbeit, setzen sich mit Projekten und Aktionen f\u00fcr den Schutz und das Wohlbefinden von Heim-, Wild-, Nutz- und Versuchstieren ein und sensibilisieren die \u00d6ffentlichkeit f\u00fcr Tierschutzthemen.\",\"email\":\"sts@tierschutz.com\",\"telephone\":\"061 365 99 99\",\"legalName\":\"Schweizer Tierschutz STS\"}]}<\/script>\n<!-- \/ Yoast SEO Premium plugin. -->","yoast_head_json":{"title":"Les animaux sauvages ont besoin de notre aide - Protection Suisse des Animaux PSA","description":"En Suisse, les animaux sauvages vivent souvent pr\u00e8s de nous \u00e0 notre insu. Les activit\u00e9s humaines ont toutefois souvent des cons\u00e9quences dramatiques pour les animaux sauvages.","robots":{"index":"index","follow":"follow","max-snippet":"max-snippet:-1","max-image-preview":"max-image-preview:large","max-video-preview":"max-video-preview:-1"},"canonical":"https:\/\/tierschutz.com\/fr\/aider-animaux-sauvages\/","og_locale":"fr_FR","og_type":"article","og_title":"Les animaux sauvages ont besoin de notre aide","og_description":"En Suisse, les animaux sauvages vivent souvent pr\u00e8s de nous \u00e0 notre insu. Les activit\u00e9s humaines ont toutefois souvent des cons\u00e9quences dramatiques pour les animaux sauvages.","og_url":"https:\/\/tierschutz.com\/fr\/aider-animaux-sauvages\/","og_site_name":"Protection Suisse des Animaux PSA","article_publisher":"https:\/\/www.facebook.com\/schweizertierschutz\/","article_modified_time":"2025-08-20T09:39:55+00:00","og_image":[{"url":"https:\/\/tierschutz.com\/app\/uploads\/2025\/08\/grundrauschen-wild2-1024x683.jpg","type":"","width":"","height":""}],"twitter_card":"summary_large_image","twitter_misc":{"Dur\u00e9e de lecture estim\u00e9e":"3 minutes"},"schema":{"@context":"https:\/\/schema.org","@graph":[{"@type":"WebPage","@id":"https:\/\/tierschutz.com\/fr\/aider-animaux-sauvages\/","url":"https:\/\/tierschutz.com\/fr\/aider-animaux-sauvages\/","name":"Les animaux sauvages ont besoin de notre aide - Protection Suisse des Animaux PSA","isPartOf":{"@id":"https:\/\/tierschutz.com\/fr\/#website"},"primaryImageOfPage":{"@id":"https:\/\/tierschutz.com\/fr\/aider-animaux-sauvages\/#primaryimage"},"image":{"@id":"https:\/\/tierschutz.com\/fr\/aider-animaux-sauvages\/#primaryimage"},"thumbnailUrl":"https:\/\/tierschutz.com\/app\/uploads\/2025\/08\/grundrauschen-wild2-1024x683.jpg","datePublished":"2025-08-13T12:02:23+00:00","dateModified":"2025-08-20T09:39:55+00:00","description":"En Suisse, les animaux sauvages vivent souvent pr\u00e8s de nous \u00e0 notre insu. Les activit\u00e9s humaines ont toutefois souvent des cons\u00e9quences dramatiques pour les animaux sauvages.","breadcrumb":{"@id":"https:\/\/tierschutz.com\/fr\/aider-animaux-sauvages\/#breadcrumb"},"inLanguage":"fr-FR","potentialAction":[{"@type":"ReadAction","target":["https:\/\/tierschutz.com\/fr\/aider-animaux-sauvages\/"]}]},{"@type":"ImageObject","inLanguage":"fr-FR","@id":"https:\/\/tierschutz.com\/fr\/aider-animaux-sauvages\/#primaryimage","url":"https:\/\/tierschutz.com\/app\/uploads\/2025\/08\/grundrauschen-wild2-1024x683.jpg","contentUrl":"https:\/\/tierschutz.com\/app\/uploads\/2025\/08\/grundrauschen-wild2-1024x683.jpg"},{"@type":"BreadcrumbList","@id":"https:\/\/tierschutz.com\/fr\/aider-animaux-sauvages\/#breadcrumb","itemListElement":[{"@type":"ListItem","position":1,"name":"Page d\u2019accueil","item":"https:\/\/mail.swiss-animal-protection.ch\/fr\/"},{"@type":"ListItem","position":2,"name":"Les animaux sauvages ont besoin de notre aide"}]},{"@type":"WebSite","@id":"https:\/\/tierschutz.com\/fr\/#website","url":"https:\/\/tierschutz.com\/fr\/","name":"tierschutz.com","description":"Wir setzen uns f\u00fcr das Wohl der Tiere ein.","publisher":{"@id":"https:\/\/tierschutz.com\/fr\/#organization"},"alternateName":"Schweizer Tierschutz STS","potentialAction":[{"@type":"SearchAction","target":{"@type":"EntryPoint","urlTemplate":"https:\/\/tierschutz.com\/fr\/?s={search_term_string}"},"query-input":{"@type":"PropertyValueSpecification","valueRequired":true,"valueName":"search_term_string"}}],"inLanguage":"fr-FR"},{"@type":"Organization","@id":"https:\/\/tierschutz.com\/fr\/#organization","name":"Schweizer Tierschutz STS","alternateName":"STS","url":"https:\/\/tierschutz.com\/fr\/","logo":{"@type":"ImageObject","inLanguage":"fr-FR","@id":"https:\/\/tierschutz.com\/fr\/#\/schema\/logo\/image\/","url":"https:\/\/tierschutz.com\/app\/uploads\/2024\/04\/logo-schweizer-tierschutz-sts-1.svg","contentUrl":"https:\/\/tierschutz.com\/app\/uploads\/2024\/04\/logo-schweizer-tierschutz-sts-1.svg","caption":"Schweizer Tierschutz STS"},"image":{"@id":"https:\/\/tierschutz.com\/fr\/#\/schema\/logo\/image\/"},"sameAs":["https:\/\/www.facebook.com\/schweizertierschutz\/","https:\/\/www.instagram.com\/schweizertierschutzsts\/","https:\/\/www.youtube.com\/@STS_Tierschutz","https:\/\/www.linkedin.com\/company\/schweizertierschutzsts\/"],"description":"Der Schweizer Tierschutz STS ist der Dachverband von 71 Tierschutzorganisationen in allen Sprachregionen der Schweiz und in Liechtenstein. Seine Mitarbeitenden leisten wissenschaftlich fundierte Grundlagenarbeit, setzen sich mit Projekten und Aktionen f\u00fcr den Schutz und das Wohlbefinden von Heim-, Wild-, Nutz- und Versuchstieren ein und sensibilisieren die \u00d6ffentlichkeit f\u00fcr Tierschutzthemen.","email":"sts@tierschutz.com","telephone":"061 365 99 99","legalName":"Schweizer Tierschutz STS"}]}},"_links":{"self":[{"href":"https:\/\/tierschutz.com\/fr\/wp-json\/wp\/v2\/pages\/33385","targetHints":{"allow":["GET"]}}],"collection":[{"href":"https:\/\/tierschutz.com\/fr\/wp-json\/wp\/v2\/pages"}],"about":[{"href":"https:\/\/tierschutz.com\/fr\/wp-json\/wp\/v2\/types\/page"}],"author":[{"embeddable":true,"href":"https:\/\/tierschutz.com\/fr\/wp-json\/wp\/v2\/users\/5"}],"replies":[{"embeddable":true,"href":"https:\/\/tierschutz.com\/fr\/wp-json\/wp\/v2\/comments?post=33385"}],"version-history":[{"count":2,"href":"https:\/\/tierschutz.com\/fr\/wp-json\/wp\/v2\/pages\/33385\/revisions"}],"predecessor-version":[{"id":33400,"href":"https:\/\/tierschutz.com\/fr\/wp-json\/wp\/v2\/pages\/33385\/revisions\/33400"}],"wp:attachment":[{"href":"https:\/\/tierschutz.com\/fr\/wp-json\/wp\/v2\/media?parent=33385"}],"curies":[{"name":"wp","href":"https:\/\/api.w.org\/{rel}","templated":true}]}}