{"id":5009,"date":"2023-05-04T15:14:12","date_gmt":"2023-05-04T13:14:12","guid":{"rendered":"https:\/\/dev.tierschutz.com\/?page_id=5009"},"modified":"2026-02-24T13:55:35","modified_gmt":"2026-02-24T12:55:35","slug":"dons","status":"publish","type":"page","link":"https:\/\/tierschutz.com\/fr\/protection-des-animaux\/dons\/dons\/","title":{"rendered":"Dons"},"content":{"rendered":"\n<div class=\"wp-block-cover alignfull\"><img loading=\"lazy\" decoding=\"async\" width=\"2560\" height=\"1696\" class=\"wp-block-cover__image-background wp-image-441\" alt=\"Schwarze Katze eingesperrt hinter Metallgitter.\" src=\"https:\/\/tierschutz.com\/app\/uploads\/2023\/05\/schweizer-tierschutz-online-spende-scaled.jpg\" data-object-fit=\"cover\" srcset=\"https:\/\/tierschutz.com\/app\/uploads\/2023\/05\/schweizer-tierschutz-online-spende-scaled.jpg 2560w, https:\/\/tierschutz.com\/app\/uploads\/2023\/05\/schweizer-tierschutz-online-spende-300x199.jpg 300w, https:\/\/tierschutz.com\/app\/uploads\/2023\/05\/schweizer-tierschutz-online-spende-1024x678.jpg 1024w, https:\/\/tierschutz.com\/app\/uploads\/2023\/05\/schweizer-tierschutz-online-spende-768x509.jpg 768w, https:\/\/tierschutz.com\/app\/uploads\/2023\/05\/schweizer-tierschutz-online-spende-1536x1017.jpg 1536w, https:\/\/tierschutz.com\/app\/uploads\/2023\/05\/schweizer-tierschutz-online-spende-2048x1356.jpg 2048w\" sizes=\"auto, (max-width: 2560px) 100vw, 2560px\" \/><span aria-hidden=\"true\" class=\"wp-block-cover__background has-background-dim-10 has-background-dim\"><\/span><div class=\"wp-block-cover__inner-container is-layout-flow wp-block-cover-is-layout-flow\">\n<h2 class=\"wp-block-heading has-text-align-center has-background-color has-text-color\" id=\"h-votre-don-aide-les-animaux\"><strong>Votre don aide les animaux<\/strong><\/h2>\n<\/div><\/div>\n\n\n\n<div class=\"wp-block-group alignfull anchor-bar has-lightgray-background-color has-background is-layout-constrained wp-block-group-is-layout-constrained\">\n<div class=\"wp-block-group is-content-justification-space-between is-layout-flex wp-container-core-group-is-layout-9366075c wp-block-group-is-layout-flex\">\n<p class=\"has-large-font-size\"><strong><strong><strong><a href=\"#spenden\">Dons<\/a><\/strong><\/strong><\/strong><\/p>\n\n\n\n<p class=\"has-large-font-size\"><strong><strong><strong><strong><a href=\"#helfen\"><strong>Comment nous aidons<\/strong><\/a><\/strong><\/strong><\/strong><\/strong><\/p>\n\n\n\n<p class=\"has-large-font-size\"><strong><strong><strong><strong><a href=\"#fragen\"><strong>Vous avez des questions ?<\/strong><\/a><\/strong><\/strong><\/strong><\/strong><\/p>\n<\/div>\n<\/div>\n\n\n\n<div class=\"wp-block-group alignfull has-background-background-color has-background is-layout-constrained wp-block-group-is-layout-constrained\"><div class=\"yoast-breadcrumbs\"><span><span><a href=\"https:\/\/mail.protection-animaux-psa.ch\/fr\/\">Page d\u2019accueil<\/a><\/span> \u00bb <span><a href=\"https:\/\/tierschutz.com\/fr\/protection-des-animaux\/\">Protection des animaux\u00a0<\/a><\/span> \u00bb <span><a href=\"https:\/\/mail.swiss-animal-protection.ch\/fr\/protection-des-animaux\/dons\/\">Dons<\/a><\/span> \u00bb <span class=\"breadcrumb_last\" aria-current=\"page\">Dons<\/span><\/span><\/div>\n\n\n<h1 class=\"wp-block-heading has-text-align-center\" id=\"h-dons-pour-le-bien-etre-des-animaux\"><strong><strong>Dons pour le bien-\u00eatre des animaux<\/strong><\/strong><\/h1>\n\n\n\n<hr class=\"wp-block-separator has-text-color has-primary-color has-alpha-channel-opacity has-primary-background-color has-background\"\/>\n\n\n\n<div class=\"wp-block-group has-background-background-color has-background is-layout-constrained wp-container-core-group-is-layout-66cd3558 wp-block-group-is-layout-constrained\">\n<p class=\"has-text-align-center\">La Protection Suisse des Animaux PSA travaille avec pers\u00e9v\u00e9rance, cr\u00e9dibilit\u00e9 et d\u00e9termination pour obtenir des am\u00e9liorations tangibles pour les animaux. Les centres sp\u00e9cialis\u00e9s et de conseil ainsi que les sections de la PSA s&#8217;engagent avec comp\u00e9tence et engagement pour le bien-\u00eatre et la dignit\u00e9 des animaux. Avec votre don, vous soutenez directement l&#8217;engagement de la PSA.<\/p>\n\n\n\n<p class=\"has-text-align-center\">Les comptes annuels de la PSA sont examin\u00e9s par un organe de contr\u00f4le externe et approuv\u00e9s par les d\u00e9l\u00e9gu\u00e9s de la PSA lors de leur assembl\u00e9e. L&#8217;utilisation soigneuse des dons est garantie.<\/p>\n<\/div>\n<\/div>\n\n\n\n<hr class=\"wp-block-separator has-text-color has-lightgray-color has-alpha-channel-opacity has-lightgray-background-color has-background is-style-wide\"\/>\n\n\n\n<div id=\"spenden\" class=\"wp-block-group has-background-background-color has-background is-layout-constrained wp-block-group-is-layout-constrained\">\n<iframe src=https:\/\/tierschutz.payrexx.com\/fr\/pay?cid=026bd245&#038;hide_description=1&#038;appview=1 allow=\"payment *\" width=\"100%\" height=\"1500px\" style=\"border:0;\" id=\"payrexx-embed\"><\/iframe>\n<\/div>\n\n\n\n<div id=\"compte\" class=\"wp-block-group has-background-background-color has-background is-layout-constrained wp-block-group-is-layout-constrained\">\n<div class=\"wp-block-columns is-style-accordion is-layout-flex wp-container-core-columns-is-layout-28f84493 wp-block-columns-is-layout-flex\">\n<div class=\"wp-block-column is-layout-flow wp-block-column-is-layout-flow\">\n<h3 class=\"wp-block-heading\" id=\"h-compte-de-dons\"><strong>Compte de dons<\/strong><\/h3>\n<\/div>\n\n\n\n<div class=\"wp-block-column is-layout-flow wp-block-column-is-layout-flow\">\n<div class=\"wp-block-group is-nowrap is-layout-flex wp-container-core-group-is-layout-f66f9956 wp-block-group-is-layout-flex\">\n<figure class=\"wp-block-image size-full is-resized\"><img loading=\"lazy\" decoding=\"async\" width=\"614\" height=\"614\" src=\"https:\/\/tierschutz.com\/app\/uploads\/2025\/06\/qr-sts-pf-fr.gif\" alt=\"\" class=\"wp-image-32273\" style=\"width:300px\"\/><\/figure>\n\n\n\n<div class=\"wp-block-group is-layout-constrained wp-block-group-is-layout-constrained\">\n<p><strong>PostFinance AG<\/strong> <br>Compte: 40-33680-3<br>IBAN:  CH16 0900 0000 4003 3680 3<br>BIC\/Swift: POFICHBEXXX<\/p>\n\n\n\n<p>Protection Suisse des Animaux PSA<br>Dornacherstrasse 101<br>4053 B\u00e2le<\/p>\n<\/div>\n<\/div>\n<\/div>\n<\/div>\n<\/div>\n\n\n\n<hr class=\"wp-block-separator has-text-color has-lightgray-color has-alpha-channel-opacity has-lightgray-background-color has-background is-style-wide\"\/>\n\n\n\n<div id=\"helfen\" class=\"wp-block-group has-background-background-color has-background is-layout-constrained wp-block-group-is-layout-constrained\">\n<h2 class=\"wp-block-heading has-text-align-center\" id=\"h-voici-comment-nous-aidons-concretement\"><strong>Voici comment nous aidons concr\u00e8tement<\/strong><\/h2>\n\n\n\n<hr class=\"wp-block-separator has-text-color has-primary-color has-alpha-channel-opacity has-primary-background-color has-background\"\/>\n\n\n\n<div class=\"wp-block-group is-style-default is-layout-flex wp-container-core-group-is-layout-d0921e6e wp-block-group-is-layout-flex\">\n<div class=\"wp-block-media-text alignwide is-stacked-on-mobile is-image-fill-element is-style-stacked\"><figure class=\"wp-block-media-text__media\"><img loading=\"lazy\" decoding=\"async\" width=\"1024\" height=\"683\" src=\"https:\/\/tierschutz.com\/app\/uploads\/2023\/06\/sts-hunde-kauf-beratung-1024x683.jpg\" alt=\"Welpe hinter einem rostigen K\u00e4fig\" class=\"wp-image-2866 size-full\" style=\"object-position:52% 60%\" srcset=\"https:\/\/tierschutz.com\/app\/uploads\/2023\/06\/sts-hunde-kauf-beratung-1024x683.jpg 1024w, https:\/\/tierschutz.com\/app\/uploads\/2023\/06\/sts-hunde-kauf-beratung-300x200.jpg 300w, https:\/\/tierschutz.com\/app\/uploads\/2023\/06\/sts-hunde-kauf-beratung-768x512.jpg 768w, https:\/\/tierschutz.com\/app\/uploads\/2023\/06\/sts-hunde-kauf-beratung-1536x1024.jpg 1536w, https:\/\/tierschutz.com\/app\/uploads\/2023\/06\/sts-hunde-kauf-beratung-2048x1365.jpg 2048w\" sizes=\"auto, (max-width: 1024px) 100vw, 1024px\" \/><\/figure><div class=\"wp-block-media-text__content\">\n<h3 class=\"wp-block-heading\" id=\"h-declaration-psa-de-trafic-d-animaux\"><strong><strong>D\u00e9claration PSA de trafic d&#8217;animaux<\/strong><\/strong><\/h3>\n\n\n\n<p>La Protection Suisse des Animaux PSA veut mettre fin aux agissements des marchands d&#8217;animaux sans scrupules. Avec l&#8217;aide du nouveau centre d&#8217;enregistrement pour le commerce d&#8217;animaux de la PSA, il leur sera d\u00e9sormais impossible de vendre leurs animaux en Suisse. Un projet rendu possible gr\u00e2ce au soutien de donatrices et donateurs.<\/p>\n<\/div><\/div>\n\n\n\n<div class=\"wp-block-media-text alignwide is-stacked-on-mobile is-image-fill-element is-style-stacked\"><figure class=\"wp-block-media-text__media\"><img loading=\"lazy\" decoding=\"async\" width=\"1024\" height=\"685\" src=\"https:\/\/tierschutz.com\/app\/uploads\/2023\/06\/sts-versuchstiere-missstaende-1024x685.jpg\" alt=\"Eine grosse, weisse Ratte und zwei kleine weisse Ratten eingesperrt in einem Terrarium\" class=\"wp-image-4947 size-full\" style=\"object-position:50% 50%\" srcset=\"https:\/\/tierschutz.com\/app\/uploads\/2023\/06\/sts-versuchstiere-missstaende-1024x685.jpg 1024w, https:\/\/tierschutz.com\/app\/uploads\/2023\/06\/sts-versuchstiere-missstaende-300x201.jpg 300w, https:\/\/tierschutz.com\/app\/uploads\/2023\/06\/sts-versuchstiere-missstaende-768x514.jpg 768w, https:\/\/tierschutz.com\/app\/uploads\/2023\/06\/sts-versuchstiere-missstaende-1536x1028.jpg 1536w, https:\/\/tierschutz.com\/app\/uploads\/2023\/06\/sts-versuchstiere-missstaende.jpg 2048w\" sizes=\"auto, (max-width: 1024px) 100vw, 1024px\" \/><\/figure><div class=\"wp-block-media-text__content\">\n<h3 class=\"wp-block-heading\" id=\"h-animaux-de-laboratoire\"><strong><strong><strong><strong>Animaux de laboratoire<\/strong><\/strong><\/strong><\/strong><\/h3>\n\n\n\n<p>La PSA s&#8217;engage pour une recherche qui prend au s\u00e9rieux la dignit\u00e9 et les droits des <a href=\"https:\/\/tierschutz.com\/fr\/protection-des-animaux\/rubriques\/experimentations-animales\/\">animaux de laboratoire<\/a>. Elle exige que l&#8217;on renonce aux exp\u00e9riences animales tr\u00e8s contraignantes, qui sont li\u00e9es \u00e0 de tr\u00e8s grandes souffrances pour les animaux. En lieu et place, il convient de recourir \u00e0 des m\u00e9thodes (d&#8217;exp\u00e9rimentation) sans animaux qui ont d\u00e9j\u00e0 \u00e9t\u00e9 d\u00e9velopp\u00e9es pour de nombreux domaines de recherche gr\u00e2ce aux technologies les plus modernes, mais qui sont encore trop peu utilis\u00e9es jusqu&#8217;\u00e0 pr\u00e9sent.<\/p>\n<\/div><\/div>\n\n\n\n<div class=\"wp-block-media-text alignwide is-stacked-on-mobile is-image-fill-element is-style-stacked\"><figure class=\"wp-block-media-text__media\"><img loading=\"lazy\" decoding=\"async\" width=\"320\" height=\"240\" src=\"https:\/\/tierschutz.com\/app\/uploads\/2024\/04\/STS_Rehkitz_052023.jpg\" alt=\"\" class=\"wp-image-19880 size-full\" style=\"object-position:50% 50%\" srcset=\"https:\/\/tierschutz.com\/app\/uploads\/2024\/04\/STS_Rehkitz_052023.jpg 320w, https:\/\/tierschutz.com\/app\/uploads\/2024\/04\/STS_Rehkitz_052023-300x225.jpg 300w\" sizes=\"auto, (max-width: 320px) 100vw, 320px\" \/><\/figure><div class=\"wp-block-media-text__content\">\n<h3 class=\"wp-block-heading\" id=\"h-sauvetage-des-faons\"><strong>Sauvetage des faons<\/strong><\/h3>\n\n\n\n<p>La Protection Suisse des Animaux PSA soutient le <a href=\"https:\/\/tierschutz.com\/fr\/project\/rehkitzrettung\/\" type=\"project\" id=\"8014\">sauvetage des faons<\/a> lors de la fenaison depuis 2023 avec sa propre flotte de drones. Le sauvetage a\u00e9rien des faons \u00e0 l\u2019aide d\u2019une cam\u00e9ra thermique et d\u2019un multicopt\u00e8re est la m\u00e9thode la plus s\u00fbre pour sauver les faons des faucheuses.<\/p>\n<\/div><\/div>\n<\/div>\n\n\n\n<div class=\"wp-block-buttons is-content-justification-center is-layout-flex wp-container-core-buttons-is-layout-a89b3969 wp-block-buttons-is-layout-flex\">\n<div class=\"wp-block-button\"><a class=\"wp-block-button__link wp-element-button\" href=\"https:\/\/tierschutz.com\/fr\/projets-psa\/\">Tous nos projets<\/a><\/div>\n<\/div>\n<\/div>\n\n\n\n<hr class=\"wp-block-separator has-text-color has-lightgray-color has-alpha-channel-opacity has-lightgray-background-color has-background is-style-wide\"\/>\n\n\n\n<div id=\"fragen\" class=\"wp-block-group has-background-background-color has-background is-layout-constrained wp-block-group-is-layout-constrained\">\n<div id=\"contact\" class=\"wp-block-group is-layout-constrained wp-block-group-is-layout-constrained\">\n<h2 class=\"wp-block-heading has-text-align-center\" id=\"h-avez-vous-d-autres-questions\"><strong><strong>Avez-vous d\u2019autres questions?<\/strong><\/strong><\/h2>\n\n\n\n<hr class=\"wp-block-separator has-text-color has-primary-color has-alpha-channel-opacity has-primary-background-color has-background\"\/>\n\n\n\n<div class=\"wp-block-media-text is-stacked-on-mobile is-image-fill-element is-style-shadow is-contact\" style=\"grid-template-columns:40% auto\"><figure class=\"wp-block-media-text__media\"><img decoding=\"async\" src=\"https:\/\/tierschutz.com\/app\/uploads\/2023\/06\/sts-logo-1.jpg\" alt=\"Schweizer Tierschutz Logo\" class=\"wp-image-5674 size-full\" style=\"object-position:50% 50%\"\/><\/figure><div class=\"wp-block-media-text__content\">\n<h3 class=\"wp-block-heading\" id=\"h-protection-suisse-des-animaux-psa\"><strong><strong>Protection Suisse <\/strong><\/strong><br><strong><strong>des Animaux PSA<\/strong><\/strong><\/h3>\n\n\n\n<p><a href=\"tel:+41585106400\">058 510 64 00<\/a><\/p>\n\n\n\n<p><a href=\"mailto:media@tierschutz.com\">sts@tierschutz.com<\/a><\/p>\n<\/div><\/div>\n\n\n\n<div style=\"height:42px\" aria-hidden=\"true\" class=\"wp-block-spacer\"><\/div>\n<\/div>\n\n\n\n<h2 class=\"wp-block-heading has-text-align-center\" id=\"h-questions-les-plus-frequentes\"><strong>Questions les plus fr\u00e9quentes<\/strong><\/h2>\n\n\n\n<hr class=\"wp-block-separator has-text-color has-primary-color has-alpha-channel-opacity has-primary-background-color has-background\"\/>\n\n\n\n<div class=\"wp-block-columns is-style-accordion is-layout-flex wp-container-core-columns-is-layout-28f84493 wp-block-columns-is-layout-flex\">\n<div class=\"wp-block-column is-layout-flow wp-block-column-is-layout-flow\">\n<h3 class=\"wp-block-heading\" id=\"h-ou-va-mon-don\"><strong><strong>O\u00f9 va mon don ?<\/strong><\/strong><\/h3>\n<\/div>\n\n\n\n<div class=\"wp-block-column is-layout-flow wp-block-column-is-layout-flow\">\n<p>Avec un <strong>don g\u00e9n\u00e9ral, <\/strong>vous soutenez le travail de la Protection Suisse des Animaux PSA. Votre don nous permet d&#8217;intervenir l\u00e0 o\u00f9 l&#8217;aide est la plus urgente et o\u00f9 elle est la plus utile. De plus, vous nous aidez \u00e0 soutenir <strong>nos sections dans toute la Suisse, <\/strong>avec leurs refuges pour animaux et leurs stations d&#8217;accueil dans toutes les r\u00e9gions linguistiques. Nous pouvons ainsi venir rapidement et efficacement en aide aux animaux en d\u00e9tresse.<\/p>\n<\/div>\n<\/div>\n\n\n\n<div class=\"wp-block-columns is-style-accordion is-layout-flex wp-container-core-columns-is-layout-28f84493 wp-block-columns-is-layout-flex\">\n<div class=\"wp-block-column is-layout-flow wp-block-column-is-layout-flow\">\n<h3 class=\"wp-block-heading\" id=\"h-mon-don-est-il-deductible-des-impots\"><strong><strong><strong><strong>Mon don est-il d\u00e9ductible des imp\u00f4ts ?<\/strong><\/strong><\/strong><\/strong><\/h3>\n<\/div>\n\n\n\n<div class=\"wp-block-column is-layout-flow wp-block-column-is-layout-flow\">\n<p>La Protection Suisse des Animaux PSA est reconnue comme institution d&#8217;utilit\u00e9 publique. Les dons aux organisations d&#8217;utilit\u00e9 publique sont d\u00e9ductibles dans le cadre des l\u00e9gislations fiscales cantonales.<\/p>\n<\/div>\n<\/div>\n\n\n\n<div class=\"wp-block-columns is-style-accordion is-layout-flex wp-container-core-columns-is-layout-28f84493 wp-block-columns-is-layout-flex\">\n<div class=\"wp-block-column is-layout-flow wp-block-column-is-layout-flow\">\n<h3 class=\"wp-block-heading\" id=\"h-est-ce-que-je-recois-un-recu-de-don-erhalte-ich-eine-spendenquittung\"><strong><strong><strong><strong>Est-ce que je re\u00e7ois un re\u00e7u de don ?Erhalte ich eine Spendenquittung?<\/strong><\/strong><\/strong><\/strong><\/h3>\n<\/div>\n\n\n\n<div class=\"wp-block-column is-layout-flow wp-block-column-is-layout-flow\">\n<p>Pour des raisons \u00e9cologiques, les dons ne sont remerci\u00e9s qu&#8217;\u00e0 partir d&#8217;un montant de 50 CHF. Fin janvier, vous recevrez une confirmation de don par e-mail pour l&#8217;ann\u00e9e \u00e9coul\u00e9e.<\/p>\n<\/div>\n<\/div>\n\n\n\n\n\n<div class=\"wp-block-columns is-style-accordion is-layout-flex wp-container-core-columns-is-layout-28f84493 wp-block-columns-is-layout-flex\">\n<div class=\"wp-block-column is-layout-flow wp-block-column-is-layout-flow\">\n<h3 class=\"wp-block-heading\" id=\"h-mes-donnees-personnelles-sont-elles-en-securite-lorsque-je-fais-un-don-en-ligne\"><strong><strong><strong><strong>Mes donn\u00e9es personnelles sont-elles en s\u00e9curit\u00e9 lorsque je fais un don en ligne ?<\/strong><\/strong><\/strong><\/strong><\/h3>\n<\/div>\n\n\n\n<div class=\"wp-block-column is-layout-flow wp-block-column-is-layout-flow\">\n<p>Vous pouvez faire un don de mani\u00e8re simple et s\u00fbre via notre site web. Cela est possible par Twint, PayPal, carte de cr\u00e9dit, PostFinance Card et PostFinance E-Banking. Le traitement des paiements est effectu\u00e9 par <a href=\"https:\/\/payrexx.com\/\" target=\"_blank\" rel=\"noreferrer noopener\">Payrexx<\/a>. Les dispositions relatives \u00e0 la protection des donn\u00e9es des fournisseurs de moyens de paiement et de Payrexx s&#8217;appliquent.<\/p>\n<\/div>\n<\/div>\n\n\n\n<div class=\"wp-block-columns is-style-accordion is-layout-flex wp-container-core-columns-is-layout-28f84493 wp-block-columns-is-layout-flex\">\n<div class=\"wp-block-column is-layout-flow wp-block-column-is-layout-flow\">\n<h3 class=\"wp-block-heading\" id=\"h-puis-je-faire-un-don-en-especes\"><strong><strong><strong><strong>Puis-je faire un don en esp\u00e8ces ?<\/strong><\/strong><\/strong><\/strong><\/h3>\n<\/div>\n\n\n\n<div class=\"wp-block-column is-layout-flow wp-block-column-is-layout-flow\">\n<p>Pour des raisons de s\u00e9curit\u00e9 et de transparence, nous ne pouvons malheureusement accepter aucun don en esp\u00e8ces, qu&#8217;il provienne de Suisse ou de l&#8217;\u00e9tranger. Afin que votre don nous parvienne en toute s\u00e9curit\u00e9 et de mani\u00e8re tra\u00e7able, nous vous prions d&#8217;utiliser nos moyens de paiement \u00e9prouv\u00e9s, <a href=\"#compte\">tels que le virement bancaire<\/a> ou le <a href=\"#spenden\">portail de dons en ligne<\/a>.<\/p>\n<\/div>\n<\/div>\n<\/div>\n","protected":false},"excerpt":{"rendered":"<p>Dons Comment nous aidons Vous avez des questions ? Dons pour le bien-\u00eatre des animaux La Protection Suisse des Animaux [&hellip;]<\/p>\n","protected":false},"author":5,"featured_media":35312,"parent":4296,"menu_order":305,"comment_status":"closed","ping_status":"closed","template":"","meta":{"_acf_changed":false,"inline_featured_image":false,"_vp_format_video_url":"","_vp_image_focal_point":[],"footnotes":""},"class_list":["post-5009","page","type-page","status-publish","has-post-thumbnail","hentry"],"acf":[],"yoast_head":"<!-- This site is optimized with the Yoast SEO Premium plugin v27.5 (Yoast SEO v27.5) - https:\/\/yoast.com\/product\/yoast-seo-premium-wordpress\/ -->\n<title>Dons - Protection Suisse des Animaux PSA<\/title>\n<meta name=\"robots\" content=\"index, follow, max-snippet:-1, max-image-preview:large, max-video-preview:-1\" \/>\n<link rel=\"canonical\" href=\"https:\/\/tierschutz.com\/fr\/protection-des-animaux\/dons\/dons\/\" \/>\n<meta property=\"og:locale\" content=\"fr_FR\" \/>\n<meta property=\"og:type\" content=\"article\" \/>\n<meta property=\"og:title\" content=\"Dons\" \/>\n<meta property=\"og:description\" content=\"Dons Comment nous aidons Vous avez des questions ? Dons pour le bien-\u00eatre des animaux La Protection Suisse des Animaux [&hellip;]\" \/>\n<meta property=\"og:url\" content=\"https:\/\/tierschutz.com\/fr\/protection-des-animaux\/dons\/dons\/\" \/>\n<meta property=\"og:site_name\" content=\"Protection Suisse des Animaux PSA\" \/>\n<meta property=\"article:publisher\" content=\"https:\/\/www.facebook.com\/schweizertierschutz\/\" \/>\n<meta property=\"article:modified_time\" content=\"2026-02-24T12:55:35+00:00\" \/>\n<meta property=\"og:image\" content=\"https:\/\/mail.swiss-animal-protection.ch\/app\/uploads\/2025\/12\/Design-ohne-Titel-14.jpg\" \/>\n\t<meta property=\"og:image:width\" content=\"1600\" \/>\n\t<meta property=\"og:image:height\" content=\"900\" \/>\n\t<meta property=\"og:image:type\" content=\"image\/jpeg\" \/>\n<meta name=\"twitter:card\" content=\"summary_large_image\" \/>\n<meta name=\"twitter:label1\" content=\"Dur\u00e9e de lecture estim\u00e9e\" \/>\n\t<meta name=\"twitter:data1\" content=\"11 minutes\" \/>\n<script type=\"application\/ld+json\" class=\"yoast-schema-graph\">{\"@context\":\"https:\\\/\\\/schema.org\",\"@graph\":[{\"@type\":\"WebPage\",\"@id\":\"https:\\\/\\\/tierschutz.com\\\/fr\\\/protection-des-animaux\\\/dons\\\/dons\\\/\",\"url\":\"https:\\\/\\\/tierschutz.com\\\/fr\\\/protection-des-animaux\\\/dons\\\/dons\\\/\",\"name\":\"Dons - Protection Suisse des Animaux PSA\",\"isPartOf\":{\"@id\":\"https:\\\/\\\/mail.protection-animaux-psa.ch\\\/fr\\\/#website\"},\"primaryImageOfPage\":{\"@id\":\"https:\\\/\\\/tierschutz.com\\\/fr\\\/protection-des-animaux\\\/dons\\\/dons\\\/#primaryimage\"},\"image\":{\"@id\":\"https:\\\/\\\/tierschutz.com\\\/fr\\\/protection-des-animaux\\\/dons\\\/dons\\\/#primaryimage\"},\"thumbnailUrl\":\"https:\\\/\\\/tierschutz.com\\\/app\\\/uploads\\\/2025\\\/12\\\/Design-ohne-Titel-14.jpg\",\"datePublished\":\"2023-05-04T13:14:12+00:00\",\"dateModified\":\"2026-02-24T12:55:35+00:00\",\"breadcrumb\":{\"@id\":\"https:\\\/\\\/tierschutz.com\\\/fr\\\/protection-des-animaux\\\/dons\\\/dons\\\/#breadcrumb\"},\"inLanguage\":\"fr-FR\",\"potentialAction\":[{\"@type\":\"ReadAction\",\"target\":[\"https:\\\/\\\/tierschutz.com\\\/fr\\\/protection-des-animaux\\\/dons\\\/dons\\\/\"]}]},{\"@type\":\"ImageObject\",\"inLanguage\":\"fr-FR\",\"@id\":\"https:\\\/\\\/tierschutz.com\\\/fr\\\/protection-des-animaux\\\/dons\\\/dons\\\/#primaryimage\",\"url\":\"https:\\\/\\\/tierschutz.com\\\/app\\\/uploads\\\/2025\\\/12\\\/Design-ohne-Titel-14.jpg\",\"contentUrl\":\"https:\\\/\\\/tierschutz.com\\\/app\\\/uploads\\\/2025\\\/12\\\/Design-ohne-Titel-14.jpg\",\"width\":1600,\"height\":900},{\"@type\":\"BreadcrumbList\",\"@id\":\"https:\\\/\\\/tierschutz.com\\\/fr\\\/protection-des-animaux\\\/dons\\\/dons\\\/#breadcrumb\",\"itemListElement\":[{\"@type\":\"ListItem\",\"position\":1,\"name\":\"Page d\u2019accueil\",\"item\":\"https:\\\/\\\/mail.protection-animaux-psa.ch\\\/fr\\\/\"},{\"@type\":\"ListItem\",\"position\":2,\"name\":\"Protection des animaux\u00a0\",\"item\":\"https:\\\/\\\/tierschutz.com\\\/fr\\\/protection-des-animaux\\\/\"},{\"@type\":\"ListItem\",\"position\":3,\"name\":\"Dons\",\"item\":\"https:\\\/\\\/mail.swiss-animal-protection.ch\\\/fr\\\/protection-des-animaux\\\/dons\\\/\"},{\"@type\":\"ListItem\",\"position\":4,\"name\":\"Dons\"}]},{\"@type\":\"WebSite\",\"@id\":\"https:\\\/\\\/mail.protection-animaux-psa.ch\\\/fr\\\/#website\",\"url\":\"https:\\\/\\\/mail.protection-animaux-psa.ch\\\/fr\\\/\",\"name\":\"tierschutz.com\",\"description\":\"Wir setzen uns f\u00fcr das Wohl der Tiere ein.\",\"publisher\":{\"@id\":\"https:\\\/\\\/mail.protection-animaux-psa.ch\\\/fr\\\/#organization\"},\"alternateName\":\"Schweizer Tierschutz STS\",\"potentialAction\":[{\"@type\":\"SearchAction\",\"target\":{\"@type\":\"EntryPoint\",\"urlTemplate\":\"https:\\\/\\\/mail.protection-animaux-psa.ch\\\/fr\\\/?s={search_term_string}\"},\"query-input\":{\"@type\":\"PropertyValueSpecification\",\"valueRequired\":true,\"valueName\":\"search_term_string\"}}],\"inLanguage\":\"fr-FR\"},{\"@type\":\"Organization\",\"@id\":\"https:\\\/\\\/mail.protection-animaux-psa.ch\\\/fr\\\/#organization\",\"name\":\"Schweizer Tierschutz STS\",\"alternateName\":\"STS\",\"url\":\"https:\\\/\\\/mail.protection-animaux-psa.ch\\\/fr\\\/\",\"logo\":{\"@type\":\"ImageObject\",\"inLanguage\":\"fr-FR\",\"@id\":\"https:\\\/\\\/mail.protection-animaux-psa.ch\\\/fr\\\/#\\\/schema\\\/logo\\\/image\\\/\",\"url\":\"https:\\\/\\\/tierschutz.com\\\/app\\\/uploads\\\/2024\\\/04\\\/logo-schweizer-tierschutz-sts-1.svg\",\"contentUrl\":\"https:\\\/\\\/tierschutz.com\\\/app\\\/uploads\\\/2024\\\/04\\\/logo-schweizer-tierschutz-sts-1.svg\",\"caption\":\"Schweizer Tierschutz STS\"},\"image\":{\"@id\":\"https:\\\/\\\/mail.protection-animaux-psa.ch\\\/fr\\\/#\\\/schema\\\/logo\\\/image\\\/\"},\"sameAs\":[\"https:\\\/\\\/www.facebook.com\\\/schweizertierschutz\\\/\",\"https:\\\/\\\/www.instagram.com\\\/schweizertierschutzsts\\\/\",\"https:\\\/\\\/www.youtube.com\\\/@STS_Tierschutz\",\"https:\\\/\\\/www.linkedin.com\\\/company\\\/schweizertierschutzsts\\\/\"],\"description\":\"Der Schweizer Tierschutz STS ist der Dachverband von 71 Tierschutzorganisationen in allen Sprachregionen der Schweiz und in Liechtenstein. Seine Mitarbeitenden leisten wissenschaftlich fundierte Grundlagenarbeit, setzen sich mit Projekten und Aktionen f\u00fcr den Schutz und das Wohlbefinden von Heim-, Wild-, Nutz- und Versuchstieren ein und sensibilisieren die \u00d6ffentlichkeit f\u00fcr Tierschutzthemen.\",\"email\":\"sts@tierschutz.com\",\"telephone\":\"061 365 99 99\",\"legalName\":\"Schweizer Tierschutz STS\"}]}<\/script>\n<!-- \/ Yoast SEO Premium plugin. -->","yoast_head_json":{"title":"Dons - Protection Suisse des Animaux PSA","robots":{"index":"index","follow":"follow","max-snippet":"max-snippet:-1","max-image-preview":"max-image-preview:large","max-video-preview":"max-video-preview:-1"},"canonical":"https:\/\/tierschutz.com\/fr\/protection-des-animaux\/dons\/dons\/","og_locale":"fr_FR","og_type":"article","og_title":"Dons","og_description":"Dons Comment nous aidons Vous avez des questions ? Dons pour le bien-\u00eatre des animaux La Protection Suisse des Animaux [&hellip;]","og_url":"https:\/\/tierschutz.com\/fr\/protection-des-animaux\/dons\/dons\/","og_site_name":"Protection Suisse des Animaux PSA","article_publisher":"https:\/\/www.facebook.com\/schweizertierschutz\/","article_modified_time":"2026-02-24T12:55:35+00:00","og_image":[{"width":1600,"height":900,"url":"https:\/\/mail.swiss-animal-protection.ch\/app\/uploads\/2025\/12\/Design-ohne-Titel-14.jpg","type":"image\/jpeg"}],"twitter_card":"summary_large_image","twitter_misc":{"Dur\u00e9e de lecture estim\u00e9e":"11 minutes"},"schema":{"@context":"https:\/\/schema.org","@graph":[{"@type":"WebPage","@id":"https:\/\/tierschutz.com\/fr\/protection-des-animaux\/dons\/dons\/","url":"https:\/\/tierschutz.com\/fr\/protection-des-animaux\/dons\/dons\/","name":"Dons - Protection Suisse des Animaux PSA","isPartOf":{"@id":"https:\/\/mail.protection-animaux-psa.ch\/fr\/#website"},"primaryImageOfPage":{"@id":"https:\/\/tierschutz.com\/fr\/protection-des-animaux\/dons\/dons\/#primaryimage"},"image":{"@id":"https:\/\/tierschutz.com\/fr\/protection-des-animaux\/dons\/dons\/#primaryimage"},"thumbnailUrl":"https:\/\/tierschutz.com\/app\/uploads\/2025\/12\/Design-ohne-Titel-14.jpg","datePublished":"2023-05-04T13:14:12+00:00","dateModified":"2026-02-24T12:55:35+00:00","breadcrumb":{"@id":"https:\/\/tierschutz.com\/fr\/protection-des-animaux\/dons\/dons\/#breadcrumb"},"inLanguage":"fr-FR","potentialAction":[{"@type":"ReadAction","target":["https:\/\/tierschutz.com\/fr\/protection-des-animaux\/dons\/dons\/"]}]},{"@type":"ImageObject","inLanguage":"fr-FR","@id":"https:\/\/tierschutz.com\/fr\/protection-des-animaux\/dons\/dons\/#primaryimage","url":"https:\/\/tierschutz.com\/app\/uploads\/2025\/12\/Design-ohne-Titel-14.jpg","contentUrl":"https:\/\/tierschutz.com\/app\/uploads\/2025\/12\/Design-ohne-Titel-14.jpg","width":1600,"height":900},{"@type":"BreadcrumbList","@id":"https:\/\/tierschutz.com\/fr\/protection-des-animaux\/dons\/dons\/#breadcrumb","itemListElement":[{"@type":"ListItem","position":1,"name":"Page d\u2019accueil","item":"https:\/\/mail.protection-animaux-psa.ch\/fr\/"},{"@type":"ListItem","position":2,"name":"Protection des animaux\u00a0","item":"https:\/\/tierschutz.com\/fr\/protection-des-animaux\/"},{"@type":"ListItem","position":3,"name":"Dons","item":"https:\/\/mail.swiss-animal-protection.ch\/fr\/protection-des-animaux\/dons\/"},{"@type":"ListItem","position":4,"name":"Dons"}]},{"@type":"WebSite","@id":"https:\/\/mail.protection-animaux-psa.ch\/fr\/#website","url":"https:\/\/mail.protection-animaux-psa.ch\/fr\/","name":"tierschutz.com","description":"Wir setzen uns f\u00fcr das Wohl der Tiere ein.","publisher":{"@id":"https:\/\/mail.protection-animaux-psa.ch\/fr\/#organization"},"alternateName":"Schweizer Tierschutz STS","potentialAction":[{"@type":"SearchAction","target":{"@type":"EntryPoint","urlTemplate":"https:\/\/mail.protection-animaux-psa.ch\/fr\/?s={search_term_string}"},"query-input":{"@type":"PropertyValueSpecification","valueRequired":true,"valueName":"search_term_string"}}],"inLanguage":"fr-FR"},{"@type":"Organization","@id":"https:\/\/mail.protection-animaux-psa.ch\/fr\/#organization","name":"Schweizer Tierschutz STS","alternateName":"STS","url":"https:\/\/mail.protection-animaux-psa.ch\/fr\/","logo":{"@type":"ImageObject","inLanguage":"fr-FR","@id":"https:\/\/mail.protection-animaux-psa.ch\/fr\/#\/schema\/logo\/image\/","url":"https:\/\/tierschutz.com\/app\/uploads\/2024\/04\/logo-schweizer-tierschutz-sts-1.svg","contentUrl":"https:\/\/tierschutz.com\/app\/uploads\/2024\/04\/logo-schweizer-tierschutz-sts-1.svg","caption":"Schweizer Tierschutz STS"},"image":{"@id":"https:\/\/mail.protection-animaux-psa.ch\/fr\/#\/schema\/logo\/image\/"},"sameAs":["https:\/\/www.facebook.com\/schweizertierschutz\/","https:\/\/www.instagram.com\/schweizertierschutzsts\/","https:\/\/www.youtube.com\/@STS_Tierschutz","https:\/\/www.linkedin.com\/company\/schweizertierschutzsts\/"],"description":"Der Schweizer Tierschutz STS ist der Dachverband von 71 Tierschutzorganisationen in allen Sprachregionen der Schweiz und in Liechtenstein. Seine Mitarbeitenden leisten wissenschaftlich fundierte Grundlagenarbeit, setzen sich mit Projekten und Aktionen f\u00fcr den Schutz und das Wohlbefinden von Heim-, Wild-, Nutz- und Versuchstieren ein und sensibilisieren die \u00d6ffentlichkeit f\u00fcr Tierschutzthemen.","email":"sts@tierschutz.com","telephone":"061 365 99 99","legalName":"Schweizer Tierschutz STS"}]}},"_links":{"self":[{"href":"https:\/\/tierschutz.com\/fr\/wp-json\/wp\/v2\/pages\/5009","targetHints":{"allow":["GET"]}}],"collection":[{"href":"https:\/\/tierschutz.com\/fr\/wp-json\/wp\/v2\/pages"}],"about":[{"href":"https:\/\/tierschutz.com\/fr\/wp-json\/wp\/v2\/types\/page"}],"author":[{"embeddable":true,"href":"https:\/\/tierschutz.com\/fr\/wp-json\/wp\/v2\/users\/5"}],"replies":[{"embeddable":true,"href":"https:\/\/tierschutz.com\/fr\/wp-json\/wp\/v2\/comments?post=5009"}],"version-history":[{"count":25,"href":"https:\/\/tierschutz.com\/fr\/wp-json\/wp\/v2\/pages\/5009\/revisions"}],"predecessor-version":[{"id":36521,"href":"https:\/\/tierschutz.com\/fr\/wp-json\/wp\/v2\/pages\/5009\/revisions\/36521"}],"up":[{"embeddable":true,"href":"https:\/\/tierschutz.com\/fr\/wp-json\/wp\/v2\/pages\/4296"}],"wp:featuredmedia":[{"embeddable":true,"href":"https:\/\/tierschutz.com\/fr\/wp-json\/wp\/v2\/media\/35312"}],"wp:attachment":[{"href":"https:\/\/tierschutz.com\/fr\/wp-json\/wp\/v2\/media?parent=5009"}],"curies":[{"name":"wp","href":"https:\/\/api.w.org\/{rel}","templated":true}]}}