{"id":29509,"date":"2024-12-16T12:48:42","date_gmt":"2024-12-16T11:48:42","guid":{"rendered":"https:\/\/tierschutz.com\/reformen\/"},"modified":"2025-04-15T12:07:26","modified_gmt":"2025-04-15T10:07:26","slug":"le-riforme","status":"publish","type":"page","link":"https:\/\/tierschutz.com\/it\/le-riforme\/","title":{"rendered":"Le riforme"},"content":{"rendered":"\n<div class=\"wp-block-cover alignfull is-light\"><span aria-hidden=\"true\" class=\"wp-block-cover__background has-background-dim-20 has-background-dim\" style=\"background-color:#928583\"><\/span><img loading=\"lazy\" decoding=\"async\" width=\"2560\" height=\"1707\" class=\"wp-block-cover__image-background wp-image-473\" alt=\"Ein gl\u00fccklicher junger Mann sitzt mit seinem H\u00fcndchen auf dem Sofa zu Hause.\" src=\"https:\/\/tierschutz.com\/app\/uploads\/2023\/05\/schweizer-tierschutz-heimtierhaltung-scaled.jpg\" data-object-fit=\"cover\" srcset=\"https:\/\/tierschutz.com\/app\/uploads\/2023\/05\/schweizer-tierschutz-heimtierhaltung-scaled.jpg 2560w, https:\/\/tierschutz.com\/app\/uploads\/2023\/05\/schweizer-tierschutz-heimtierhaltung-300x200.jpg 300w, https:\/\/tierschutz.com\/app\/uploads\/2023\/05\/schweizer-tierschutz-heimtierhaltung-1024x683.jpg 1024w, https:\/\/tierschutz.com\/app\/uploads\/2023\/05\/schweizer-tierschutz-heimtierhaltung-768x512.jpg 768w, https:\/\/tierschutz.com\/app\/uploads\/2023\/05\/schweizer-tierschutz-heimtierhaltung-1536x1024.jpg 1536w, https:\/\/tierschutz.com\/app\/uploads\/2023\/05\/schweizer-tierschutz-heimtierhaltung-2048x1365.jpg 2048w\" sizes=\"auto, (max-width: 2560px) 100vw, 2560px\" \/><div class=\"wp-block-cover__inner-container is-layout-flow wp-block-cover-is-layout-flow\">\n<h2 class=\"wp-block-heading has-text-align-center has-background-color has-text-color\" id=\"h-panoramica-sulle-riforme\"><strong>Panoramica sulle riforme<\/strong><\/h2>\n<\/div><\/div>\n\n\n\n<div class=\"wp-block-group alignfull anchor-bar has-lightgray-background-color has-background is-layout-constrained wp-block-group-is-layout-constrained\">\n<div class=\"wp-block-group is-content-justification-center is-layout-flex wp-container-core-group-is-layout-b02886af wp-block-group-is-layout-flex\">\n<p><strong><a href=\"#h-gennaio-2024\">In alto<\/a><\/strong><\/p>\n<\/div>\n<\/div>\n\n\n\n<div class=\"wp-block-group alignfull has-background-background-color has-background is-layout-constrained wp-block-group-is-layout-constrained\" id=\"standard\"><div class=\"yoast-breadcrumbs\"><span><span><a href=\"https:\/\/tierschutz.com\/it\/\">Pagina iniziale<\/a><\/span> \u00bb <span class=\"breadcrumb_last\" aria-current=\"page\">Le riforme<\/span><\/span><\/div>\n\n\n<h1 class=\"wp-block-heading has-text-align-center\" id=\"h-ecco-come-la-psa-sta-attuando-le-riforme\"><strong>Ecco come la PSA sta attuando le riforme<\/strong><\/h1>\n\n\n\n<hr class=\"wp-block-separator has-text-color has-primary-color has-alpha-channel-opacity has-primary-background-color has-background\"\/>\n\n\n\n<p class=\"has-text-align-center has-large-font-size\">Qui potete leggere la cronologia delle misure attuate dalla PSA per essere pronta ad affrontare il futuro e per espandere ulteriormente la sua posizione di organizzazione leader nell\u2019ambito della protezione degli animali in Svizzera. L\u2019elenco \u00e8 in continuo aggiornamento.<\/p>\n<\/div>\n\n\n\n<div class=\"wp-block-cp-timeline-content-timeline Cool-Content-Timeline\" id=\"zeit\"><div class=\"cool-timeline-block-23628d3e-7487-485d-a48e-ab9bdd024ad4\"><style>.cool-timeline-block-23628d3e-7487-485d-a48e-ab9bdd024ad4 .cool-vertical-timeline-body{--ctlb-head-font-size: 28px;--ctlb-head-font-weight: 700;--ctlb-heading-color: #ff7b00;--ctlb-sub-head-font-size: 20px;--ctlb-sub-head-font-weight: 400;--ctlb-sub-heading-color: #010101;--ctlb-line-color: #5f4bb6;--ctlb-icon-bg: #5f4bb6;--ctlb-story-border-color: #ffffff;--ctlb-container-top-padding: 8%;--ctlb-container-right-padding: 8%;--ctlb-container-bottom-padding: 8%;--ctlb-container-left-padding: 8%;--ctlb-container-top-border: 0px;--ctlb-container-right-border: 0px;--ctlb-container-bottom-border: 0px;--ctlb-container-left-border: 0px;--ctlb-container-top-radius: 0px;--ctlb-container-right-radius: 0px;--ctlb-container-bottom-radius: 0px;--ctlb-container-left-radius: 0px;--ctlb-year-font-size: 28px;--ctlb-year-font-weight: 700;--ctlb-year-box-color: #5f4bb6;}<\/style><div class=\"cool-vertical-timeline-body ctlb-wrapper both-sided left\" data-animation=\"zoom-in-left\"><div class=\"cool-timeline-block-list\">\n<div class=\"wp-block-cp-timeline-content-timeline-child\"><div class=\"ctlb-year-section\" id=\"ctlb-year-nav-5904fa87-aa26-4681-a37e-49dc154a86a6\"><div class=\"ctlb-year-label\"><span class=\"ctlb-year-text\">2025<\/span><\/div><\/div><div class=\"timeline-content icon-false \"><div class=\"timeline-block-timeline ctl-row  position-left ctl_timeFalse\"><div class=\"ctl-6 timeline-block-time\"><\/div><div class=\"timeline-block-icon\"><svg stroke=\"currentColor\" fill=\"currentColor\" stroke-width=\"0\" viewBox=\"0 0 512 512\" height=\"1em\" width=\"1em\" xmlns=\"http:\/\/www.w3.org\/2000\/svg\"><path d=\"M256 8C119 8 8 119 8 256s111 248 248 248 248-111 248-248S393 8 256 8z\"><\/path><\/svg><\/div><div class=\"ctl-6 timeline-block-detail\"><div class=\"story-details\"><div class=\"story-content\">\n<h3 class=\"wp-block-heading ctlb-block-title\" id=\"h-marzo-2025\">Marzo 2025<\/h3>\n\n\n\n<p class=\"ctlb-block-desc\">Peter V. Kunz (60) \u00e8 il nuovo <a href=\"https:\/\/tierschutz.com\/it\/peter-v-kunz-e-il-nuovo-presidente-della-psa\/\"><u>Presidente<\/u><\/a>&nbsp;dela PSA. \u00c8 stato eletto il 15 marzo 2025 nel corso di un&#8217;assemblea straordinaria dei delegati tenutasi a Basilea con 136 voti su 166 delegati votanti. Con il 91% dei voti favorevoli, i delegati hanno approvato anche il nuovo statuto, come base per l&#8217;ulteriore modernizzazione dela PSA.<\/p>\n\n\n\n<p><\/p>\n\n\n\n<figure class=\"wp-block-image size-large\"><img loading=\"lazy\" decoding=\"async\" width=\"1024\" height=\"683\" src=\"https:\/\/tierschutz.com\/app\/uploads\/2025\/03\/PVK-1024x683.jpg\" alt=\"\" class=\"wp-image-30137\" style=\"aspect-ratio:16\/9;object-fit:cover\" srcset=\"https:\/\/tierschutz.com\/app\/uploads\/2025\/03\/PVK-1024x683.jpg 1024w, https:\/\/tierschutz.com\/app\/uploads\/2025\/03\/PVK-300x200.jpg 300w, https:\/\/tierschutz.com\/app\/uploads\/2025\/03\/PVK-768x512.jpg 768w, https:\/\/tierschutz.com\/app\/uploads\/2025\/03\/PVK-1536x1024.jpg 1536w, https:\/\/tierschutz.com\/app\/uploads\/2025\/03\/PVK-2048x1365.jpg 2048w\" sizes=\"auto, (max-width: 1024px) 100vw, 1024px\" \/><\/figure>\n<\/div><\/div><\/div><\/div><\/div><\/div>\n\n\n\n<div class=\"wp-block-cp-timeline-content-timeline-child\"><div class=\"timeline-content icon-false \"><div class=\"timeline-block-timeline ctl-row  position-right ctl_timeFalse\"><div class=\"ctl-6 timeline-block-time\"><\/div><div class=\"timeline-block-icon\"><svg stroke=\"currentColor\" fill=\"currentColor\" stroke-width=\"0\" viewBox=\"0 0 512 512\" height=\"1em\" width=\"1em\" xmlns=\"http:\/\/www.w3.org\/2000\/svg\"><path d=\"M256 8C119 8 8 119 8 256s111 248 248 248 248-111 248-248S393 8 256 8z\"><\/path><\/svg><\/div><div class=\"ctl-6 timeline-block-detail\"><div class=\"story-details\"><div class=\"story-content\">\n<h3 class=\"wp-block-heading ctlb-block-title\" id=\"h-gennaio-2025\">Gennaio 2025<\/h3>\n\n\n\n<p class=\"ctlb-block-desc\">Peter V. Kunz, membro del Comitato direttivo della Protezione Svizzera degli Animali PSA, si mette a disposizione come presidente della pi\u00f9 grande organizzazione nazionale di protezione degli animali. Il Comitato direttivo e la commissione di selezione da esso istituita raccomandano ai delegati di supportare la sua candidatura.<\/p>\n\n\n\n<p><\/p>\n\n\n\n<p class=\"ctlb-block-desc\">L\u2019elezione avr\u00e0 luogo il 15 marzo 2025 in occasione di un\u2019assemblea straordinaria dei delegati a Basilea.<\/p>\n<\/div><\/div><\/div><\/div><\/div><\/div>\n\n\n\n<div class=\"wp-block-cp-timeline-content-timeline-child\"><div class=\"ctlb-year-section\" id=\"ctlb-year-nav-78fcc451-5a06-4a73-a94b-a5d6aae38c6a\"><div class=\"ctlb-year-label\"><span class=\"ctlb-year-text\">2024<\/span><\/div><\/div><div class=\"timeline-content icon-dot \"><div class=\"timeline-block-timeline ctl-row  position-left ctl_timeFalse\"><div class=\"ctl-6 timeline-block-time\"><\/div><div class=\"timeline-block-icon\"><svg stroke=\"currentColor\" fill=\"currentColor\" stroke-width=\"0\" viewBox=\"0 0 512 512\" height=\"1em\" width=\"1em\" xmlns=\"http:\/\/www.w3.org\/2000\/svg\"><path d=\"M256 8C119 8 8 119 8 256s111 248 248 248 248-111 248-248S393 8 256 8z\"><\/path><\/svg><\/div><div class=\"ctl-6 timeline-block-detail\"><div class=\"story-details\"><div class=\"story-content\">\n<h3 class=\"wp-block-heading ctlb-block-title\" id=\"h-dicembre-2024\"><strong>Dicembre 2024<\/strong><\/h3>\n\n\n\n<p class=\"ctlb-block-desc\">La direzione informa nuovamente i collaboratori della PSA in merito al processo strategico pianificato per il 2025. La nuova strategia della PSA getta le basi per il futuro lavoro operativo in ambito specialistico e progettuale, volto a migliorare la protezione e il benessere degli animali.<\/p>\n\n\n\n<p><\/p>\n\n\n\n<p class=\"ctlb-block-desc\">Il percorso di digitalizzazione, gi\u00e0 avviato in precedenza, proseguir\u00e0 nel 2025 con l\u2019introduzione di MS 365 e di altre misure. In questo modo si promuove una cooperazione fattiva ed efficace.<\/p>\n<\/div><\/div><\/div><\/div><\/div><\/div>\n\n\n\n<div class=\"wp-block-cp-timeline-content-timeline-child\"><div class=\"timeline-content icon-false \"><div class=\"timeline-block-timeline ctl-row  position-right ctl_timeFalse\"><div class=\"ctl-6 timeline-block-time\"><\/div><div class=\"timeline-block-icon\"><svg stroke=\"currentColor\" fill=\"currentColor\" stroke-width=\"0\" viewBox=\"0 0 512 512\" height=\"1em\" width=\"1em\" xmlns=\"http:\/\/www.w3.org\/2000\/svg\"><path d=\"M256 8C119 8 8 119 8 256s111 248 248 248 248-111 248-248S393 8 256 8z\"><\/path><\/svg><\/div><div class=\"ctl-6 timeline-block-detail\"><div class=\"story-details\"><div class=\"story-content\">\n<h3 class=\"wp-block-heading ctlb-block-title\" id=\"h-novembre-2024\"><strong>Novembre 2024<\/strong><\/h3>\n\n\n\n<p class=\"ctlb-block-desc\">In una conferenza delle <a href=\"https:\/\/tierschutz.com\/it\/chi-siamo\/associazione\/sezioni\/\">sezioni<\/a>, il gruppo addetto alle riforme, istituito dal Comitato direttivo, presenta la bozza di revisione dello statuto della PSA. Il Comitato direttivo sottoporr\u00e0 il nuovo statuto al voto in occasione di un\u2019assemblea straordinaria dei delegati a marzo 2025.<\/p>\n\n\n\n<p><\/p>\n\n\n\n<p class=\"ctlb-block-desc\">Al contempo verr\u00e0 eletto un nuovo o una nuova presidente.<\/p>\n<\/div><\/div><\/div><\/div><\/div><\/div>\n\n\n\n<div class=\"wp-block-cp-timeline-content-timeline-child\"><div class=\"timeline-content icon-false \"><div class=\"timeline-block-timeline ctl-row  position-left ctl_timeFalse\"><div class=\"ctl-6 timeline-block-time\"><\/div><div class=\"timeline-block-icon\"><svg stroke=\"currentColor\" fill=\"currentColor\" stroke-width=\"0\" viewBox=\"0 0 512 512\" height=\"1em\" width=\"1em\" xmlns=\"http:\/\/www.w3.org\/2000\/svg\"><path d=\"M256 8C119 8 8 119 8 256s111 248 248 248 248-111 248-248S393 8 256 8z\"><\/path><\/svg><\/div><div class=\"ctl-6 timeline-block-detail\"><div class=\"story-details\"><div class=\"story-content\">\n<h3 class=\"wp-block-heading ctlb-block-title\" id=\"h-novembre-2024-0\"><strong>Novembre 2024<\/strong><\/h3>\n\n\n\n<p class=\"ctlb-block-desc\">La <a href=\"http:\/\/www.zewo.ch\" target=\"_blank\" rel=\"noreferrer noopener\">Zewo<\/a> rimuovere la PSA dall\u2019elenco delle organizzazioni che \u00absi discostano significativamente dagli standard Zewo\u00bb. Ci\u00f2 significa che la Zewo non sconsiglia pi\u00f9 di sostenere la PSA con delle donazioni. <\/p>\n\n\n\n<p><\/p>\n\n\n\n<p class=\"ctlb-block-desc\">Ci\u00f2 avviene dopo che la Zewo, che certifica le organizzazioni di utilit\u00e0 pubblica senza scopo di lucro, ha ritenuto che la PSA abbia attuato con successo i primi importanti <a href=\"https:\/\/tierschutz.com\/it\/chi-siamo\/cosa-facciamo\/\">punti della riforma<\/a>.<\/p>\n<\/div><\/div><\/div><\/div><\/div><\/div>\n\n\n\n<div class=\"wp-block-cp-timeline-content-timeline-child\"><div class=\"timeline-content icon-false \"><div class=\"timeline-block-timeline ctl-row  position-right ctl_timeFalse\"><div class=\"ctl-6 timeline-block-time\"><\/div><div class=\"timeline-block-icon\"><svg stroke=\"currentColor\" fill=\"currentColor\" stroke-width=\"0\" viewBox=\"0 0 512 512\" height=\"1em\" width=\"1em\" xmlns=\"http:\/\/www.w3.org\/2000\/svg\"><path d=\"M256 8C119 8 8 119 8 256s111 248 248 248 248-111 248-248S393 8 256 8z\"><\/path><\/svg><\/div><div class=\"ctl-6 timeline-block-detail\"><div class=\"story-details\"><div class=\"story-content\">\n<h3 class=\"wp-block-heading ctlb-block-title\" id=\"h-ottobre-2024\"><strong>Ottobre 2024<\/strong><\/h3>\n\n\n\n<p class=\"ctlb-block-desc\">L\u2019avvocato ticinese Piero Mazzoleni (72) annuncia che si dimetter\u00e0 dalla carica di presidente della Protezione Svizzera degli Animali PSA a marzo 2025.<\/p>\n\n\n\n<p><\/p>\n\n\n\n<p class=\"ctlb-block-desc\">Il Comitato direttivo decide di istituire una commissione di selezione per trovare il successore di Piero Mazzoleni.<\/p>\n<\/div><\/div><\/div><\/div><\/div><\/div>\n\n\n\n<div class=\"wp-block-cp-timeline-content-timeline-child\"><div class=\"timeline-content icon-false \"><div class=\"timeline-block-timeline ctl-row  position-left ctl_timeFalse\"><div class=\"ctl-6 timeline-block-time\"><\/div><div class=\"timeline-block-icon\"><svg stroke=\"currentColor\" fill=\"currentColor\" stroke-width=\"0\" viewBox=\"0 0 512 512\" height=\"1em\" width=\"1em\" xmlns=\"http:\/\/www.w3.org\/2000\/svg\"><path d=\"M256 8C119 8 8 119 8 256s111 248 248 248 248-111 248-248S393 8 256 8z\"><\/path><\/svg><\/div><div class=\"ctl-6 timeline-block-detail\"><div class=\"story-details\"><div class=\"story-content\">\n<h3 class=\"wp-block-heading ctlb-block-title\" id=\"h-settembre-2024\"><strong>Settembre 2024<\/strong><\/h3>\n\n\n\n<p class=\"ctlb-block-desc\">Nicole Disler (45) diventa responsabile del <a href=\"https:\/\/tierschutz.com\/it\/detenzione-di-animali\/detenzione-di-animali-da-reddito\/centro-di-competenza-per-animali-da-reddito-protezione-svizzera-degli-animali-psa-servizio-di-controllo-psa\/\">centro di competenza animali da reddito e del servizio di controllo della Protezione Svizzera degli Animali PSA<\/a>. <\/p>\n\n\n\n<p><\/p>\n\n\n\n<p class=\"ctlb-block-desc\">Disler arriva alla PSA dall\u2019Ufficio federale della sanit\u00e0 pubblica (UFSP), dove ha lavorato come responsabile di progetto nella sezione Informazione e campagne sulla salute.<\/p>\n<\/div><\/div><\/div><\/div><\/div><\/div>\n\n\n\n<div class=\"wp-block-cp-timeline-content-timeline-child\"><div class=\"timeline-content icon-false \"><div class=\"timeline-block-timeline ctl-row  position-right ctl_timeFalse\"><div class=\"ctl-6 timeline-block-time\"><\/div><div class=\"timeline-block-icon\"><svg stroke=\"currentColor\" fill=\"currentColor\" stroke-width=\"0\" viewBox=\"0 0 512 512\" height=\"1em\" width=\"1em\" xmlns=\"http:\/\/www.w3.org\/2000\/svg\"><path d=\"M256 8C119 8 8 119 8 256s111 248 248 248 248-111 248-248S393 8 256 8z\"><\/path><\/svg><\/div><div class=\"ctl-6 timeline-block-detail\"><div class=\"story-details\"><div class=\"story-content\">\n<h3 class=\"wp-block-heading ctlb-block-title\" id=\"h-agosto-2024\"><strong>Agosto 2024<\/strong><\/h3>\n\n\n\n<p class=\"ctlb-block-desc\">I compiti della direzione e del Comitato direttivo in quanto organo strategico sono definiti in un nuovo regolamento interno.<\/p>\n\n\n\n<p><\/p>\n\n\n\n<p class=\"ctlb-block-desc\">Quest\u2019ultimo contiene anche linee guida per evitare conflitti di interesse a livello di comitato e di gestione. Eventuali conflitti di interesse devono essere resi noti.<\/p>\n<\/div><\/div><\/div><\/div><\/div><\/div>\n\n\n\n<div class=\"wp-block-cp-timeline-content-timeline-child\"><div class=\"timeline-content icon-false \"><div class=\"timeline-block-timeline ctl-row  position-left ctl_timeFalse\"><div class=\"ctl-6 timeline-block-time\"><\/div><div class=\"timeline-block-icon\"><svg stroke=\"currentColor\" fill=\"currentColor\" stroke-width=\"0\" viewBox=\"0 0 512 512\" height=\"1em\" width=\"1em\" xmlns=\"http:\/\/www.w3.org\/2000\/svg\"><path d=\"M256 8C119 8 8 119 8 256s111 248 248 248 248-111 248-248S393 8 256 8z\"><\/path><\/svg><\/div><div class=\"ctl-6 timeline-block-detail\"><div class=\"story-details\"><div class=\"story-content\">\n<h3 class=\"wp-block-heading ctlb-block-title\" id=\"h-luglio-2024\"><strong>Luglio 2024<\/strong><\/h3>\n\n\n\n<p class=\"ctlb-block-desc\">La PSA ha pubblicato il proprio <a href=\"https:\/\/tierschutz.com\/it\/chi-siamo\/cosa-facciamo\/finanze-e-fondi\/\">consuntivo del 2023<\/a> in una nuova versione pi\u00f9 dettagliata sul proprio sito web. A partire dall\u2019esercizio 2024, la PSA redige e pubblica il proprio conto annuale secondo lo standard contabile Swiss GAAP FER 21 con revisione ordinaria, compreso un processo di definizione dei budget e un sistema di controllo interno (SCI). Inizia la conversione al nuovo sistema di contabilit\u00e0 finanziaria e di gestione delle risorse umane Abacus.<\/p>\n<\/div><\/div><\/div><\/div><\/div><\/div>\n\n\n\n<div class=\"wp-block-cp-timeline-content-timeline-child\"><div class=\"timeline-content icon-false \"><div class=\"timeline-block-timeline ctl-row  position-right ctl_timeFalse\"><div class=\"ctl-6 timeline-block-time\"><\/div><div class=\"timeline-block-icon\"><svg stroke=\"currentColor\" fill=\"currentColor\" stroke-width=\"0\" viewBox=\"0 0 512 512\" height=\"1em\" width=\"1em\" xmlns=\"http:\/\/www.w3.org\/2000\/svg\"><path d=\"M256 8C119 8 8 119 8 256s111 248 248 248 248-111 248-248S393 8 256 8z\"><\/path><\/svg><\/div><div class=\"ctl-6 timeline-block-detail\"><div class=\"story-details\"><div class=\"story-content\">\n<h3 class=\"wp-block-heading ctlb-block-title\" id=\"h-maggio-2024\"><strong>Maggio 2024<\/strong><\/h3>\n\n\n\n<p class=\"ctlb-block-desc\">Marco Mettler (45) assume la guida della direzione della PSA. Mettler ha ricoperto di recente la carica di vicedirettore presso Pro Juventute. Uno dei suoi compiti principali \u00e8 di proseguire e attuare con successo il percorso di modernizzazione della PSA insieme alla direzione, al Comitato direttivo e ai collaboratori a livello operativo.<\/p>\n\n\n\n<p><\/p>\n\n\n\n<p class=\"ctlb-block-desc\">Fanno parte della nuova <a href=\"https:\/\/tierschutz.com\/it\/chi-siamo\/associazione\/direzione\/\">direzione<\/a> anche: dott. med. vet. MLaw Julika Fitzi-Rathgen, responsabile benessere degli animali; Lorena Pedalino, responsabile Finanza e servizi centrali; Katja Polzin, responsabile Fundraising e marketing; Nicole Disler, responsabile centro di competenza animali da reddito e servizio di controllo PSA. Simon Hubacher, responsabile Comunicazione, fa parte della direzione allargata.<\/p>\n<\/div><\/div><\/div><\/div><\/div><\/div>\n\n\n\n<div class=\"wp-block-cp-timeline-content-timeline-child\"><div class=\"timeline-content icon-false \"><div class=\"timeline-block-timeline ctl-row  position-left ctl_timeFalse\"><div class=\"ctl-6 timeline-block-time\"><\/div><div class=\"timeline-block-icon\"><svg stroke=\"currentColor\" fill=\"currentColor\" stroke-width=\"0\" viewBox=\"0 0 512 512\" height=\"1em\" width=\"1em\" xmlns=\"http:\/\/www.w3.org\/2000\/svg\"><path d=\"M256 8C119 8 8 119 8 256s111 248 248 248 248-111 248-248S393 8 256 8z\"><\/path><\/svg><\/div><div class=\"ctl-6 timeline-block-detail\"><div class=\"story-details\"><div class=\"story-content\">\n<h3 class=\"wp-block-heading ctlb-block-title\" id=\"h-aprile-2024\"><strong>Aprile 2024<\/strong><\/h3>\n\n\n\n<p class=\"ctlb-block-desc\">Il <a href=\"https:\/\/tierschutz.com\/it\/chi-siamo\/associazione\/comitato-direttivo\/\">Comitato direttivo<\/a> della PSA ha deciso di istituire un gruppo addetto alle riforme per guidare l\u2019organizzazione attraverso le sfide attuali e gettare le basi per un futuro positivo.<\/p>\n\n\n\n<p><\/p>\n\n\n\n<p class=\"ctlb-block-desc\">Questa iniziativa sottolinea l\u2019impegno della PSA nel rafforzare le proprie strutture e nel perseguire la propria missione in modo pi\u00f9 efficace. Il dott. Jascha Schneider-Marfels, delegato dell\u2019associazione <em>Tierschutz beider Basel,<\/em> viene nominato presidente del gruppo addetto alle riforme.<\/p>\n<\/div><\/div><\/div><\/div><\/div><\/div>\n\n\n\n<div class=\"wp-block-cp-timeline-content-timeline-child\"><div class=\"timeline-content icon-false \"><div class=\"timeline-block-timeline ctl-row  position-right ctl_timeFalse\"><div class=\"ctl-6 timeline-block-time\"><\/div><div class=\"timeline-block-icon\"><svg stroke=\"currentColor\" fill=\"currentColor\" stroke-width=\"0\" viewBox=\"0 0 512 512\" height=\"1em\" width=\"1em\" xmlns=\"http:\/\/www.w3.org\/2000\/svg\"><path d=\"M256 8C119 8 8 119 8 256s111 248 248 248 248-111 248-248S393 8 256 8z\"><\/path><\/svg><\/div><div class=\"ctl-6 timeline-block-detail\"><div class=\"story-details\"><div class=\"story-content\">\n<h3 class=\"wp-block-heading ctlb-block-title\" id=\"h-gennaio-2024\"><strong>Gennaio 2024<\/strong><\/h3>\n\n\n\n<p class=\"ctlb-block-desc\">L\u2019assemblea dei delegati della PSA adotta una mozione per <a href=\"https:\/\/tierschutz.com\/it\/la-psa-pone-le-basi-per-il-futuro\/\">rimuovere<\/a> dall\u2019incarico la Presidente della PSA Nicole Ruch. La presidenza viene temporaneamente assunta dall\u2019allora vicepresidente Piero Mazzoleni. <\/p>\n\n\n\n<p><\/p>\n\n\n\n<p class=\"ctlb-block-desc\">L\u2019assemblea dei delegati non ha inoltre rieletto il membro del Comitato Martina Munz e ha rimosso Michel Roux dalla carica nel Comitato direttivo.<\/p>\n<\/div><\/div><\/div><\/div><\/div><\/div>\n<\/div><\/div><\/div><\/div>\n\n\n\n<p><\/p>\n","protected":false},"excerpt":{"rendered":"<p>Qui potete leggere la cronologia delle misure attuate dalla PSA per essere pronta ad affrontare il futuro e per espandere ulteriormente la sua posizione di organizzazione leader nell\u2019ambito della protezione degli animali in Svizzera. L\u2019elenco \u00e8 in continuo aggiornamento.<\/p>\n","protected":false},"author":5,"featured_media":642,"parent":0,"menu_order":58,"comment_status":"closed","ping_status":"closed","template":"","meta":{"_acf_changed":false,"inline_featured_image":false,"_vp_format_video_url":"","_vp_image_focal_point":[],"footnotes":""},"class_list":["post-29509","page","type-page","status-publish","has-post-thumbnail","hentry"],"acf":[],"yoast_head":"<!-- This site is optimized with the Yoast SEO Premium plugin v27.4 (Yoast SEO v27.4) - https:\/\/yoast.com\/product\/yoast-seo-premium-wordpress\/ -->\n<title>Le riforme - Protezione Svizzera degli Animali PSA<\/title>\n<meta name=\"description\" content=\"Una panoramica sulle riforme previste per il STS. Dal processo della strategia 2025 all&#039;elezione del nuovo presidente.\" \/>\n<meta name=\"robots\" content=\"index, follow, max-snippet:-1, max-image-preview:large, max-video-preview:-1\" \/>\n<link rel=\"canonical\" href=\"https:\/\/tierschutz.com\/it\/le-riforme\/\" \/>\n<meta property=\"og:locale\" content=\"it_IT\" \/>\n<meta property=\"og:type\" content=\"article\" \/>\n<meta property=\"og:title\" content=\"Le riforme\" \/>\n<meta property=\"og:description\" content=\"Una panoramica sulle riforme previste per il STS. Dal processo della strategia 2025 all&#039;elezione del nuovo presidente.\" \/>\n<meta property=\"og:url\" content=\"https:\/\/tierschutz.com\/it\/le-riforme\/\" \/>\n<meta property=\"og:site_name\" content=\"Protezione Svizzera degli Animali PSA\" \/>\n<meta property=\"article:publisher\" content=\"https:\/\/www.facebook.com\/schweizertierschutz\/\" \/>\n<meta property=\"article:modified_time\" content=\"2025-04-15T10:07:26+00:00\" \/>\n<meta property=\"og:image\" content=\"https:\/\/mail.protezione-animali-psa.ch\/app\/uploads\/2023\/05\/schweizer-tierschutz-heimtierhaltung-scaled.jpg\" \/>\n\t<meta property=\"og:image:width\" content=\"2560\" \/>\n\t<meta property=\"og:image:height\" content=\"1707\" \/>\n\t<meta property=\"og:image:type\" content=\"image\/jpeg\" \/>\n<meta name=\"twitter:card\" content=\"summary_large_image\" \/>\n<meta name=\"twitter:label1\" content=\"Tempo di lettura stimato\" \/>\n\t<meta name=\"twitter:data1\" content=\"6 minuti\" \/>\n<script type=\"application\/ld+json\" class=\"yoast-schema-graph\">{\"@context\":\"https:\\\/\\\/schema.org\",\"@graph\":[{\"@type\":\"WebPage\",\"@id\":\"https:\\\/\\\/tierschutz.com\\\/it\\\/le-riforme\\\/\",\"url\":\"https:\\\/\\\/tierschutz.com\\\/it\\\/le-riforme\\\/\",\"name\":\"Le riforme - Protezione Svizzera degli Animali PSA\",\"isPartOf\":{\"@id\":\"https:\\\/\\\/tierschutz.com\\\/it\\\/#website\"},\"primaryImageOfPage\":{\"@id\":\"https:\\\/\\\/tierschutz.com\\\/it\\\/le-riforme\\\/#primaryimage\"},\"image\":{\"@id\":\"https:\\\/\\\/tierschutz.com\\\/it\\\/le-riforme\\\/#primaryimage\"},\"thumbnailUrl\":\"https:\\\/\\\/tierschutz.com\\\/app\\\/uploads\\\/2023\\\/05\\\/schweizer-tierschutz-heimtierhaltung-scaled.jpg\",\"datePublished\":\"2024-12-16T11:48:42+00:00\",\"dateModified\":\"2025-04-15T10:07:26+00:00\",\"description\":\"Una panoramica sulle riforme previste per il STS. Dal processo della strategia 2025 all'elezione del nuovo presidente.\",\"breadcrumb\":{\"@id\":\"https:\\\/\\\/tierschutz.com\\\/it\\\/le-riforme\\\/#breadcrumb\"},\"inLanguage\":\"it-IT\",\"potentialAction\":[{\"@type\":\"ReadAction\",\"target\":[\"https:\\\/\\\/tierschutz.com\\\/it\\\/le-riforme\\\/\"]}]},{\"@type\":\"ImageObject\",\"inLanguage\":\"it-IT\",\"@id\":\"https:\\\/\\\/tierschutz.com\\\/it\\\/le-riforme\\\/#primaryimage\",\"url\":\"https:\\\/\\\/tierschutz.com\\\/app\\\/uploads\\\/2023\\\/05\\\/schweizer-tierschutz-heimtierhaltung-scaled.jpg\",\"contentUrl\":\"https:\\\/\\\/tierschutz.com\\\/app\\\/uploads\\\/2023\\\/05\\\/schweizer-tierschutz-heimtierhaltung-scaled.jpg\",\"width\":2560,\"height\":1707,\"caption\":\"Happy young man sitting with his puppy on a sofa at home.\"},{\"@type\":\"BreadcrumbList\",\"@id\":\"https:\\\/\\\/tierschutz.com\\\/it\\\/le-riforme\\\/#breadcrumb\",\"itemListElement\":[{\"@type\":\"ListItem\",\"position\":1,\"name\":\"Pagina iniziale\",\"item\":\"https:\\\/\\\/tierschutz.com\\\/it\\\/\"},{\"@type\":\"ListItem\",\"position\":2,\"name\":\"Le riforme\"}]},{\"@type\":\"WebSite\",\"@id\":\"https:\\\/\\\/tierschutz.com\\\/it\\\/#website\",\"url\":\"https:\\\/\\\/tierschutz.com\\\/it\\\/\",\"name\":\"tierschutz.com\",\"description\":\"Wir setzen uns f\u00fcr das Wohl der Tiere ein.\",\"publisher\":{\"@id\":\"https:\\\/\\\/tierschutz.com\\\/it\\\/#organization\"},\"alternateName\":\"Schweizer Tierschutz STS\",\"potentialAction\":[{\"@type\":\"SearchAction\",\"target\":{\"@type\":\"EntryPoint\",\"urlTemplate\":\"https:\\\/\\\/tierschutz.com\\\/it\\\/?s={search_term_string}\"},\"query-input\":{\"@type\":\"PropertyValueSpecification\",\"valueRequired\":true,\"valueName\":\"search_term_string\"}}],\"inLanguage\":\"it-IT\"},{\"@type\":\"Organization\",\"@id\":\"https:\\\/\\\/tierschutz.com\\\/it\\\/#organization\",\"name\":\"Schweizer Tierschutz STS\",\"alternateName\":\"STS\",\"url\":\"https:\\\/\\\/tierschutz.com\\\/it\\\/\",\"logo\":{\"@type\":\"ImageObject\",\"inLanguage\":\"it-IT\",\"@id\":\"https:\\\/\\\/tierschutz.com\\\/it\\\/#\\\/schema\\\/logo\\\/image\\\/\",\"url\":\"https:\\\/\\\/tierschutz.com\\\/app\\\/uploads\\\/2024\\\/04\\\/logo-schweizer-tierschutz-sts-1.svg\",\"contentUrl\":\"https:\\\/\\\/tierschutz.com\\\/app\\\/uploads\\\/2024\\\/04\\\/logo-schweizer-tierschutz-sts-1.svg\",\"caption\":\"Schweizer Tierschutz STS\"},\"image\":{\"@id\":\"https:\\\/\\\/tierschutz.com\\\/it\\\/#\\\/schema\\\/logo\\\/image\\\/\"},\"sameAs\":[\"https:\\\/\\\/www.facebook.com\\\/schweizertierschutz\\\/\",\"https:\\\/\\\/www.instagram.com\\\/schweizertierschutzsts\\\/\",\"https:\\\/\\\/www.youtube.com\\\/@STS_Tierschutz\",\"https:\\\/\\\/www.linkedin.com\\\/company\\\/schweizertierschutzsts\\\/\"],\"description\":\"Der Schweizer Tierschutz STS ist der Dachverband von 71 Tierschutzorganisationen in allen Sprachregionen der Schweiz und in Liechtenstein. Seine Mitarbeitenden leisten wissenschaftlich fundierte Grundlagenarbeit, setzen sich mit Projekten und Aktionen f\u00fcr den Schutz und das Wohlbefinden von Heim-, Wild-, Nutz- und Versuchstieren ein und sensibilisieren die \u00d6ffentlichkeit f\u00fcr Tierschutzthemen.\",\"email\":\"sts@tierschutz.com\",\"telephone\":\"061 365 99 99\",\"legalName\":\"Schweizer Tierschutz STS\"}]}<\/script>\n<!-- \/ Yoast SEO Premium plugin. -->","yoast_head_json":{"title":"Le riforme - Protezione Svizzera degli Animali PSA","description":"Una panoramica sulle riforme previste per il STS. Dal processo della strategia 2025 all'elezione del nuovo presidente.","robots":{"index":"index","follow":"follow","max-snippet":"max-snippet:-1","max-image-preview":"max-image-preview:large","max-video-preview":"max-video-preview:-1"},"canonical":"https:\/\/tierschutz.com\/it\/le-riforme\/","og_locale":"it_IT","og_type":"article","og_title":"Le riforme","og_description":"Una panoramica sulle riforme previste per il STS. Dal processo della strategia 2025 all'elezione del nuovo presidente.","og_url":"https:\/\/tierschutz.com\/it\/le-riforme\/","og_site_name":"Protezione Svizzera degli Animali PSA","article_publisher":"https:\/\/www.facebook.com\/schweizertierschutz\/","article_modified_time":"2025-04-15T10:07:26+00:00","og_image":[{"width":2560,"height":1707,"url":"https:\/\/mail.protezione-animali-psa.ch\/app\/uploads\/2023\/05\/schweizer-tierschutz-heimtierhaltung-scaled.jpg","type":"image\/jpeg"}],"twitter_card":"summary_large_image","twitter_misc":{"Tempo di lettura stimato":"6 minuti"},"schema":{"@context":"https:\/\/schema.org","@graph":[{"@type":"WebPage","@id":"https:\/\/tierschutz.com\/it\/le-riforme\/","url":"https:\/\/tierschutz.com\/it\/le-riforme\/","name":"Le riforme - Protezione Svizzera degli Animali PSA","isPartOf":{"@id":"https:\/\/tierschutz.com\/it\/#website"},"primaryImageOfPage":{"@id":"https:\/\/tierschutz.com\/it\/le-riforme\/#primaryimage"},"image":{"@id":"https:\/\/tierschutz.com\/it\/le-riforme\/#primaryimage"},"thumbnailUrl":"https:\/\/tierschutz.com\/app\/uploads\/2023\/05\/schweizer-tierschutz-heimtierhaltung-scaled.jpg","datePublished":"2024-12-16T11:48:42+00:00","dateModified":"2025-04-15T10:07:26+00:00","description":"Una panoramica sulle riforme previste per il STS. Dal processo della strategia 2025 all'elezione del nuovo presidente.","breadcrumb":{"@id":"https:\/\/tierschutz.com\/it\/le-riforme\/#breadcrumb"},"inLanguage":"it-IT","potentialAction":[{"@type":"ReadAction","target":["https:\/\/tierschutz.com\/it\/le-riforme\/"]}]},{"@type":"ImageObject","inLanguage":"it-IT","@id":"https:\/\/tierschutz.com\/it\/le-riforme\/#primaryimage","url":"https:\/\/tierschutz.com\/app\/uploads\/2023\/05\/schweizer-tierschutz-heimtierhaltung-scaled.jpg","contentUrl":"https:\/\/tierschutz.com\/app\/uploads\/2023\/05\/schweizer-tierschutz-heimtierhaltung-scaled.jpg","width":2560,"height":1707,"caption":"Happy young man sitting with his puppy on a sofa at home."},{"@type":"BreadcrumbList","@id":"https:\/\/tierschutz.com\/it\/le-riforme\/#breadcrumb","itemListElement":[{"@type":"ListItem","position":1,"name":"Pagina iniziale","item":"https:\/\/tierschutz.com\/it\/"},{"@type":"ListItem","position":2,"name":"Le riforme"}]},{"@type":"WebSite","@id":"https:\/\/tierschutz.com\/it\/#website","url":"https:\/\/tierschutz.com\/it\/","name":"tierschutz.com","description":"Wir setzen uns f\u00fcr das Wohl der Tiere ein.","publisher":{"@id":"https:\/\/tierschutz.com\/it\/#organization"},"alternateName":"Schweizer Tierschutz STS","potentialAction":[{"@type":"SearchAction","target":{"@type":"EntryPoint","urlTemplate":"https:\/\/tierschutz.com\/it\/?s={search_term_string}"},"query-input":{"@type":"PropertyValueSpecification","valueRequired":true,"valueName":"search_term_string"}}],"inLanguage":"it-IT"},{"@type":"Organization","@id":"https:\/\/tierschutz.com\/it\/#organization","name":"Schweizer Tierschutz STS","alternateName":"STS","url":"https:\/\/tierschutz.com\/it\/","logo":{"@type":"ImageObject","inLanguage":"it-IT","@id":"https:\/\/tierschutz.com\/it\/#\/schema\/logo\/image\/","url":"https:\/\/tierschutz.com\/app\/uploads\/2024\/04\/logo-schweizer-tierschutz-sts-1.svg","contentUrl":"https:\/\/tierschutz.com\/app\/uploads\/2024\/04\/logo-schweizer-tierschutz-sts-1.svg","caption":"Schweizer Tierschutz STS"},"image":{"@id":"https:\/\/tierschutz.com\/it\/#\/schema\/logo\/image\/"},"sameAs":["https:\/\/www.facebook.com\/schweizertierschutz\/","https:\/\/www.instagram.com\/schweizertierschutzsts\/","https:\/\/www.youtube.com\/@STS_Tierschutz","https:\/\/www.linkedin.com\/company\/schweizertierschutzsts\/"],"description":"Der Schweizer Tierschutz STS ist der Dachverband von 71 Tierschutzorganisationen in allen Sprachregionen der Schweiz und in Liechtenstein. Seine Mitarbeitenden leisten wissenschaftlich fundierte Grundlagenarbeit, setzen sich mit Projekten und Aktionen f\u00fcr den Schutz und das Wohlbefinden von Heim-, Wild-, Nutz- und Versuchstieren ein und sensibilisieren die \u00d6ffentlichkeit f\u00fcr Tierschutzthemen.","email":"sts@tierschutz.com","telephone":"061 365 99 99","legalName":"Schweizer Tierschutz STS"}]}},"_links":{"self":[{"href":"https:\/\/tierschutz.com\/it\/wp-json\/wp\/v2\/pages\/29509","targetHints":{"allow":["GET"]}}],"collection":[{"href":"https:\/\/tierschutz.com\/it\/wp-json\/wp\/v2\/pages"}],"about":[{"href":"https:\/\/tierschutz.com\/it\/wp-json\/wp\/v2\/types\/page"}],"author":[{"embeddable":true,"href":"https:\/\/tierschutz.com\/it\/wp-json\/wp\/v2\/users\/5"}],"replies":[{"embeddable":true,"href":"https:\/\/tierschutz.com\/it\/wp-json\/wp\/v2\/comments?post=29509"}],"version-history":[{"count":16,"href":"https:\/\/tierschutz.com\/it\/wp-json\/wp\/v2\/pages\/29509\/revisions"}],"predecessor-version":[{"id":30898,"href":"https:\/\/tierschutz.com\/it\/wp-json\/wp\/v2\/pages\/29509\/revisions\/30898"}],"wp:featuredmedia":[{"embeddable":true,"href":"https:\/\/tierschutz.com\/it\/wp-json\/wp\/v2\/media\/642"}],"wp:attachment":[{"href":"https:\/\/tierschutz.com\/it\/wp-json\/wp\/v2\/media?parent=29509"}],"curies":[{"name":"wp","href":"https:\/\/api.w.org\/{rel}","templated":true}]}}