{"id":35530,"date":"2023-05-04T15:04:59","date_gmt":"2023-05-04T13:04:59","guid":{"rendered":"https:\/\/tierschutz.com\/protezione-degli-animali\/temi\/protezione-degli-animali-e-animali-da-reddito\/"},"modified":"2026-01-08T10:20:46","modified_gmt":"2026-01-08T09:20:46","slug":"protezione-degli-animali-e-animali-da-reddito","status":"publish","type":"page","link":"https:\/\/tierschutz.com\/it\/protezione-degli-animali\/temi\/protezione-degli-animali-e-animali-da-reddito\/","title":{"rendered":"Protezione degli animali e animali da reddito"},"content":{"rendered":"\n<div class=\"wp-block-cover alignfull is-light\" style=\"min-height:430px;aspect-ratio:unset;\"><img loading=\"lazy\" decoding=\"async\" width=\"1416\" height=\"910\" class=\"wp-block-cover__image-background wp-image-1606\" alt=\"Einen graue T\u00fcre mit Gittern wodurch eine braun weisse Kuh hinausschaut\" src=\"https:\/\/tierschutz.com\/app\/uploads\/2023\/05\/STS-Nutztiere-Kuh.jpg\" data-object-fit=\"cover\" srcset=\"https:\/\/tierschutz.com\/app\/uploads\/2023\/05\/STS-Nutztiere-Kuh.jpg 1416w, https:\/\/tierschutz.com\/app\/uploads\/2023\/05\/STS-Nutztiere-Kuh-300x193.jpg 300w, https:\/\/tierschutz.com\/app\/uploads\/2023\/05\/STS-Nutztiere-Kuh-1024x658.jpg 1024w, https:\/\/tierschutz.com\/app\/uploads\/2023\/05\/STS-Nutztiere-Kuh-768x494.jpg 768w\" sizes=\"auto, (max-width: 1416px) 100vw, 1416px\" \/><span aria-hidden=\"true\" class=\"wp-block-cover__background has-foreground-background-color has-background-dim-20 has-background-dim\"><\/span><div class=\"wp-block-cover__inner-container is-layout-flow wp-block-cover-is-layout-flow\">\n<h2 class=\"wp-block-heading has-text-align-center has-background-color has-text-color\" id=\"h-protezione-degli-animali-e-animali-da-reddito\">Protezione degli animali e animali da reddito<\/h2>\n<\/div><\/div>\n\n\n\n<div class=\"wp-block-group alignfull anchor-bar has-lightgray-background-color has-background is-layout-constrained wp-block-group-is-layout-constrained\">\n<div class=\"wp-block-group is-content-justification-center is-layout-flex wp-container-core-group-is-layout-b02886af wp-block-group-is-layout-flex\">\n<p class=\"has-large-font-size\"><strong><a href=\"#nutztiere\">Protezione degli animali da reddito<\/a><\/strong><\/p>\n<\/div>\n<\/div>\n\n\n\n<div class=\"wp-block-group alignfull has-background-background-color has-background is-layout-constrained wp-block-group-is-layout-constrained\" id=\"nutztiere\"><div class=\"yoast-breadcrumbs\"><span><span><a href=\"https:\/\/tierschutz.com\/it\/\">Pagina iniziale<\/a><\/span> \u00bb <span><a href=\"https:\/\/tierschutz.com\/it\/protezione-degli-animali\/\">Protezione degli animali<\/a><\/span> \u00bb <span><a href=\"https:\/\/tierschutz.com\/it\/protezione-degli-animali\/temi\/\">Temi<\/a><\/span> \u00bb <span class=\"breadcrumb_last\" aria-current=\"page\">Protezione degli animali e animali da reddito<\/span><\/span><\/div>\n\n\n<h1 class=\"wp-block-heading has-text-align-center\" id=\"h-protezione-degli-animali-da-reddito\"><strong>Protezione degli animali da reddito<\/strong><\/h1>\n\n\n\n<hr class=\"wp-block-separator has-text-color has-primary-color has-alpha-channel-opacity has-primary-background-color has-background\"\/>\n\n\n\n<h3 class=\"wp-block-heading has-text-align-center\" id=\"h-progresso-e-limiti-nella-legge-sulla-protezione-degli-animali\">Progresso e limiti nella legge sulla protezione degli animali<\/h3>\n\n\n\n<p class=\"has-text-align-center\">Rispetto ad altri Paesi, la Svizzera ha una legge sulla protezione degli animali all\u2019avanguardia. Questo aspetto viene spesso e volentieri sottolineato dagli agricoltori. Ad esempio, sono vietati diversi interventi sugli animali o l\u2019allevamento in gabbia di galline. Anche i programmi statali per il benessere degli animali SSRA (sistemi di stabulazione particolarmente rispettosi degli animali) e URA (uscita regolare all\u2019aperto), che premiano le prestazioni supplementari per il benessere degli animali con contributi finanziari, sono molto apprezzati da numerosi agricoltori. Questi incentivi vanno senz\u2019altro nella giusta direzione. <\/p>\n\n\n\n<h3 class=\"wp-block-heading has-text-align-center\" id=\"h-sfide-nell-allevamento-di-animali-da-reddito\">Sfide nell\u2019allevamento di animali da reddito<\/h3>\n\n\n\n<p class=\"has-text-align-center\">La partecipazione al programma URA risulta tuttavia in parte cos\u00ec elevata solo perch\u00e9 ci sono ancora molte aziende di allevamento di bovini con stabulazione fissa. Nei sistemi di stabulazione rispettosi degli animali, inoltre, viene utilizzato tale metodo di detenzione, a seconda della specie, soltanto per il 60% degli animali. A grandi linee, quindi, quasi la met\u00e0 degli animali da reddito in Svizzera vive ancora secondo i requisiti minimi dell\u2019Ordinanza sulla protezione degli animali. Per la PSA questo \u00e8 il limite minimo assoluto contro il <a href=\"https:\/\/tierschutz.com\/it\/protezione-degli-animali\/emergenze-per-gli-animali\/segnalazione-di-maltrattamenti-degli-animali\/\">maltrattamento di animali<\/a>!<\/p>\n\n\n\n<h3 class=\"wp-block-heading has-text-align-center\" id=\"h-irregolarita-nell-ingrasso-nel-trasporto-e-nella-macellazione\">Irregolarit\u00e0 nell\u2019ingrasso, nel trasporto e nella macellazione<\/h3>\n\n\n\n<p class=\"has-text-align-center\">C\u2019\u00e8 quindi ancora molto margine di miglioramento nella protezione degli animali da reddito in Svizzera. Ad esempio, non \u00e8 ancora vietata la detenzione di <a href=\"https:\/\/tierschutz.com\/it\/detenzione-di-animali\/detenzione-di-animali-da-reddito\/maiali\/\">maiali<\/a> e <a href=\"https:\/\/tierschutz.com\/it\/detenzione-di-animali\/detenzione-di-animali-da-reddito\/bovini\/\">bovini<\/a> su terreni senza lettiera e con luce diurna minima. Molti animali non hanno per tutta la vita alcuna libert\u00e0 di movimento all\u2019aria aperta. Anche nei settori del trasporto di animali e della macellazione, a causa della struttura frammentata dell\u2019organizzazione svizzera, si registrano cifre sommerse molto elevate per quanto riguarda il rispetto delle leggi. <\/p>\n\n\n\n<h3 class=\"wp-block-heading has-text-align-center\" id=\"h-successi-e-controlli-della-psa\">Successi e controlli della PSA<\/h3>\n\n\n\n<p class=\"has-text-align-center\">Con il suo lavoro nei settori della detenzione degli animali, del trasporto di animali e della macellazione, la PSA ha gi\u00e0 conseguito molto per il benessere degli animali da reddito. Ci\u00f2 \u00e8 stato raggiunto tramite <a href=\"https:\/\/tierschutz.com\/it\/detenzione-di-animali\/controlli-sulla-protezione-degli-animali\/ufficio-specialistico\/\">controlli<\/a> indipendenti nell\u2019ambito del diritto privato nel caso dei marchi meritevoli di promozione, <a href=\"https:\/\/tierschutz.com\/it\/detenzione-di-animali\/controlli-sulla-protezione-degli-animali\/ufficio-specialistico\/\">controlli<\/a> analoghi dei trasporti di animali e di una parte dei macelli svizzeri, nonch\u00e9 mediante una coerente attivit\u00e0 di lobbying a livello politico.<\/p>\n\n\n\n<h3 class=\"wp-block-heading has-text-align-center\" id=\"h-modi-per-migliorare-il-benessere-degli-animali\">Modi per migliorare il benessere degli animali<\/h3>\n\n\n\n<p class=\"has-text-align-center\">Per migliorare ulteriormente il benessere degli animali in Svizzera, la PSA punta sull\u2019educazione dei consumatori, sulla <a href=\"https:\/\/tierschutz.com\/it\/chi-siamo\/consulenza\/\">consulenza<\/a> delle parti coinvolte, sulla promozione dei marchi rispettosi degli animali dalla detenzione fino alla macellazione, nonch\u00e9 sull\u2019influenza a livello <a href=\"https:\/\/tierschutz.com\/it\/protezione-degli-animali\/politica\/\">politico<\/a>, per quanto riguarda la revisione di leggi e ordinanze.<\/p>\n\n\n\n<div class=\"wp-block-group is-style-default is-content-justification-center is-nowrap is-layout-flex wp-container-core-group-is-layout-23441af8 wp-block-group-is-layout-flex\"><div class=\"wp-block-file-wrapper is-pdf\" data-filetype=\"PDF\" data-size=\"658 KB\">\n<div class=\"wp-block-file aligncenter\"><a id=\"wp-block-file--media-1f0f1957-22fc-4122-9f15-5847f4436929\" href=\"https:\/\/tierschutz.com\/app\/uploads\/2023\/11\/STS_position_herdenschutz_de.pdf\">Documento programmatico PSA Protezione delle greggi<\/a><a href=\"https:\/\/tierschutz.com\/app\/uploads\/2023\/11\/STS_position_herdenschutz_de.pdf\" class=\"wp-block-file__button wp-element-button\" download aria-describedby=\"wp-block-file--media-1f0f1957-22fc-4122-9f15-5847f4436929\">Scaricare<\/a><\/div>\n<\/div><\/div>\n<\/div>\n\n\n\n<div class=\"wp-block-columns is-layout-flex wp-container-core-columns-is-layout-28f84493 wp-block-columns-is-layout-flex\">\n<div class=\"wp-block-column is-layout-flow wp-block-column-is-layout-flow\">\n<div class=\"wp-block-media-text alignwide is-stacked-on-mobile is-style-stacked-shadow\"><figure class=\"wp-block-media-text__media\"><a href=\"https:\/\/tierschutz.com\/it\/detenzione-di-animali\/detenzione-di-animali-da-reddito\/\"><img loading=\"lazy\" decoding=\"async\" width=\"1024\" height=\"658\" src=\"https:\/\/tierschutz.com\/app\/uploads\/2023\/05\/STS-Nutztierhaltung-1024x658.jpg\" alt=\"Drei braune K\u00fche auf einer Wiese vor einem verschwommenen Hintergrund wobei ein Wald zu erkennen ist\" class=\"wp-image-2018 size-full\" srcset=\"https:\/\/tierschutz.com\/app\/uploads\/2023\/05\/STS-Nutztierhaltung-1024x658.jpg 1024w, https:\/\/tierschutz.com\/app\/uploads\/2023\/05\/STS-Nutztierhaltung-300x193.jpg 300w, https:\/\/tierschutz.com\/app\/uploads\/2023\/05\/STS-Nutztierhaltung-768x494.jpg 768w, https:\/\/tierschutz.com\/app\/uploads\/2023\/05\/STS-Nutztierhaltung.jpg 1416w\" sizes=\"auto, (max-width: 1024px) 100vw, 1024px\" \/><\/a><\/figure><div class=\"wp-block-media-text__content\">\n<h3 class=\"wp-block-heading\" id=\"h-detenzione-di-animali-da-reddito\"><strong><strong><strong>Detenzione di animali da reddito<\/strong><\/strong><\/strong><\/h3>\n\n\n\n<p>Scoprite di pi\u00f9 sulla detenzione rispettosa di <a href=\"https:\/\/tierschutz.com\/it\/detenzione-di-animali\/detenzione-di-animali-da-reddito\/bovini\/\">bovini<\/a>, <a href=\"https:\/\/tierschutz.com\/it\/detenzione-di-animali\/detenzione-di-animali-da-reddito\/maiali\/\">maiali<\/a> e <a href=\"https:\/\/tierschutz.com\/it\/detenzione-di-animali\/detenzione-di-animali-da-reddito\/pollame\/\">pollame<\/a>. Quali sono le esigenze individuali di queste specie animali e quali requisiti devono essere soddisfatti? Informatevi qui.<\/p>\n\n\n\n<div class=\"wp-block-buttons is-layout-flex wp-block-buttons-is-layout-flex\">\n<div class=\"wp-block-button\"><a class=\"wp-block-button__link wp-element-button\" href=\"https:\/\/tierschutz.com\/it\/detenzione-di-animali\/detenzione-di-animali-da-reddito\/\">Maggiori informazioni<\/a><\/div>\n<\/div>\n<\/div><\/div>\n<\/div>\n\n\n\n<div class=\"wp-block-column is-layout-flow wp-block-column-is-layout-flow\">\n<div class=\"wp-block-media-text alignwide is-stacked-on-mobile is-style-stacked-shadow\"><figure class=\"wp-block-media-text__media\"><a href=\"https:\/\/tierschutz.com\/it\/detenzione-di-animali\/controlli-sulla-protezione-degli-animali\/ufficio-specialistico\/\"><img loading=\"lazy\" decoding=\"async\" width=\"1024\" height=\"658\" src=\"https:\/\/tierschutz.com\/app\/uploads\/2023\/05\/STS-Tierschutzkontrolle-1024x658.jpg\" alt=\"Mehrere braun-weisse K\u00fche aneinander gereiht die durch eine Metallkette zusammen befestigt wurden und alle in unsere Richtung blicken\" class=\"wp-image-1928 size-full\" srcset=\"https:\/\/tierschutz.com\/app\/uploads\/2023\/05\/STS-Tierschutzkontrolle-1024x658.jpg 1024w, https:\/\/tierschutz.com\/app\/uploads\/2023\/05\/STS-Tierschutzkontrolle-300x193.jpg 300w, https:\/\/tierschutz.com\/app\/uploads\/2023\/05\/STS-Tierschutzkontrolle-768x494.jpg 768w, https:\/\/tierschutz.com\/app\/uploads\/2023\/05\/STS-Tierschutzkontrolle.jpg 1416w\" sizes=\"auto, (max-width: 1024px) 100vw, 1024px\" \/><\/a><\/figure><div class=\"wp-block-media-text__content\">\n<h3 class=\"wp-block-heading\" id=\"h-controlli-sulla-protezione-degli-animali\"><strong><strong>Controlli sulla protezione degli animali<\/strong><\/strong><\/h3>\n\n\n\n<p>L\u2019Ufficio specialistico Controllo della protezione degli animali della Protezione Svizzera degli Animali PSA riceve segnalazioni sulle condizioni di detenzione e sui <a href=\"https:\/\/tierschutz.com\/it\/protezione-degli-animali\/emergenze-per-gli-animali\/segnalazione-di-maltrattamenti-degli-animali\/\">maltrattamenti degli animali<\/a>, integrando cos\u00ec l\u2019attivit\u00e0 di ispezione delle sue sezioni nel campo della protezione degli animali.<\/p>\n\n\n\n<div class=\"wp-block-buttons is-layout-flex wp-block-buttons-is-layout-flex\">\n<div class=\"wp-block-button\"><a class=\"wp-block-button__link wp-element-button\" href=\"https:\/\/tierschutz.com\/it\/detenzione-di-animali\/controlli-sulla-protezione-degli-animali\/ufficio-specialistico\/\">Maggiori informazioni<\/a><\/div>\n<\/div>\n<\/div><\/div>\n<\/div>\n<\/div>\n\n\n\n<div style=\"height:100px\" aria-hidden=\"true\" class=\"wp-block-spacer\"><\/div>\n\n\n\n<div class=\"wp-block-cover alignfull has-custom-content-position is-position-bottom-left\"><span aria-hidden=\"true\" class=\"wp-block-cover__background has-background-dim-0 has-background-dim\"><\/span><img loading=\"lazy\" decoding=\"async\" width=\"2560\" height=\"1696\" class=\"wp-block-cover__image-background wp-image-441\" alt=\"\" src=\"https:\/\/tierschutz.com\/app\/uploads\/2023\/05\/schweizer-tierschutz-online-spende-scaled.jpg\" style=\"object-position:57% 41%\" data-object-fit=\"cover\" data-object-position=\"57% 41%\" srcset=\"https:\/\/tierschutz.com\/app\/uploads\/2023\/05\/schweizer-tierschutz-online-spende-scaled.jpg 2560w, https:\/\/tierschutz.com\/app\/uploads\/2023\/05\/schweizer-tierschutz-online-spende-300x199.jpg 300w, https:\/\/tierschutz.com\/app\/uploads\/2023\/05\/schweizer-tierschutz-online-spende-1024x678.jpg 1024w, https:\/\/tierschutz.com\/app\/uploads\/2023\/05\/schweizer-tierschutz-online-spende-768x509.jpg 768w, https:\/\/tierschutz.com\/app\/uploads\/2023\/05\/schweizer-tierschutz-online-spende-1536x1017.jpg 1536w, https:\/\/tierschutz.com\/app\/uploads\/2023\/05\/schweizer-tierschutz-online-spende-2048x1356.jpg 2048w\" sizes=\"auto, (max-width: 2560px) 100vw, 2560px\" \/><div class=\"wp-block-cover__inner-container is-layout-flow wp-block-cover-is-layout-flow\">\n<div class=\"wp-block-group is-style-shadow-box has-foreground-color has-background-background-color has-text-color has-background is-layout-constrained wp-block-group-is-layout-constrained\">\n<h3 class=\"wp-block-heading\"><strong><strong><strong><strong>Sosteneteci per aiutare gli animali&nbsp;<\/strong><\/strong><\/strong><\/strong><\/h3>\n\n\n\n<p>Aiutateci ad aiutare gli animali. Con le vostre donazioni, lavoriamo con costanza e ostinazione per migliorare in modo tangibile le condizioni degli animali bisognosi. Gli uffici specialistici e di consulenza della Protezione Svizzera degli Animali PSA nonch\u00e9 le sue sezioni si impegnano in modo efficace per il benessere gli animali. \u00c8 una promessa!<\/p>\n\n\n\n<p>La PSA \u00e8 riconosciuta come ente di utilit\u00e0 pubblica. Potete quindi presentare la vostra donazione come detrazione nella dichiarazione dei redditi.<\/p>\n\n\n\n<div class=\"wp-block-buttons is-layout-flex wp-block-buttons-is-layout-flex\">\n<div class=\"wp-block-button\"><a class=\"wp-block-button__link wp-element-button\" href=\"https:\/\/tierschutz.com\/it\/protezione-degli-animali\/donazioni\/donare\/\">Donare ora<\/a><\/div>\n<\/div>\n<\/div>\n<\/div><\/div>\n\n\n\n<div class=\"wp-block-group has-background-background-color has-background is-layout-constrained wp-block-group-is-layout-constrained\">\n<h2 class=\"wp-block-heading has-text-align-center\" id=\"h-faq-domande-frequenti-sulla-protezione-degli-animali-da-reddito\"><strong>FAQ: domande frequenti sulla protezione degli animali da reddito<\/strong><\/h2>\n\n\n\n<hr class=\"wp-block-separator has-text-color has-primary-color has-alpha-channel-opacity has-primary-background-color has-background\"\/>\n\n\n\n<div class=\"wp-block-columns is-style-accordion is-layout-flex wp-container-core-columns-is-layout-28f84493 wp-block-columns-is-layout-flex\">\n<div class=\"wp-block-column is-layout-flow wp-block-column-is-layout-flow\">\n<h3 class=\"wp-block-heading\" id=\"h-quali-sono-i-problemi-nella-detenzione-di-animali-da-reddito-in-svizzera\"><strong><strong>Quali sono i problemi nella detenzione di animali da reddito in Svizzera?<\/strong><\/strong><\/h3>\n<\/div>\n\n\n\n<div class=\"wp-block-column is-layout-flow wp-block-column-is-layout-flow\">\n<p>Nonostante programmi come SSRA e URA, molti animali vivono ancora solo secondo gli standard minimi dell\u2019Ordinanza sulla protezione degli animali. In particolare nell\u2019<a href=\"https:\/\/tierschutz.com\/it\/detenzione-di-animali\/controlli-sulla-protezione-degli-animali\/ufficio-specialistico\/\">allevamento di maiali e bovini da ingrasso<\/a> si riscontrano carenze riguardo a spazio, lettiera e luce diurna.<\/p>\n<\/div>\n<\/div>\n\n\n\n<div class=\"wp-block-columns is-style-accordion is-layout-flex wp-container-core-columns-is-layout-28f84493 wp-block-columns-is-layout-flex\">\n<div class=\"wp-block-column is-layout-flow wp-block-column-is-layout-flow\">\n<h3 class=\"wp-block-heading\" id=\"h-perche-il-trasporto-di-animali-e-un-tema-importante-per-la-protezione-degli-animali\"><strong><strong><strong>Perch\u00e9 il trasporto di animali \u00e8 un tema importante per la protezione degli animali?<\/strong><\/strong><\/strong><\/h3>\n<\/div>\n\n\n\n<div class=\"wp-block-column is-layout-flow wp-block-column-is-layout-flow\">\n<p>Nei <strong>trasporti di animali in Svizzera<\/strong> si verificano ripetutamente violazioni delle norme. La PSA effettua controlli indipendenti per garantire il rispetto delle regole e ridurre la sofferenza degli animali. Anche l\u2019<a href=\"https:\/\/tierschutz.com\/it\/detenzione-di-animali\/controlli-sulla-protezione-degli-animali\/ufficio-specialistico\/\">Ufficio specialistico Controllo della protezione degli animali<\/a> svolge un ruolo centrale.<\/p>\n<\/div>\n<\/div>\n\n\n\n<div class=\"wp-block-columns is-style-accordion is-layout-flex wp-container-core-columns-is-layout-28f84493 wp-block-columns-is-layout-flex\">\n<div class=\"wp-block-column is-layout-flow wp-block-column-is-layout-flow\">\n<h3 class=\"wp-block-heading\" id=\"h-quali-sono-le-sfide-legate-alla-macellazione\"><strong><strong><strong>Quali sono le sfide legate alla macellazione?<\/strong><\/strong><\/strong><\/h3>\n<\/div>\n\n\n\n<div class=\"wp-block-column is-layout-flow wp-block-column-is-layout-flow\">\n<p>I <strong>problemi legati al benessere degli animali durante la macellazione<\/strong> vanno da uno stordimento insufficiente alla mancanza di controlli. La PSA controlla macelli selezionati e si impegna a livello politico per standard pi\u00f9 severi.<\/p>\n<\/div>\n<\/div>\n\n\n\n<div class=\"wp-block-columns is-style-accordion is-layout-flex wp-container-core-columns-is-layout-28f84493 wp-block-columns-is-layout-flex\">\n<div class=\"wp-block-column is-layout-flow wp-block-column-is-layout-flow\">\n<h3 class=\"wp-block-heading\" id=\"h-in-che-modo-la-psa-sostiene-un-agricoltura-rispettosa-degli-animali\"><strong><strong><strong>In che modo la PSA sostiene un\u2019agricoltura rispettosa degli animali?<\/strong><\/strong><\/strong><\/h3>\n<\/div>\n\n\n\n<div class=\"wp-block-column is-layout-flow wp-block-column-is-layout-flow\">\n<p>La PSA promuove i <strong>marchi rispettosi degli animali per l\u2019allevamento di animali da reddito<\/strong>, accompagna i produttori nell\u2019attuazione e informa le consumatrici e i consumatori sulla loro importanza. In questo modo le decisioni di acquisto possono migliorare direttamente il benessere degli animali.<\/p>\n<\/div>\n<\/div>\n<\/div>\n\n\n\n<script type=\"application\/ld+json\">{  \"@context\": \"https:\/\/schema.org\",  \"@type\": \"FAQPage\",  \"mainEntity\": [{    \"@type\": \"Question\",    \"name\": \"Quali sono i problemi con la detenzione di animali da reddito in Svizzera?\",   \"acceptedAnswer\": {      \"@type\": \"Answer\",      \"text\": \"Nonostante programmi come SSRA e URA, molti animali vivono ancora soltanto secondo gli standard minimi dell\u2019Ordinanza sulla protezione degli animali. Soprattutto nell\u2019allevamento di suini e bovini da ingrasso si riscontrano carenze in termini di spazio, lettiera e luce diurna.\"    }  },{    \"@type\": \"Question\",    \"name\": \"Perch\u00e9 il trasporto di animali \u00e8 un tema importante per la protezione degli animali?\",   \"acceptedAnswer\": {      \"@type\": \"Answer\",      \"text\": \"Nel trasporto di animali in Svizzera si verificano ripetutamente violazioni delle norme. La PSA effettua controlli indipendenti per garantire il rispetto delle regole e ridurre la sofferenza degli animali. Anche l\u2019Ufficio specialistico Controllo della protezione degli animali svolge un ruolo centrale.\"    }  },{    \"@type\": \"Question\",    \"name\": \"Quali sono le sfide legate alla macellazione?\",   \"acceptedAnswer\": {      \"@type\": \"Answer\",      \"text\": \"I problemi legati al benessere degli animali durante la macellazione vanno dallo stordimento insufficiente alla mancanza di controlli. La PSA controlla macelli selezionati e si impegna a livello politico per standard pi\u00f9 severi.\"    }  },{    \"@type\": \"Question\",    \"name\": \"In che modo la PSA sostiene un\u2019agricoltura rispettosa degli animali?\",   \"acceptedAnswer\": {      \"@type\": \"Answer\",      \"text\": \"La PSA promuove marchi per l\u2019allevamento di animali da reddito rispettosi degli animali, accompagna i produttori nell\u2019attuazione e informa le consumatrici e i consumatori sulla loro importanza. In questo modo le decisioni di acquisto possono migliorare direttamente il benessere degli animali.\"    }  }]}<\/script>\n","protected":false},"excerpt":{"rendered":"<p>Protezione degli animali da reddito Protezione degli animali da reddito Progresso e limiti nella legge sulla protezione degli animali Rispetto [&hellip;]<\/p>\n","protected":false},"author":5,"featured_media":0,"parent":6282,"menu_order":384,"comment_status":"closed","ping_status":"closed","template":"","meta":{"_acf_changed":false,"inline_featured_image":false,"_vp_format_video_url":"","_vp_image_focal_point":[],"footnotes":""},"class_list":["post-35530","page","type-page","status-publish","hentry"],"acf":[],"yoast_head":"<!-- This site is optimized with the Yoast SEO Premium plugin v27.4 (Yoast SEO v27.4) - https:\/\/yoast.com\/product\/yoast-seo-premium-wordpress\/ -->\n<title>Protezione degli animali e animali da reddito - Protezione Svizzera degli Animali PSA<\/title>\n<meta name=\"description\" content=\"Protezione degli animali da reddito: rispetto ad altri Paesi, la Svizzera ha una legge sulla protezione degli animali da reddito all\u2019avanguardia.\" \/>\n<meta name=\"robots\" content=\"index, follow, max-snippet:-1, max-image-preview:large, max-video-preview:-1\" \/>\n<link rel=\"canonical\" href=\"https:\/\/tierschutz.com\/it\/protezione-degli-animali\/temi\/protezione-degli-animali-e-animali-da-reddito\/\" \/>\n<meta property=\"og:locale\" content=\"it_IT\" \/>\n<meta property=\"og:type\" content=\"article\" \/>\n<meta property=\"og:title\" content=\"Protezione degli animali e animali da reddito\" \/>\n<meta property=\"og:description\" content=\"Protezione degli animali da reddito: rispetto ad altri Paesi, la Svizzera ha una legge sulla protezione degli animali da reddito all\u2019avanguardia.\" \/>\n<meta property=\"og:url\" content=\"https:\/\/tierschutz.com\/it\/protezione-degli-animali\/temi\/protezione-degli-animali-e-animali-da-reddito\/\" \/>\n<meta property=\"og:site_name\" content=\"Protezione Svizzera degli Animali PSA\" \/>\n<meta property=\"article:publisher\" content=\"https:\/\/www.facebook.com\/schweizertierschutz\/\" \/>\n<meta property=\"article:modified_time\" content=\"2026-01-08T09:20:46+00:00\" \/>\n<meta property=\"og:image\" content=\"https:\/\/tierschutz.com\/app\/uploads\/2023\/05\/STS-Nutztiere-Kuh.jpg\" \/>\n<meta name=\"twitter:card\" content=\"summary_large_image\" \/>\n<meta name=\"twitter:label1\" content=\"Tempo di lettura stimato\" \/>\n\t<meta name=\"twitter:data1\" content=\"6 minuti\" \/>\n<script type=\"application\/ld+json\" class=\"yoast-schema-graph\">{\"@context\":\"https:\\\/\\\/schema.org\",\"@graph\":[{\"@type\":\"WebPage\",\"@id\":\"https:\\\/\\\/tierschutz.com\\\/it\\\/protezione-degli-animali\\\/temi\\\/protezione-degli-animali-e-animali-da-reddito\\\/\",\"url\":\"https:\\\/\\\/tierschutz.com\\\/it\\\/protezione-degli-animali\\\/temi\\\/protezione-degli-animali-e-animali-da-reddito\\\/\",\"name\":\"Protezione degli animali e animali da reddito - Protezione Svizzera degli Animali PSA\",\"isPartOf\":{\"@id\":\"https:\\\/\\\/tierschutz.com\\\/it\\\/#website\"},\"primaryImageOfPage\":{\"@id\":\"https:\\\/\\\/tierschutz.com\\\/it\\\/protezione-degli-animali\\\/temi\\\/protezione-degli-animali-e-animali-da-reddito\\\/#primaryimage\"},\"image\":{\"@id\":\"https:\\\/\\\/tierschutz.com\\\/it\\\/protezione-degli-animali\\\/temi\\\/protezione-degli-animali-e-animali-da-reddito\\\/#primaryimage\"},\"thumbnailUrl\":\"https:\\\/\\\/tierschutz.com\\\/app\\\/uploads\\\/2023\\\/05\\\/STS-Nutztiere-Kuh.jpg\",\"datePublished\":\"2023-05-04T13:04:59+00:00\",\"dateModified\":\"2026-01-08T09:20:46+00:00\",\"description\":\"Protezione degli animali da reddito: rispetto ad altri Paesi, la Svizzera ha una legge sulla protezione degli animali da reddito all\u2019avanguardia.\",\"breadcrumb\":{\"@id\":\"https:\\\/\\\/tierschutz.com\\\/it\\\/protezione-degli-animali\\\/temi\\\/protezione-degli-animali-e-animali-da-reddito\\\/#breadcrumb\"},\"inLanguage\":\"it-IT\",\"potentialAction\":[{\"@type\":\"ReadAction\",\"target\":[\"https:\\\/\\\/tierschutz.com\\\/it\\\/protezione-degli-animali\\\/temi\\\/protezione-degli-animali-e-animali-da-reddito\\\/\"]}]},{\"@type\":\"ImageObject\",\"inLanguage\":\"it-IT\",\"@id\":\"https:\\\/\\\/tierschutz.com\\\/it\\\/protezione-degli-animali\\\/temi\\\/protezione-degli-animali-e-animali-da-reddito\\\/#primaryimage\",\"url\":\"https:\\\/\\\/tierschutz.com\\\/app\\\/uploads\\\/2023\\\/05\\\/STS-Nutztiere-Kuh.jpg\",\"contentUrl\":\"https:\\\/\\\/tierschutz.com\\\/app\\\/uploads\\\/2023\\\/05\\\/STS-Nutztiere-Kuh.jpg\"},{\"@type\":\"BreadcrumbList\",\"@id\":\"https:\\\/\\\/tierschutz.com\\\/it\\\/protezione-degli-animali\\\/temi\\\/protezione-degli-animali-e-animali-da-reddito\\\/#breadcrumb\",\"itemListElement\":[{\"@type\":\"ListItem\",\"position\":1,\"name\":\"Pagina iniziale\",\"item\":\"https:\\\/\\\/tierschutz.com\\\/it\\\/\"},{\"@type\":\"ListItem\",\"position\":2,\"name\":\"Protezione degli animali\",\"item\":\"https:\\\/\\\/tierschutz.com\\\/it\\\/protezione-degli-animali\\\/\"},{\"@type\":\"ListItem\",\"position\":3,\"name\":\"Temi\",\"item\":\"https:\\\/\\\/tierschutz.com\\\/it\\\/protezione-degli-animali\\\/temi\\\/\"},{\"@type\":\"ListItem\",\"position\":4,\"name\":\"Protezione degli animali e animali da reddito\"}]},{\"@type\":\"WebSite\",\"@id\":\"https:\\\/\\\/tierschutz.com\\\/it\\\/#website\",\"url\":\"https:\\\/\\\/tierschutz.com\\\/it\\\/\",\"name\":\"tierschutz.com\",\"description\":\"Wir setzen uns f\u00fcr das Wohl der Tiere ein.\",\"publisher\":{\"@id\":\"https:\\\/\\\/tierschutz.com\\\/it\\\/#organization\"},\"alternateName\":\"Schweizer Tierschutz STS\",\"potentialAction\":[{\"@type\":\"SearchAction\",\"target\":{\"@type\":\"EntryPoint\",\"urlTemplate\":\"https:\\\/\\\/tierschutz.com\\\/it\\\/?s={search_term_string}\"},\"query-input\":{\"@type\":\"PropertyValueSpecification\",\"valueRequired\":true,\"valueName\":\"search_term_string\"}}],\"inLanguage\":\"it-IT\"},{\"@type\":\"Organization\",\"@id\":\"https:\\\/\\\/tierschutz.com\\\/it\\\/#organization\",\"name\":\"Schweizer Tierschutz STS\",\"alternateName\":\"STS\",\"url\":\"https:\\\/\\\/tierschutz.com\\\/it\\\/\",\"logo\":{\"@type\":\"ImageObject\",\"inLanguage\":\"it-IT\",\"@id\":\"https:\\\/\\\/tierschutz.com\\\/it\\\/#\\\/schema\\\/logo\\\/image\\\/\",\"url\":\"https:\\\/\\\/tierschutz.com\\\/app\\\/uploads\\\/2024\\\/04\\\/logo-schweizer-tierschutz-sts-1.svg\",\"contentUrl\":\"https:\\\/\\\/tierschutz.com\\\/app\\\/uploads\\\/2024\\\/04\\\/logo-schweizer-tierschutz-sts-1.svg\",\"caption\":\"Schweizer Tierschutz STS\"},\"image\":{\"@id\":\"https:\\\/\\\/tierschutz.com\\\/it\\\/#\\\/schema\\\/logo\\\/image\\\/\"},\"sameAs\":[\"https:\\\/\\\/www.facebook.com\\\/schweizertierschutz\\\/\",\"https:\\\/\\\/www.instagram.com\\\/schweizertierschutzsts\\\/\",\"https:\\\/\\\/www.youtube.com\\\/@STS_Tierschutz\",\"https:\\\/\\\/www.linkedin.com\\\/company\\\/schweizertierschutzsts\\\/\"],\"description\":\"Der Schweizer Tierschutz STS ist der Dachverband von 71 Tierschutzorganisationen in allen Sprachregionen der Schweiz und in Liechtenstein. Seine Mitarbeitenden leisten wissenschaftlich fundierte Grundlagenarbeit, setzen sich mit Projekten und Aktionen f\u00fcr den Schutz und das Wohlbefinden von Heim-, Wild-, Nutz- und Versuchstieren ein und sensibilisieren die \u00d6ffentlichkeit f\u00fcr Tierschutzthemen.\",\"email\":\"sts@tierschutz.com\",\"telephone\":\"061 365 99 99\",\"legalName\":\"Schweizer Tierschutz STS\"}]}<\/script>\n<!-- \/ Yoast SEO Premium plugin. -->","yoast_head_json":{"title":"Protezione degli animali e animali da reddito - Protezione Svizzera degli Animali PSA","description":"Protezione degli animali da reddito: rispetto ad altri Paesi, la Svizzera ha una legge sulla protezione degli animali da reddito all\u2019avanguardia.","robots":{"index":"index","follow":"follow","max-snippet":"max-snippet:-1","max-image-preview":"max-image-preview:large","max-video-preview":"max-video-preview:-1"},"canonical":"https:\/\/tierschutz.com\/it\/protezione-degli-animali\/temi\/protezione-degli-animali-e-animali-da-reddito\/","og_locale":"it_IT","og_type":"article","og_title":"Protezione degli animali e animali da reddito","og_description":"Protezione degli animali da reddito: rispetto ad altri Paesi, la Svizzera ha una legge sulla protezione degli animali da reddito all\u2019avanguardia.","og_url":"https:\/\/tierschutz.com\/it\/protezione-degli-animali\/temi\/protezione-degli-animali-e-animali-da-reddito\/","og_site_name":"Protezione Svizzera degli Animali PSA","article_publisher":"https:\/\/www.facebook.com\/schweizertierschutz\/","article_modified_time":"2026-01-08T09:20:46+00:00","og_image":[{"url":"https:\/\/tierschutz.com\/app\/uploads\/2023\/05\/STS-Nutztiere-Kuh.jpg","type":"","width":"","height":""}],"twitter_card":"summary_large_image","twitter_misc":{"Tempo di lettura stimato":"6 minuti"},"schema":{"@context":"https:\/\/schema.org","@graph":[{"@type":"WebPage","@id":"https:\/\/tierschutz.com\/it\/protezione-degli-animali\/temi\/protezione-degli-animali-e-animali-da-reddito\/","url":"https:\/\/tierschutz.com\/it\/protezione-degli-animali\/temi\/protezione-degli-animali-e-animali-da-reddito\/","name":"Protezione degli animali e animali da reddito - Protezione Svizzera degli Animali PSA","isPartOf":{"@id":"https:\/\/tierschutz.com\/it\/#website"},"primaryImageOfPage":{"@id":"https:\/\/tierschutz.com\/it\/protezione-degli-animali\/temi\/protezione-degli-animali-e-animali-da-reddito\/#primaryimage"},"image":{"@id":"https:\/\/tierschutz.com\/it\/protezione-degli-animali\/temi\/protezione-degli-animali-e-animali-da-reddito\/#primaryimage"},"thumbnailUrl":"https:\/\/tierschutz.com\/app\/uploads\/2023\/05\/STS-Nutztiere-Kuh.jpg","datePublished":"2023-05-04T13:04:59+00:00","dateModified":"2026-01-08T09:20:46+00:00","description":"Protezione degli animali da reddito: rispetto ad altri Paesi, la Svizzera ha una legge sulla protezione degli animali da reddito all\u2019avanguardia.","breadcrumb":{"@id":"https:\/\/tierschutz.com\/it\/protezione-degli-animali\/temi\/protezione-degli-animali-e-animali-da-reddito\/#breadcrumb"},"inLanguage":"it-IT","potentialAction":[{"@type":"ReadAction","target":["https:\/\/tierschutz.com\/it\/protezione-degli-animali\/temi\/protezione-degli-animali-e-animali-da-reddito\/"]}]},{"@type":"ImageObject","inLanguage":"it-IT","@id":"https:\/\/tierschutz.com\/it\/protezione-degli-animali\/temi\/protezione-degli-animali-e-animali-da-reddito\/#primaryimage","url":"https:\/\/tierschutz.com\/app\/uploads\/2023\/05\/STS-Nutztiere-Kuh.jpg","contentUrl":"https:\/\/tierschutz.com\/app\/uploads\/2023\/05\/STS-Nutztiere-Kuh.jpg"},{"@type":"BreadcrumbList","@id":"https:\/\/tierschutz.com\/it\/protezione-degli-animali\/temi\/protezione-degli-animali-e-animali-da-reddito\/#breadcrumb","itemListElement":[{"@type":"ListItem","position":1,"name":"Pagina iniziale","item":"https:\/\/tierschutz.com\/it\/"},{"@type":"ListItem","position":2,"name":"Protezione degli animali","item":"https:\/\/tierschutz.com\/it\/protezione-degli-animali\/"},{"@type":"ListItem","position":3,"name":"Temi","item":"https:\/\/tierschutz.com\/it\/protezione-degli-animali\/temi\/"},{"@type":"ListItem","position":4,"name":"Protezione degli animali e animali da reddito"}]},{"@type":"WebSite","@id":"https:\/\/tierschutz.com\/it\/#website","url":"https:\/\/tierschutz.com\/it\/","name":"tierschutz.com","description":"Wir setzen uns f\u00fcr das Wohl der Tiere ein.","publisher":{"@id":"https:\/\/tierschutz.com\/it\/#organization"},"alternateName":"Schweizer Tierschutz STS","potentialAction":[{"@type":"SearchAction","target":{"@type":"EntryPoint","urlTemplate":"https:\/\/tierschutz.com\/it\/?s={search_term_string}"},"query-input":{"@type":"PropertyValueSpecification","valueRequired":true,"valueName":"search_term_string"}}],"inLanguage":"it-IT"},{"@type":"Organization","@id":"https:\/\/tierschutz.com\/it\/#organization","name":"Schweizer Tierschutz STS","alternateName":"STS","url":"https:\/\/tierschutz.com\/it\/","logo":{"@type":"ImageObject","inLanguage":"it-IT","@id":"https:\/\/tierschutz.com\/it\/#\/schema\/logo\/image\/","url":"https:\/\/tierschutz.com\/app\/uploads\/2024\/04\/logo-schweizer-tierschutz-sts-1.svg","contentUrl":"https:\/\/tierschutz.com\/app\/uploads\/2024\/04\/logo-schweizer-tierschutz-sts-1.svg","caption":"Schweizer Tierschutz STS"},"image":{"@id":"https:\/\/tierschutz.com\/it\/#\/schema\/logo\/image\/"},"sameAs":["https:\/\/www.facebook.com\/schweizertierschutz\/","https:\/\/www.instagram.com\/schweizertierschutzsts\/","https:\/\/www.youtube.com\/@STS_Tierschutz","https:\/\/www.linkedin.com\/company\/schweizertierschutzsts\/"],"description":"Der Schweizer Tierschutz STS ist der Dachverband von 71 Tierschutzorganisationen in allen Sprachregionen der Schweiz und in Liechtenstein. Seine Mitarbeitenden leisten wissenschaftlich fundierte Grundlagenarbeit, setzen sich mit Projekten und Aktionen f\u00fcr den Schutz und das Wohlbefinden von Heim-, Wild-, Nutz- und Versuchstieren ein und sensibilisieren die \u00d6ffentlichkeit f\u00fcr Tierschutzthemen.","email":"sts@tierschutz.com","telephone":"061 365 99 99","legalName":"Schweizer Tierschutz STS"}]}},"_links":{"self":[{"href":"https:\/\/tierschutz.com\/it\/wp-json\/wp\/v2\/pages\/35530","targetHints":{"allow":["GET"]}}],"collection":[{"href":"https:\/\/tierschutz.com\/it\/wp-json\/wp\/v2\/pages"}],"about":[{"href":"https:\/\/tierschutz.com\/it\/wp-json\/wp\/v2\/types\/page"}],"author":[{"embeddable":true,"href":"https:\/\/tierschutz.com\/it\/wp-json\/wp\/v2\/users\/5"}],"replies":[{"embeddable":true,"href":"https:\/\/tierschutz.com\/it\/wp-json\/wp\/v2\/comments?post=35530"}],"version-history":[{"count":3,"href":"https:\/\/tierschutz.com\/it\/wp-json\/wp\/v2\/pages\/35530\/revisions"}],"predecessor-version":[{"id":35558,"href":"https:\/\/tierschutz.com\/it\/wp-json\/wp\/v2\/pages\/35530\/revisions\/35558"}],"up":[{"embeddable":true,"href":"https:\/\/tierschutz.com\/it\/wp-json\/wp\/v2\/pages\/6282"}],"wp:attachment":[{"href":"https:\/\/tierschutz.com\/it\/wp-json\/wp\/v2\/media?parent=35530"}],"curies":[{"name":"wp","href":"https:\/\/api.w.org\/{rel}","templated":true}]}}